{"id":76241,"date":"2024-01-25T23:04:52","date_gmt":"2024-01-25T23:04:52","guid":{"rendered":"https:\/\/ecofab.pt\/?page_id=76241"},"modified":"2024-10-08T10:04:44","modified_gmt":"2024-10-08T10:04:44","slug":"nachrichten","status":"publish","type":"page","link":"https:\/\/ecofab.pt\/de\/nachrichten\/","title":{"rendered":"Nachrichten"},"content":{"rendered":"<div data-elementor-type=\"wp-page\" data-elementor-id=\"76241\" class=\"elementor elementor-76241\" data-elementor-post-type=\"page\">\n\t\t\t\t\t\t<section class=\"elementor-section elementor-top-section elementor-element elementor-element-b4be9b7 elementor-section-content-middle elementor-section-height-min-height elementor-section-items-bottom elementor-section-boxed elementor-section-height-default\" data-id=\"b4be9b7\" data-element_type=\"section\" data-e-type=\"section\" data-settings=\"{&quot;background_background&quot;:&quot;classic&quot;}\">\n\t\t\t\t\t\t\t<div class=\"elementor-background-overlay\"><\/div>\n\t\t\t\t\t\t\t<div class=\"elementor-container elementor-column-gap-default\">\n\t\t\t\t\t<div class=\"elementor-column elementor-col-100 elementor-top-column elementor-element elementor-element-3c0d5e7 animated-slow elementor-invisible\" data-fullscreen-column-settings=\"{&quot;fullscreen&quot;:&quot;&quot;}\" data-id=\"3c0d5e7\" data-element_type=\"column\" data-e-type=\"column\" data-settings=\"{&quot;animation&quot;:&quot;fadeIn&quot;,&quot;animation_delay&quot;:100}\">\n\t\t\t<div class=\"elementor-widget-wrap elementor-element-populated\">\n\t\t\t\t\t\t<div class=\"elementor-element elementor-element-f9f9520 elementor-widget-mobile__width-initial elementor-widget elementor-widget-litho-heading\" data-id=\"f9f9520\" data-element_type=\"widget\" data-e-type=\"widget\" data-widget_type=\"litho-heading.default\">\n\t\t\t\t<div class=\"elementor-widget-container\">\n\t\t\t\t\t<h1 class=\"litho-heading elementor-size-xl\"><span class=\"litho-primary-title\">Nachrichten<\/span><\/h1>\t\t\t\t<\/div>\n\t\t\t\t<\/div>\n\t\t\t\t<div class=\"elementor-element elementor-element-6fb949b elementor-widget-mobile__width-initial elementor-widget elementor-widget-litho-heading\" data-id=\"6fb949b\" data-element_type=\"widget\" data-e-type=\"widget\" data-widget_type=\"litho-heading.default\">\n\t\t\t\t<div class=\"elementor-widget-container\">\n\t\t\t\t\t<h2 class=\"litho-heading elementor-size-large\"><span class=\"litho-primary-title\">Informationen aus dem ECOFAB-Universum<\/span><\/h2>\t\t\t\t<\/div>\n\t\t\t\t<\/div>\n\t\t\t\t\t<\/div>\n\t\t<\/div>\n\t\t\t\t\t<\/div>\n\t\t<\/section>\n\t\t\t\t<section class=\"elementor-section elementor-top-section elementor-element elementor-element-cdd4ac2 elementor-section-boxed elementor-section-height-default elementor-section-height-default\" data-id=\"cdd4ac2\" data-element_type=\"section\" data-e-type=\"section\" data-settings=\"{&quot;background_background&quot;:&quot;classic&quot;}\">\n\t\t\t\t\t\t<div class=\"elementor-container elementor-column-gap-default\">\n\t\t\t\t\t<div class=\"elementor-column elementor-col-100 elementor-top-column elementor-element elementor-element-e4794e8\" data-fullscreen-column-settings=\"{&quot;fullscreen&quot;:&quot;&quot;}\" data-id=\"e4794e8\" data-element_type=\"column\" data-e-type=\"column\">\n\t\t\t<div class=\"elementor-widget-wrap elementor-element-populated\">\n\t\t\t\t\t\t<div class=\"elementor-element elementor-element-abb8cfd elementor-widget elementor-widget-text-editor\" data-id=\"abb8cfd\" data-element_type=\"widget\" data-e-type=\"widget\" data-widget_type=\"text-editor.default\">\n\t\t\t\t<div class=\"elementor-widget-container\">\n\t\t\t\t\t\t\t\t\t<p><strong>Entdecken Sie das ECOFAB-Universum in einem Bereich, der der Innovation und Effizienz von Heizungsl\u00f6sungen gewidmet ist. Informieren Sie sich \u00fcber die Pr\u00e4senz von ECOFAB auf nationalen und internationalen Messen, neue Produkteinf\u00fchrungen und praktische Tipps zum Heizen Ihres Hauses.\u00a0<\/strong><\/p>\t\t\t\t\t\t\t\t<\/div>\n\t\t\t\t<\/div>\n\t\t\t\t<div class=\"elementor-element elementor-element-32a0253 elementor-widget elementor-widget-litho-blog-list\" data-id=\"32a0253\" data-element_type=\"widget\" data-e-type=\"widget\" data-settings=\"{&quot;litho_blog_style&quot;:&quot;blog-standard&quot;}\" data-widget_type=\"litho-blog-list.default\">\n\t\t\t\t<div class=\"elementor-widget-container\">\n\t\t\t\t\t<ul class=\"blog-grid-filter nav nav-tabs\"><li class=\"nav active\">\n\t\t\t\t\t\t\t<a href=\"javascript:void(0);\" data-filter=\"*\">Alle<\/a>\n\t\t\t\t\t\t<\/li><li class=\"nav\">\n\t\t\t\t\t\t\t<a href=\"javascript:void(0);\" data-filter=\".blog-filter-86\">Nachhaltigkeit<\/a>\n\t\t\t\t\t\t<\/li><li class=\"nav\">\n\t\t\t\t\t\t\t<a href=\"javascript:void(0);\" data-filter=\".blog-filter-16\">Messen und Veranstaltungen<\/a>\n\t\t\t\t\t\t<\/li><li class=\"nav\">\n\t\t\t\t\t\t\t<a href=\"javascript:void(0);\" data-filter=\".blog-filter-3\">Ausr\u00fcstung<\/a>\n\t\t\t\t\t\t<\/li><li class=\"nav\">\n\t\t\t\t\t\t\t<a href=\"javascript:void(0);\" data-filter=\".blog-filter-1\">Heizung<\/a>\n\t\t\t\t\t\t<\/li><\/ul>\n\t\t\t\t\t\t\t<ul data-uniqueid=\"litho-blog-1\" class=\"grid litho-blog-list litho-blog-1 blog-standard grid-3col md-grid-2col sm-grid-1col litho-grid-no-order blog-grid grid-masonry\" data-blog-settings=\"{&quot;pagination_type&quot;:&quot;&quot;}\">\n\t\t\t\t\t\t\t\t\t\t\t\t\t\t\t\t\t<li class=\"grid-sizer d-none p-0 m-0\"><\/li>\n\t\t\t\t\t\t\t\t\t\t\t\t\t\t\t\t\t\t\t\t\t<li class=\"grid-item grid-gutter blog-filter-3 post-78819 post type-post status-publish format-standard has-post-thumbnail hentry category-equipamentos tag-ecofab tag-salamandras-a-pellets\">\n\t\t\t\t\t\t\t\t\t\t<div class=\"blog-post\">\n\t\t\t\t\t\t\t\t\t\t\t\t\t\t\t\t\t\t\t\t\t\t\t\t<div class=\"blog-post-images\">\n\t\t\t\t\t\t\t\t\t\t\t\t\t<a href=\"https:\/\/ecofab.pt\/de\/2025\/05\/merkmale-die-bei-der-auswahl-eines-pelletofens-zu-beachten-sind\/\"><img fetchpriority=\"high\" decoding=\"async\" width=\"1280\" height=\"720\" src=\"https:\/\/ecofab.pt\/wp-content\/uploads\/2025\/05\/ecofab3.png\" class=\"attachment-full size-full wp-post-image\" alt=\"\" srcset=\"https:\/\/ecofab.pt\/wp-content\/uploads\/2025\/05\/ecofab3.png 1280w, https:\/\/ecofab.pt\/wp-content\/uploads\/2025\/05\/ecofab3-300x169.png 300w, https:\/\/ecofab.pt\/wp-content\/uploads\/2025\/05\/ecofab3-1024x576.png 1024w, https:\/\/ecofab.pt\/wp-content\/uploads\/2025\/05\/ecofab3-768x432.png 768w, https:\/\/ecofab.pt\/wp-content\/uploads\/2025\/05\/ecofab3-18x10.png 18w, https:\/\/ecofab.pt\/wp-content\/uploads\/2025\/05\/ecofab3-200x113.png 200w\" sizes=\"(max-width: 1280px) 100vw, 1280px\" \/><\/a>\t\t\t\t\t\t\t\t\t\t\t\t\t<\/div>\n\t\t\t\t\t\t\t\t\t\t\t\t\t\t\t\t\t\t\t\t\t\t\t\t<div class=\"post-details\">\n\t\t\t\t\t\t\t\t\t\t\t\t\t\t\t\t\t\t\t\t\t\t\t\t\t\t\t<div class=\"post-meta\">\n\t\t\t\t\t\t\t\t\t\t\t\t\t\t\t<span class=\"post-date published\">5, Mai 2025<\/span><time class=\"updated d-none\" datetime=\"2025-06-01T16:04:49+00:00\">1, Juni 2025<\/time>\t\t\t\t\t\t\t\t\t\t\t\t\t\t<\/div>\n\t\t\t\t\t\t\t\t\t\t\t\t\t\t\t\t\t\t\t\t\t\t\t\t\t\t\t\t\t\t\t\t\t\t\t\t\t\t\t\t<h6><a class=\"entry-title\" href=\"https:\/\/ecofab.pt\/de\/2025\/05\/merkmale-die-bei-der-auswahl-eines-pelletofens-zu-beachten-sind\/\">Merkmale, die beim Kauf eines Pelletofens zu beachten sind<\/a><\/h6>\n\t\t\t\t\t\t\t\t\t\t\t\t\t\t\t\t\t\t\t\t\t\t\t\t\t\t\t\t\t\t\t\t\t\t\t\t\t\t\t\t<div class=\"entry-content\">Ao selecionar uma salamandra a pellets, especialmente da gama ECOFAB constru\u00edda em ferro fundido, \u00e9 fundamental considerar um conjunto de caracter\u00edsticas t\u00e9cnicas, funcionais e de efici\u00eancia que garantem o melhor desempenho,...<\/div>\n\t\t\t\t\t\t\t\t\t\t\t\t\t\t\t\t\t\t\t\t\t\t\t\t\t\t\t\t\t\t\t\t\t\t\t\t\t\t\t\t\t<div class=\"elementor-button-wrapper\">\n\t\t\t\t\t\t\t\t\t\t\t\t\t\t\t<a href=\"https:\/\/ecofab.pt\/de\/2025\/05\/merkmale-die-bei-der-auswahl-eines-pelletofens-zu-beachten-sind\/\" class=\"elementor-button-link elementor-button blog-post-button\" role=\"button\">\n\t\t\t\t\t\t\t\t\t\t\t\t\t\t\t\t<span class=\"elementor-button-content-wrapper\">\n\t\t\t\t\t\t\t\t\t\t\t\t\t\t\t\t\t<span class=\"elementor-button-text\">Mehr lesen<\/span>\n\t\t\t\t\t\t\t\t\t\t\t\t\t\t\t\t<\/span>\n\t\t\t\t\t\t\t\t\t\t\t\t\t\t\t<\/a>\n\t\t\t\t\t\t\t\t\t\t\t\t\t\t<\/div>\n\t\t\t\t\t\t\t\t\t\t\t\t\t\t\t\t\t\t\t\t\t\t\t\t\t<\/div>\n\t\t\t\t\t\t\t\t\t\t\t\t\t\t\t\t\t\t\t\t\t\t<\/div>\n\t\t\t\t\t\t\t\t\t<\/li>\n\t\t\t\t\t\t\t\t\t\t\t\t\t\t\t\t\t\t<li class=\"grid-item grid-gutter blog-filter-3 blog-filter-86 post-78780 post type-post status-publish format-standard has-post-thumbnail hentry category-equipamentos category-sustentabilidade tag-ecofab tag-salamandras-a-pellets\">\n\t\t\t\t\t\t\t\t\t\t<div class=\"blog-post\">\n\t\t\t\t\t\t\t\t\t\t\t\t\t\t\t\t\t\t\t\t\t\t\t\t<div class=\"blog-post-images\">\n\t\t\t\t\t\t\t\t\t\t\t\t\t<a href=\"https:\/\/ecofab.pt\/de\/2025\/04\/effizienz-von-biomasseheizungen-nachhaltigkeit-und-energieeinsparung\/\"><img decoding=\"async\" width=\"1980\" height=\"1487\" src=\"https:\/\/ecofab.pt\/wp-content\/uploads\/2024\/05\/ECOFAB_isaac-2.0-ambiente.png\" class=\"attachment-full size-full wp-post-image\" alt=\"ECOFAB, Pellet\u00f6fen, ECOFAB Pellet\u00f6fen, Pelletofen,\" srcset=\"https:\/\/ecofab.pt\/wp-content\/uploads\/2024\/05\/ECOFAB_isaac-2.0-ambiente.png 1980w, https:\/\/ecofab.pt\/wp-content\/uploads\/2024\/05\/ECOFAB_isaac-2.0-ambiente-300x225.png 300w, https:\/\/ecofab.pt\/wp-content\/uploads\/2024\/05\/ECOFAB_isaac-2.0-ambiente-1024x769.png 1024w, https:\/\/ecofab.pt\/wp-content\/uploads\/2024\/05\/ECOFAB_isaac-2.0-ambiente-768x577.png 768w, https:\/\/ecofab.pt\/wp-content\/uploads\/2024\/05\/ECOFAB_isaac-2.0-ambiente-1536x1154.png 1536w, https:\/\/ecofab.pt\/wp-content\/uploads\/2024\/05\/ECOFAB_isaac-2.0-ambiente-16x12.png 16w, https:\/\/ecofab.pt\/wp-content\/uploads\/2024\/05\/ECOFAB_isaac-2.0-ambiente-200x150.png 200w, https:\/\/ecofab.pt\/wp-content\/uploads\/2024\/05\/ECOFAB_isaac-2.0-ambiente-1568x1178.png 1568w\" sizes=\"(max-width: 1980px) 100vw, 1980px\" \/><\/a>\t\t\t\t\t\t\t\t\t\t\t\t\t<\/div>\n\t\t\t\t\t\t\t\t\t\t\t\t\t\t\t\t\t\t\t\t\t\t\t\t<div class=\"post-details\">\n\t\t\t\t\t\t\t\t\t\t\t\t\t\t\t\t\t\t\t\t\t\t\t\t\t\t\t<div class=\"post-meta\">\n\t\t\t\t\t\t\t\t\t\t\t\t\t\t\t<span class=\"post-date published\">19, April 2025<\/span><time class=\"updated d-none\" datetime=\"2025-05-11T13:36:09+00:00\">11, Mai 2025<\/time>\t\t\t\t\t\t\t\t\t\t\t\t\t\t<\/div>\n\t\t\t\t\t\t\t\t\t\t\t\t\t\t\t\t\t\t\t\t\t\t\t\t\t\t\t\t\t\t\t\t\t\t\t\t\t\t\t\t<h6><a class=\"entry-title\" href=\"https:\/\/ecofab.pt\/de\/2025\/04\/effizienz-von-biomasseheizungen-nachhaltigkeit-und-energieeinsparung\/\">Heizen mit Biomasse: Effizienz, Nachhaltigkeit und Energieeinsparungen<\/a><\/h6>\n\t\t\t\t\t\t\t\t\t\t\t\t\t\t\t\t\t\t\t\t\t\t\t\t\t\t\t\t\t\t\t\t\t\t\t\t\t\t\t\t<div class=\"entry-content\">A ECOFAB marca presen\u00e7a na Formland Primavera 2025, um dos eventos de refer\u00eancia nos pa\u00edses n\u00f3rdicos para a ind\u00fastria de design e interiores.<\/div>\n\t\t\t\t\t\t\t\t\t\t\t\t\t\t\t\t\t\t\t\t\t\t\t\t\t\t\t\t\t\t\t\t\t\t\t\t\t\t\t\t\t<div class=\"elementor-button-wrapper\">\n\t\t\t\t\t\t\t\t\t\t\t\t\t\t\t<a href=\"https:\/\/ecofab.pt\/de\/2025\/04\/effizienz-von-biomasseheizungen-nachhaltigkeit-und-energieeinsparung\/\" class=\"elementor-button-link elementor-button blog-post-button\" role=\"button\">\n\t\t\t\t\t\t\t\t\t\t\t\t\t\t\t\t<span class=\"elementor-button-content-wrapper\">\n\t\t\t\t\t\t\t\t\t\t\t\t\t\t\t\t\t<span class=\"elementor-button-text\">Mehr lesen<\/span>\n\t\t\t\t\t\t\t\t\t\t\t\t\t\t\t\t<\/span>\n\t\t\t\t\t\t\t\t\t\t\t\t\t\t\t<\/a>\n\t\t\t\t\t\t\t\t\t\t\t\t\t\t<\/div>\n\t\t\t\t\t\t\t\t\t\t\t\t\t\t\t\t\t\t\t\t\t\t\t\t\t<\/div>\n\t\t\t\t\t\t\t\t\t\t\t\t\t\t\t\t\t\t\t\t\t\t<\/div>\n\t\t\t\t\t\t\t\t\t<\/li>\n\t\t\t\t\t\t\t\t\t\t\t\t\t\t\t\t\t\t<li class=\"grid-item grid-gutter blog-filter-3 blog-filter-86 post-78785 post type-post status-publish format-standard has-post-thumbnail hentry category-equipamentos category-sustentabilidade tag-ecofab tag-salamandras-a-pellets\">\n\t\t\t\t\t\t\t\t\t\t<div class=\"blog-post\">\n\t\t\t\t\t\t\t\t\t\t\t\t\t\t\t\t\t\t\t\t\t\t\t\t<div class=\"blog-post-images\">\n\t\t\t\t\t\t\t\t\t\t\t\t\t<a href=\"https:\/\/ecofab.pt\/de\/2025\/03\/reducao-de-17-do-iva\/\"><img decoding=\"async\" width=\"1000\" height=\"750\" src=\"https:\/\/ecofab.pt\/wp-content\/uploads\/2024\/05\/Nelson-menu.png\" class=\"attachment-full size-full wp-post-image\" alt=\"Nelson, Pelletheizung Nelson, ECOFAB\" srcset=\"https:\/\/ecofab.pt\/wp-content\/uploads\/2024\/05\/Nelson-menu.png 1000w, https:\/\/ecofab.pt\/wp-content\/uploads\/2024\/05\/Nelson-menu-300x225.png 300w, https:\/\/ecofab.pt\/wp-content\/uploads\/2024\/05\/Nelson-menu-768x576.png 768w, https:\/\/ecofab.pt\/wp-content\/uploads\/2024\/05\/Nelson-menu-16x12.png 16w, https:\/\/ecofab.pt\/wp-content\/uploads\/2024\/05\/Nelson-menu-200x150.png 200w\" sizes=\"(max-width: 1000px) 100vw, 1000px\" \/><\/a>\t\t\t\t\t\t\t\t\t\t\t\t\t<\/div>\n\t\t\t\t\t\t\t\t\t\t\t\t\t\t\t\t\t\t\t\t\t\t\t\t<div class=\"post-details\">\n\t\t\t\t\t\t\t\t\t\t\t\t\t\t\t\t\t\t\t\t\t\t\t\t\t\t\t<div class=\"post-meta\">\n\t\t\t\t\t\t\t\t\t\t\t\t\t\t\t<span class=\"post-date published\">6. M\u00e4rz 2025<\/span><time class=\"updated d-none\" datetime=\"2025-03-19T15:25:20+00:00\">19, M\u00e4rz 2025<\/time>\t\t\t\t\t\t\t\t\t\t\t\t\t\t<\/div>\n\t\t\t\t\t\t\t\t\t\t\t\t\t\t\t\t\t\t\t\t\t\t\t\t\t\t\t\t\t\t\t\t\t\t\t\t\t\t\t\t<h6><a class=\"entry-title\" href=\"https:\/\/ecofab.pt\/de\/2025\/03\/reducao-de-17-do-iva\/\">Letzte Monate, um von der 17%-Mehrwertsteuererm\u00e4\u00dfigung f\u00fcr Biomasseanlagen zu profitieren<\/a><\/h6>\n\t\t\t\t\t\t\t\t\t\t\t\t\t\t\t\t\t\t\t\t\t\t\t\t\t\t\t\t\t\t\t\t\t\t\t\t\t\t\t\t<div class=\"entry-content\">A ECOFAB marca presen\u00e7a na Formland Primavera 2025, um dos eventos de refer\u00eancia nos pa\u00edses n\u00f3rdicos para a ind\u00fastria de design e interiores.<\/div>\n\t\t\t\t\t\t\t\t\t\t\t\t\t\t\t\t\t\t\t\t\t\t\t\t\t\t\t\t\t\t\t\t\t\t\t\t\t\t\t\t\t<div class=\"elementor-button-wrapper\">\n\t\t\t\t\t\t\t\t\t\t\t\t\t\t\t<a href=\"https:\/\/ecofab.pt\/de\/2025\/03\/reducao-de-17-do-iva\/\" class=\"elementor-button-link elementor-button blog-post-button\" role=\"button\">\n\t\t\t\t\t\t\t\t\t\t\t\t\t\t\t\t<span class=\"elementor-button-content-wrapper\">\n\t\t\t\t\t\t\t\t\t\t\t\t\t\t\t\t\t<span class=\"elementor-button-text\">Mehr lesen<\/span>\n\t\t\t\t\t\t\t\t\t\t\t\t\t\t\t\t<\/span>\n\t\t\t\t\t\t\t\t\t\t\t\t\t\t\t<\/a>\n\t\t\t\t\t\t\t\t\t\t\t\t\t\t<\/div>\n\t\t\t\t\t\t\t\t\t\t\t\t\t\t\t\t\t\t\t\t\t\t\t\t\t<\/div>\n\t\t\t\t\t\t\t\t\t\t\t\t\t\t\t\t\t\t\t\t\t\t<\/div>\n\t\t\t\t\t\t\t\t\t<\/li>\n\t\t\t\t\t\t\t\t\t\t\t\t\t\t\t\t\t\t<li class=\"grid-item grid-gutter blog-filter-3 blog-filter-86 post-78775 post type-post status-publish format-standard has-post-thumbnail hentry category-equipamentos category-sustentabilidade tag-ecofab tag-salamandras-a-pellets\">\n\t\t\t\t\t\t\t\t\t\t<div class=\"blog-post\">\n\t\t\t\t\t\t\t\t\t\t\t\t\t\t\t\t\t\t\t\t\t\t\t\t<div class=\"blog-post-images\">\n\t\t\t\t\t\t\t\t\t\t\t\t\t<a href=\"https:\/\/ecofab.pt\/de\/2025\/02\/intelligente-und-komfortable-heizung\/\"><img loading=\"lazy\" decoding=\"async\" width=\"1024\" height=\"683\" src=\"https:\/\/ecofab.pt\/wp-content\/uploads\/2024\/11\/sacos-de-pellets.jpeg\" class=\"attachment-full size-full wp-post-image\" alt=\"S\u00e4cke mit Pellets\" srcset=\"https:\/\/ecofab.pt\/wp-content\/uploads\/2024\/11\/sacos-de-pellets.jpeg 1024w, https:\/\/ecofab.pt\/wp-content\/uploads\/2024\/11\/sacos-de-pellets-300x200.jpeg 300w, https:\/\/ecofab.pt\/wp-content\/uploads\/2024\/11\/sacos-de-pellets-768x512.jpeg 768w, https:\/\/ecofab.pt\/wp-content\/uploads\/2024\/11\/sacos-de-pellets-18x12.jpeg 18w, https:\/\/ecofab.pt\/wp-content\/uploads\/2024\/11\/sacos-de-pellets-200x133.jpeg 200w\" sizes=\"(max-width: 1024px) 100vw, 1024px\" \/><\/a>\t\t\t\t\t\t\t\t\t\t\t\t\t<\/div>\n\t\t\t\t\t\t\t\t\t\t\t\t\t\t\t\t\t\t\t\t\t\t\t\t<div class=\"post-details\">\n\t\t\t\t\t\t\t\t\t\t\t\t\t\t\t\t\t\t\t\t\t\t\t\t\t\t\t<div class=\"post-meta\">\n\t\t\t\t\t\t\t\t\t\t\t\t\t\t\t<span class=\"post-date published\">7, Februar 2025<\/span><time class=\"updated d-none\" datetime=\"2025-03-19T15:28:54+00:00\">19, M\u00e4rz 2025<\/time>\t\t\t\t\t\t\t\t\t\t\t\t\t\t<\/div>\n\t\t\t\t\t\t\t\t\t\t\t\t\t\t\t\t\t\t\t\t\t\t\t\t\t\t\t\t\t\t\t\t\t\t\t\t\t\t\t\t<h6><a class=\"entry-title\" href=\"https:\/\/ecofab.pt\/de\/2025\/02\/intelligente-und-komfortable-heizung\/\">Intelligente und bequeme Heizung<\/a><\/h6>\n\t\t\t\t\t\t\t\t\t\t\t\t\t\t\t\t\t\t\t\t\t\t\t\t\t\t\t\t\t\t\t\t\t\t\t\t\t\t\t\t<div class=\"entry-content\">A ECOFAB marca presen\u00e7a na Formland Primavera 2025, um dos eventos de refer\u00eancia nos pa\u00edses n\u00f3rdicos para a ind\u00fastria de design e interiores.<\/div>\n\t\t\t\t\t\t\t\t\t\t\t\t\t\t\t\t\t\t\t\t\t\t\t\t\t\t\t\t\t\t\t\t\t\t\t\t\t\t\t\t\t<div class=\"elementor-button-wrapper\">\n\t\t\t\t\t\t\t\t\t\t\t\t\t\t\t<a href=\"https:\/\/ecofab.pt\/de\/2025\/02\/intelligente-und-komfortable-heizung\/\" class=\"elementor-button-link elementor-button blog-post-button\" role=\"button\">\n\t\t\t\t\t\t\t\t\t\t\t\t\t\t\t\t<span class=\"elementor-button-content-wrapper\">\n\t\t\t\t\t\t\t\t\t\t\t\t\t\t\t\t\t<span class=\"elementor-button-text\">Mehr lesen<\/span>\n\t\t\t\t\t\t\t\t\t\t\t\t\t\t\t\t<\/span>\n\t\t\t\t\t\t\t\t\t\t\t\t\t\t\t<\/a>\n\t\t\t\t\t\t\t\t\t\t\t\t\t\t<\/div>\n\t\t\t\t\t\t\t\t\t\t\t\t\t\t\t\t\t\t\t\t\t\t\t\t\t<\/div>\n\t\t\t\t\t\t\t\t\t\t\t\t\t\t\t\t\t\t\t\t\t\t<\/div>\n\t\t\t\t\t\t\t\t\t<\/li>\n\t\t\t\t\t\t\t\t\t\t\t\t\t\t\t\t\t\t<li class=\"grid-item grid-gutter blog-filter-3 post-78744 post type-post status-publish format-standard has-post-thumbnail hentry category-equipamentos tag-ecofab tag-salamandras-a-pellets\">\n\t\t\t\t\t\t\t\t\t\t<div class=\"blog-post\">\n\t\t\t\t\t\t\t\t\t\t\t\t\t\t\t\t\t\t\t\t\t\t\t\t<div class=\"blog-post-images\">\n\t\t\t\t\t\t\t\t\t\t\t\t\t<a href=\"https:\/\/ecofab.pt\/de\/2025\/01\/beitritt-zu-einer-marke-der-exzellenz\/\"><img loading=\"lazy\" decoding=\"async\" width=\"1000\" height=\"750\" src=\"https:\/\/ecofab.pt\/wp-content\/uploads\/2024\/01\/ECOFAB-NELSON-1.0-frente.jpg\" class=\"attachment-full size-full wp-post-image\" alt=\"ECOFAB, Heizungsl\u00f6sungen, Pellet\u00f6fen, Pellet\u00f6fen\" srcset=\"https:\/\/ecofab.pt\/wp-content\/uploads\/2024\/01\/ECOFAB-NELSON-1.0-frente.jpg 1000w, https:\/\/ecofab.pt\/wp-content\/uploads\/2024\/01\/ECOFAB-NELSON-1.0-frente-600x450.jpg 600w, https:\/\/ecofab.pt\/wp-content\/uploads\/2024\/01\/ECOFAB-NELSON-1.0-frente-300x225.jpg 300w, https:\/\/ecofab.pt\/wp-content\/uploads\/2024\/01\/ECOFAB-NELSON-1.0-frente-768x576.jpg 768w, https:\/\/ecofab.pt\/wp-content\/uploads\/2024\/01\/ECOFAB-NELSON-1.0-frente-200x150.jpg 200w\" sizes=\"(max-width: 1000px) 100vw, 1000px\" \/><\/a>\t\t\t\t\t\t\t\t\t\t\t\t\t<\/div>\n\t\t\t\t\t\t\t\t\t\t\t\t\t\t\t\t\t\t\t\t\t\t\t\t<div class=\"post-details\">\n\t\t\t\t\t\t\t\t\t\t\t\t\t\t\t\t\t\t\t\t\t\t\t\t\t\t\t<div class=\"post-meta\">\n\t\t\t\t\t\t\t\t\t\t\t\t\t\t\t<span class=\"post-date published\">5. Januar 2025<\/span><time class=\"updated d-none\" datetime=\"2025-03-19T15:31:26+00:00\">19, M\u00e4rz 2025<\/time>\t\t\t\t\t\t\t\t\t\t\t\t\t\t<\/div>\n\t\t\t\t\t\t\t\t\t\t\t\t\t\t\t\t\t\t\t\t\t\t\t\t\t\t\t\t\t\t\t\t\t\t\t\t\t\t\t\t<h6><a class=\"entry-title\" href=\"https:\/\/ecofab.pt\/de\/2025\/01\/beitritt-zu-einer-marke-der-exzellenz\/\">Werden Sie Vertriebspartner von ECOFAB International: Schlie\u00dfen Sie sich einer herausragenden Marke an<\/a><\/h6>\n\t\t\t\t\t\t\t\t\t\t\t\t\t\t\t\t\t\t\t\t\t\t\t\t\t\t\t\t\t\t\t\t\t\t\t\t\t\t\t\t<div class=\"entry-content\">A ECOFAB marca presen\u00e7a na Formland Primavera 2025, um dos eventos de refer\u00eancia nos pa\u00edses n\u00f3rdicos para a ind\u00fastria de design e interiores.<\/div>\n\t\t\t\t\t\t\t\t\t\t\t\t\t\t\t\t\t\t\t\t\t\t\t\t\t\t\t\t\t\t\t\t\t\t\t\t\t\t\t\t\t<div class=\"elementor-button-wrapper\">\n\t\t\t\t\t\t\t\t\t\t\t\t\t\t\t<a href=\"https:\/\/ecofab.pt\/de\/2025\/01\/beitritt-zu-einer-marke-der-exzellenz\/\" class=\"elementor-button-link elementor-button blog-post-button\" role=\"button\">\n\t\t\t\t\t\t\t\t\t\t\t\t\t\t\t\t<span class=\"elementor-button-content-wrapper\">\n\t\t\t\t\t\t\t\t\t\t\t\t\t\t\t\t\t<span class=\"elementor-button-text\">Mehr lesen<\/span>\n\t\t\t\t\t\t\t\t\t\t\t\t\t\t\t\t<\/span>\n\t\t\t\t\t\t\t\t\t\t\t\t\t\t\t<\/a>\n\t\t\t\t\t\t\t\t\t\t\t\t\t\t<\/div>\n\t\t\t\t\t\t\t\t\t\t\t\t\t\t\t\t\t\t\t\t\t\t\t\t\t<\/div>\n\t\t\t\t\t\t\t\t\t\t\t\t\t\t\t\t\t\t\t\t\t\t<\/div>\n\t\t\t\t\t\t\t\t\t<\/li>\n\t\t\t\t\t\t\t\t\t\t\t\t\t\t\t\t\t\t<li class=\"grid-item grid-gutter blog-filter-3 blog-filter-1 blog-filter-86 post-78770 post type-post status-publish format-standard has-post-thumbnail hentry category-equipamentos category-aquecimento category-sustentabilidade tag-ecofab tag-salamandras-a-pellets\">\n\t\t\t\t\t\t\t\t\t\t<div class=\"blog-post\">\n\t\t\t\t\t\t\t\t\t\t\t\t\t\t\t\t\t\t\t\t\t\t\t\t<div class=\"blog-post-images\">\n\t\t\t\t\t\t\t\t\t\t\t\t\t<a href=\"https:\/\/ecofab.pt\/de\/2024\/12\/intelligentes-und-nachhaltiges-heizen\/\"><img loading=\"lazy\" decoding=\"async\" width=\"1600\" height=\"1066\" src=\"https:\/\/ecofab.pt\/wp-content\/uploads\/2024\/02\/Aquecimento-pellets-MARIE.jpeg\" class=\"attachment-full size-full wp-post-image\" alt=\"ECOFAB, Heizungsl\u00f6sungen, Pellet\u00f6fen, Pellet\u00f6fen\" srcset=\"https:\/\/ecofab.pt\/wp-content\/uploads\/2024\/02\/Aquecimento-pellets-MARIE.jpeg 1600w, https:\/\/ecofab.pt\/wp-content\/uploads\/2024\/02\/Aquecimento-pellets-MARIE-300x200.jpeg 300w, https:\/\/ecofab.pt\/wp-content\/uploads\/2024\/02\/Aquecimento-pellets-MARIE-1024x682.jpeg 1024w, https:\/\/ecofab.pt\/wp-content\/uploads\/2024\/02\/Aquecimento-pellets-MARIE-768x512.jpeg 768w, https:\/\/ecofab.pt\/wp-content\/uploads\/2024\/02\/Aquecimento-pellets-MARIE-1536x1023.jpeg 1536w, https:\/\/ecofab.pt\/wp-content\/uploads\/2024\/02\/Aquecimento-pellets-MARIE-18x12.jpeg 18w, https:\/\/ecofab.pt\/wp-content\/uploads\/2024\/02\/Aquecimento-pellets-MARIE-200x133.jpeg 200w, https:\/\/ecofab.pt\/wp-content\/uploads\/2024\/02\/Aquecimento-pellets-MARIE-1568x1045.jpeg 1568w\" sizes=\"(max-width: 1600px) 100vw, 1600px\" \/><\/a>\t\t\t\t\t\t\t\t\t\t\t\t\t<\/div>\n\t\t\t\t\t\t\t\t\t\t\t\t\t\t\t\t\t\t\t\t\t\t\t\t<div class=\"post-details\">\n\t\t\t\t\t\t\t\t\t\t\t\t\t\t\t\t\t\t\t\t\t\t\t\t\t\t\t<div class=\"post-meta\">\n\t\t\t\t\t\t\t\t\t\t\t\t\t\t\t<span class=\"post-date published\">20, Dezember 2024<\/span><time class=\"updated d-none\" datetime=\"2025-03-19T15:23:47+00:00\">19, M\u00e4rz 2025<\/time>\t\t\t\t\t\t\t\t\t\t\t\t\t\t<\/div>\n\t\t\t\t\t\t\t\t\t\t\t\t\t\t\t\t\t\t\t\t\t\t\t\t\t\t\t\t\t\t\t\t\t\t\t\t\t\t\t\t<h6><a class=\"entry-title\" href=\"https:\/\/ecofab.pt\/de\/2024\/12\/intelligentes-und-nachhaltiges-heizen\/\">Intelligentes und nachhaltiges Heizen<\/a><\/h6>\n\t\t\t\t\t\t\t\t\t\t\t\t\t\t\t\t\t\t\t\t\t\t\t\t\t\t\t\t\t\t\t\t\t\t\t\t\t\t\t\t<div class=\"entry-content\">A ECOFAB marca presen\u00e7a na Formland Primavera 2025, um dos eventos de refer\u00eancia nos pa\u00edses n\u00f3rdicos para a ind\u00fastria de design e interiores.<\/div>\n\t\t\t\t\t\t\t\t\t\t\t\t\t\t\t\t\t\t\t\t\t\t\t\t\t\t\t\t\t\t\t\t\t\t\t\t\t\t\t\t\t<div class=\"elementor-button-wrapper\">\n\t\t\t\t\t\t\t\t\t\t\t\t\t\t\t<a href=\"https:\/\/ecofab.pt\/de\/2024\/12\/intelligentes-und-nachhaltiges-heizen\/\" class=\"elementor-button-link elementor-button blog-post-button\" role=\"button\">\n\t\t\t\t\t\t\t\t\t\t\t\t\t\t\t\t<span class=\"elementor-button-content-wrapper\">\n\t\t\t\t\t\t\t\t\t\t\t\t\t\t\t\t\t<span class=\"elementor-button-text\">Mehr lesen<\/span>\n\t\t\t\t\t\t\t\t\t\t\t\t\t\t\t\t<\/span>\n\t\t\t\t\t\t\t\t\t\t\t\t\t\t\t<\/a>\n\t\t\t\t\t\t\t\t\t\t\t\t\t\t<\/div>\n\t\t\t\t\t\t\t\t\t\t\t\t\t\t\t\t\t\t\t\t\t\t\t\t\t<\/div>\n\t\t\t\t\t\t\t\t\t\t\t\t\t\t\t\t\t\t\t\t\t\t<\/div>\n\t\t\t\t\t\t\t\t\t<\/li>\n\t\t\t\t\t\t\t\t\t\t\t\t\t\t\t\t\t\t<li class=\"grid-item grid-gutter blog-filter-3 blog-filter-1 post-78715 post type-post status-publish format-standard has-post-thumbnail hentry category-equipamentos category-aquecimento tag-ecofab tag-salamandras-a-pellets\">\n\t\t\t\t\t\t\t\t\t\t<div class=\"blog-post\">\n\t\t\t\t\t\t\t\t\t\t\t\t\t\t\t\t\t\t\t\t\t\t\t\t<div class=\"blog-post-images\">\n\t\t\t\t\t\t\t\t\t\t\t\t\t<a href=\"https:\/\/ecofab.pt\/de\/2024\/12\/wie-man-ofen-programmiert-um-energie-zu-sparen\/\"><img loading=\"lazy\" decoding=\"async\" width=\"2168\" height=\"1222\" src=\"https:\/\/ecofab.pt\/wp-content\/uploads\/2024\/12\/programacao-das-salamandras-a-pellets.png\" class=\"attachment-full size-full wp-post-image\" alt=\"Programmierung von Pellet\u00f6fen\" srcset=\"https:\/\/ecofab.pt\/wp-content\/uploads\/2024\/12\/programacao-das-salamandras-a-pellets.png 2168w, https:\/\/ecofab.pt\/wp-content\/uploads\/2024\/12\/programacao-das-salamandras-a-pellets-300x169.png 300w, https:\/\/ecofab.pt\/wp-content\/uploads\/2024\/12\/programacao-das-salamandras-a-pellets-1024x577.png 1024w, https:\/\/ecofab.pt\/wp-content\/uploads\/2024\/12\/programacao-das-salamandras-a-pellets-768x433.png 768w, https:\/\/ecofab.pt\/wp-content\/uploads\/2024\/12\/programacao-das-salamandras-a-pellets-1536x866.png 1536w, https:\/\/ecofab.pt\/wp-content\/uploads\/2024\/12\/programacao-das-salamandras-a-pellets-2048x1154.png 2048w, https:\/\/ecofab.pt\/wp-content\/uploads\/2024\/12\/programacao-das-salamandras-a-pellets-18x10.png 18w, https:\/\/ecofab.pt\/wp-content\/uploads\/2024\/12\/programacao-das-salamandras-a-pellets-200x113.png 200w, https:\/\/ecofab.pt\/wp-content\/uploads\/2024\/12\/programacao-das-salamandras-a-pellets-1568x884.png 1568w\" sizes=\"(max-width: 2168px) 100vw, 2168px\" \/><\/a>\t\t\t\t\t\t\t\t\t\t\t\t\t<\/div>\n\t\t\t\t\t\t\t\t\t\t\t\t\t\t\t\t\t\t\t\t\t\t\t\t<div class=\"post-details\">\n\t\t\t\t\t\t\t\t\t\t\t\t\t\t\t\t\t\t\t\t\t\t\t\t\t\t\t<div class=\"post-meta\">\n\t\t\t\t\t\t\t\t\t\t\t\t\t\t\t<span class=\"post-date published\">4, Dezember 2024<\/span><time class=\"updated d-none\" datetime=\"2024-12-09T12:14:10+00:00\">9, Dezember 2024<\/time>\t\t\t\t\t\t\t\t\t\t\t\t\t\t<\/div>\n\t\t\t\t\t\t\t\t\t\t\t\t\t\t\t\t\t\t\t\t\t\t\t\t\t\t\t\t\t\t\t\t\t\t\t\t\t\t\t\t<h6><a class=\"entry-title\" href=\"https:\/\/ecofab.pt\/de\/2024\/12\/wie-man-ofen-programmiert-um-energie-zu-sparen\/\">Wie programmiert man \u00d6fen, um Energie zu sparen?<\/a><\/h6>\n\t\t\t\t\t\t\t\t\t\t\t\t\t\t\t\t\t\t\t\t\t\t\t\t\t\t\t\t\t\t\t\t\t\t\t\t\t\t\t\t<div class=\"entry-content\">Wussten Sie, dass die Programmierung von Pellet\u00f6fen deren Energieverbrauch beeinflussen kann? Nutzen Sie das Wi-Fi-Modul von ECOFAB und programmieren Sie Ihren Ofen effizient.<\/div>\n\t\t\t\t\t\t\t\t\t\t\t\t\t\t\t\t\t\t\t\t\t\t\t\t\t\t\t\t\t\t\t\t\t\t\t\t\t\t\t\t\t<div class=\"elementor-button-wrapper\">\n\t\t\t\t\t\t\t\t\t\t\t\t\t\t\t<a href=\"https:\/\/ecofab.pt\/de\/2024\/12\/wie-man-ofen-programmiert-um-energie-zu-sparen\/\" class=\"elementor-button-link elementor-button blog-post-button\" role=\"button\">\n\t\t\t\t\t\t\t\t\t\t\t\t\t\t\t\t<span class=\"elementor-button-content-wrapper\">\n\t\t\t\t\t\t\t\t\t\t\t\t\t\t\t\t\t<span class=\"elementor-button-text\">Mehr lesen<\/span>\n\t\t\t\t\t\t\t\t\t\t\t\t\t\t\t\t<\/span>\n\t\t\t\t\t\t\t\t\t\t\t\t\t\t\t<\/a>\n\t\t\t\t\t\t\t\t\t\t\t\t\t\t<\/div>\n\t\t\t\t\t\t\t\t\t\t\t\t\t\t\t\t\t\t\t\t\t\t\t\t\t<\/div>\n\t\t\t\t\t\t\t\t\t\t\t\t\t\t\t\t\t\t\t\t\t\t<\/div>\n\t\t\t\t\t\t\t\t\t<\/li>\n\t\t\t\t\t\t\t\t\t\t\t\t\t\t\t\t\t\t<li class=\"grid-item grid-gutter blog-filter-3 post-78697 post type-post status-publish format-standard has-post-thumbnail hentry category-equipamentos tag-ecofab tag-salamandras-a-pellets\">\n\t\t\t\t\t\t\t\t\t\t<div class=\"blog-post\">\n\t\t\t\t\t\t\t\t\t\t\t\t\t\t\t\t\t\t\t\t\t\t\t\t<div class=\"blog-post-images\">\n\t\t\t\t\t\t\t\t\t\t\t\t\t<a href=\"https:\/\/ecofab.pt\/de\/2024\/11\/wie-viele-sacke-pellets-pro-tag-verbraucht-werden\/\"><img loading=\"lazy\" decoding=\"async\" width=\"1024\" height=\"683\" src=\"https:\/\/ecofab.pt\/wp-content\/uploads\/2024\/11\/sacos-de-pellets.jpeg\" class=\"attachment-full size-full wp-post-image\" alt=\"S\u00e4cke mit Pellets\" srcset=\"https:\/\/ecofab.pt\/wp-content\/uploads\/2024\/11\/sacos-de-pellets.jpeg 1024w, https:\/\/ecofab.pt\/wp-content\/uploads\/2024\/11\/sacos-de-pellets-300x200.jpeg 300w, https:\/\/ecofab.pt\/wp-content\/uploads\/2024\/11\/sacos-de-pellets-768x512.jpeg 768w, https:\/\/ecofab.pt\/wp-content\/uploads\/2024\/11\/sacos-de-pellets-18x12.jpeg 18w, https:\/\/ecofab.pt\/wp-content\/uploads\/2024\/11\/sacos-de-pellets-200x133.jpeg 200w\" sizes=\"(max-width: 1024px) 100vw, 1024px\" \/><\/a>\t\t\t\t\t\t\t\t\t\t\t\t\t<\/div>\n\t\t\t\t\t\t\t\t\t\t\t\t\t\t\t\t\t\t\t\t\t\t\t\t<div class=\"post-details\">\n\t\t\t\t\t\t\t\t\t\t\t\t\t\t\t\t\t\t\t\t\t\t\t\t\t\t\t<div class=\"post-meta\">\n\t\t\t\t\t\t\t\t\t\t\t\t\t\t\t<span class=\"post-date published\">8, November 2024<\/span><time class=\"updated d-none\" datetime=\"2024-12-09T12:12:36+00:00\">9, Dezember 2024<\/time>\t\t\t\t\t\t\t\t\t\t\t\t\t\t<\/div>\n\t\t\t\t\t\t\t\t\t\t\t\t\t\t\t\t\t\t\t\t\t\t\t\t\t\t\t\t\t\t\t\t\t\t\t\t\t\t\t\t<h6><a class=\"entry-title\" href=\"https:\/\/ecofab.pt\/de\/2024\/11\/wie-viele-sacke-pellets-pro-tag-verbraucht-werden\/\">Wie viele S\u00e4cke Pellets verbrauchen Sie pro Tag?<\/a><\/h6>\n\t\t\t\t\t\t\t\t\t\t\t\t\t\t\t\t\t\t\t\t\t\t\t\t\t\t\t\t\t\t\t\t\t\t\t\t\t\t\t\t<div class=\"entry-content\">Wie viele S\u00e4cke Pellets verbrauchen Sie pro Tag? Finden Sie heraus, welche Faktoren den t\u00e4glichen Pelletverbrauch beeinflussen.<\/div>\n\t\t\t\t\t\t\t\t\t\t\t\t\t\t\t\t\t\t\t\t\t\t\t\t\t\t\t\t\t\t\t\t\t\t\t\t\t\t\t\t\t<div class=\"elementor-button-wrapper\">\n\t\t\t\t\t\t\t\t\t\t\t\t\t\t\t<a href=\"https:\/\/ecofab.pt\/de\/2024\/11\/wie-viele-sacke-pellets-pro-tag-verbraucht-werden\/\" class=\"elementor-button-link elementor-button blog-post-button\" role=\"button\">\n\t\t\t\t\t\t\t\t\t\t\t\t\t\t\t\t<span class=\"elementor-button-content-wrapper\">\n\t\t\t\t\t\t\t\t\t\t\t\t\t\t\t\t\t<span class=\"elementor-button-text\">Mehr lesen<\/span>\n\t\t\t\t\t\t\t\t\t\t\t\t\t\t\t\t<\/span>\n\t\t\t\t\t\t\t\t\t\t\t\t\t\t\t<\/a>\n\t\t\t\t\t\t\t\t\t\t\t\t\t\t<\/div>\n\t\t\t\t\t\t\t\t\t\t\t\t\t\t\t\t\t\t\t\t\t\t\t\t\t<\/div>\n\t\t\t\t\t\t\t\t\t\t\t\t\t\t\t\t\t\t\t\t\t\t<\/div>\n\t\t\t\t\t\t\t\t\t<\/li>\n\t\t\t\t\t\t\t\t\t\t\t\t\t\t\t\t\t\t<li class=\"grid-item grid-gutter blog-filter-3 post-78689 post type-post status-publish format-standard has-post-thumbnail hentry category-equipamentos tag-ecofab tag-salamandras-a-pellets\">\n\t\t\t\t\t\t\t\t\t\t<div class=\"blog-post\">\n\t\t\t\t\t\t\t\t\t\t\t\t\t\t\t\t\t\t\t\t\t\t\t\t<div class=\"blog-post-images\">\n\t\t\t\t\t\t\t\t\t\t\t\t\t<a href=\"https:\/\/ecofab.pt\/de\/2024\/10\/welchen-pelletofen-sie-fur-ihr-renovierungsprojekt-wahlen-sollten\/\"><img loading=\"lazy\" decoding=\"async\" width=\"1000\" height=\"667\" src=\"https:\/\/ecofab.pt\/wp-content\/uploads\/2024\/10\/Projeto-renovacao.jpg\" class=\"attachment-full size-full wp-post-image\" alt=\"Renovierungsprojekt\" srcset=\"https:\/\/ecofab.pt\/wp-content\/uploads\/2024\/10\/Projeto-renovacao.jpg 1000w, https:\/\/ecofab.pt\/wp-content\/uploads\/2024\/10\/Projeto-renovacao-300x200.jpg 300w, https:\/\/ecofab.pt\/wp-content\/uploads\/2024\/10\/Projeto-renovacao-768x512.jpg 768w, https:\/\/ecofab.pt\/wp-content\/uploads\/2024\/10\/Projeto-renovacao-18x12.jpg 18w, https:\/\/ecofab.pt\/wp-content\/uploads\/2024\/10\/Projeto-renovacao-200x133.jpg 200w\" sizes=\"(max-width: 1000px) 100vw, 1000px\" \/><\/a>\t\t\t\t\t\t\t\t\t\t\t\t\t<\/div>\n\t\t\t\t\t\t\t\t\t\t\t\t\t\t\t\t\t\t\t\t\t\t\t\t<div class=\"post-details\">\n\t\t\t\t\t\t\t\t\t\t\t\t\t\t\t\t\t\t\t\t\t\t\t\t\t\t\t<div class=\"post-meta\">\n\t\t\t\t\t\t\t\t\t\t\t\t\t\t\t<span class=\"post-date published\">9, Oktober 2024<\/span><time class=\"updated d-none\" datetime=\"2024-12-09T09:58:11+00:00\">9, Dezember 2024<\/time>\t\t\t\t\t\t\t\t\t\t\t\t\t\t<\/div>\n\t\t\t\t\t\t\t\t\t\t\t\t\t\t\t\t\t\t\t\t\t\t\t\t\t\t\t\t\t\t\t\t\t\t\t\t\t\t\t\t<h6><a class=\"entry-title\" href=\"https:\/\/ecofab.pt\/de\/2024\/10\/welchen-pelletofen-sie-fur-ihr-renovierungsprojekt-wahlen-sollten\/\">Welchen Pelletofen Sie f\u00fcr Ihr Renovierungsprojekt w\u00e4hlen sollten<\/a><\/h6>\n\t\t\t\t\t\t\t\t\t\t\t\t\t\t\t\t\t\t\t\t\t\t\t\t\t\t\t\t\t\t\t\t\t\t\t\t\t\t\t\t<div class=\"entry-content\">Erfahren Sie, wie Sie einen Pelletofen ausw\u00e4hlen und die Leistung ermitteln, die Sie zum Heizen Ihres Hauses ben\u00f6tigen.<\/div>\n\t\t\t\t\t\t\t\t\t\t\t\t\t\t\t\t\t\t\t\t\t\t\t\t\t\t\t\t\t\t\t\t\t\t\t\t\t\t\t\t\t<div class=\"elementor-button-wrapper\">\n\t\t\t\t\t\t\t\t\t\t\t\t\t\t\t<a href=\"https:\/\/ecofab.pt\/de\/2024\/10\/welchen-pelletofen-sie-fur-ihr-renovierungsprojekt-wahlen-sollten\/\" class=\"elementor-button-link elementor-button blog-post-button\" role=\"button\">\n\t\t\t\t\t\t\t\t\t\t\t\t\t\t\t\t<span class=\"elementor-button-content-wrapper\">\n\t\t\t\t\t\t\t\t\t\t\t\t\t\t\t\t\t<span class=\"elementor-button-text\">Mehr lesen<\/span>\n\t\t\t\t\t\t\t\t\t\t\t\t\t\t\t\t<\/span>\n\t\t\t\t\t\t\t\t\t\t\t\t\t\t\t<\/a>\n\t\t\t\t\t\t\t\t\t\t\t\t\t\t<\/div>\n\t\t\t\t\t\t\t\t\t\t\t\t\t\t\t\t\t\t\t\t\t\t\t\t\t<\/div>\n\t\t\t\t\t\t\t\t\t\t\t\t\t\t\t\t\t\t\t\t\t\t<\/div>\n\t\t\t\t\t\t\t\t\t<\/li>\n\t\t\t\t\t\t\t\t\t\t\t\t\t\t\t\t\t\t<li class=\"grid-item grid-gutter blog-filter-16 post-78645 post type-post status-publish format-standard has-post-thumbnail hentry category-feiras tag-ecofab tag-salamandras-a-pellets\">\n\t\t\t\t\t\t\t\t\t\t<div class=\"blog-post\">\n\t\t\t\t\t\t\t\t\t\t\t\t\t\t\t\t\t\t\t\t\t\t\t\t<div class=\"blog-post-images\">\n\t\t\t\t\t\t\t\t\t\t\t\t\t<a href=\"https:\/\/ecofab.pt\/de\/2024\/10\/ecofab-nimmt-an-der-messe-hem-villamassan-2024-teil\/\"><img loading=\"lazy\" decoding=\"async\" width=\"1102\" height=\"1540\" src=\"https:\/\/ecofab.pt\/wp-content\/uploads\/2024\/10\/Albert-em-preto_suecia-e1742388241700.png\" class=\"attachment-full size-full wp-post-image\" alt=\"Hem &amp; Villam\u00e4ssan, ECOFAB, Pellet\u00f6fen, Pelletofen\" srcset=\"https:\/\/ecofab.pt\/wp-content\/uploads\/2024\/10\/Albert-em-preto_suecia-e1742388241700.png 1102w, https:\/\/ecofab.pt\/wp-content\/uploads\/2024\/10\/Albert-em-preto_suecia-e1742388241700-215x300.png 215w, https:\/\/ecofab.pt\/wp-content\/uploads\/2024\/10\/Albert-em-preto_suecia-e1742388241700-733x1024.png 733w, https:\/\/ecofab.pt\/wp-content\/uploads\/2024\/10\/Albert-em-preto_suecia-e1742388241700-768x1073.png 768w, https:\/\/ecofab.pt\/wp-content\/uploads\/2024\/10\/Albert-em-preto_suecia-e1742388241700-1099x1536.png 1099w, https:\/\/ecofab.pt\/wp-content\/uploads\/2024\/10\/Albert-em-preto_suecia-e1742388241700-9x12.png 9w, https:\/\/ecofab.pt\/wp-content\/uploads\/2024\/10\/Albert-em-preto_suecia-e1742388241700-200x279.png 200w\" sizes=\"(max-width: 1102px) 100vw, 1102px\" \/><\/a>\t\t\t\t\t\t\t\t\t\t\t\t\t<\/div>\n\t\t\t\t\t\t\t\t\t\t\t\t\t\t\t\t\t\t\t\t\t\t\t\t<div class=\"post-details\">\n\t\t\t\t\t\t\t\t\t\t\t\t\t\t\t\t\t\t\t\t\t\t\t\t\t\t\t<div class=\"post-meta\">\n\t\t\t\t\t\t\t\t\t\t\t\t\t\t\t<span class=\"post-date published\">1, Oktober 2024<\/span><time class=\"updated d-none\" datetime=\"2024-10-08T14:31:27+00:00\">8, Oktober 2024<\/time>\t\t\t\t\t\t\t\t\t\t\t\t\t\t<\/div>\n\t\t\t\t\t\t\t\t\t\t\t\t\t\t\t\t\t\t\t\t\t\t\t\t\t\t\t\t\t\t\t\t\t\t\t\t\t\t\t\t<h6><a class=\"entry-title\" href=\"https:\/\/ecofab.pt\/de\/2024\/10\/ecofab-nimmt-an-der-messe-hem-villamassan-2024-teil\/\">ECOFAB nimmt an der Messe Hem &amp; Villam\u00e4ssan 2024 teil<\/a><\/h6>\n\t\t\t\t\t\t\t\t\t\t\t\t\t\t\t\t\t\t\t\t\t\t\t\t\t\t\t\t\t\t\t\t\t\t\t\t\t\t\t\t<div class=\"entry-content\">ECOFAB nimmt an der Messe Hem &amp; Villam\u00e4ssan 2024 teil und pr\u00e4sentiert dort seine L\u00f6sungen f\u00fcr Pelletheizungen.<\/div>\n\t\t\t\t\t\t\t\t\t\t\t\t\t\t\t\t\t\t\t\t\t\t\t\t\t\t\t\t\t\t\t\t\t\t\t\t\t\t\t\t\t<div class=\"elementor-button-wrapper\">\n\t\t\t\t\t\t\t\t\t\t\t\t\t\t\t<a href=\"https:\/\/ecofab.pt\/de\/2024\/10\/ecofab-nimmt-an-der-messe-hem-villamassan-2024-teil\/\" class=\"elementor-button-link elementor-button blog-post-button\" role=\"button\">\n\t\t\t\t\t\t\t\t\t\t\t\t\t\t\t\t<span class=\"elementor-button-content-wrapper\">\n\t\t\t\t\t\t\t\t\t\t\t\t\t\t\t\t\t<span class=\"elementor-button-text\">Mehr lesen<\/span>\n\t\t\t\t\t\t\t\t\t\t\t\t\t\t\t\t<\/span>\n\t\t\t\t\t\t\t\t\t\t\t\t\t\t\t<\/a>\n\t\t\t\t\t\t\t\t\t\t\t\t\t\t<\/div>\n\t\t\t\t\t\t\t\t\t\t\t\t\t\t\t\t\t\t\t\t\t\t\t\t\t<\/div>\n\t\t\t\t\t\t\t\t\t\t\t\t\t\t\t\t\t\t\t\t\t\t<\/div>\n\t\t\t\t\t\t\t\t\t<\/li>\n\t\t\t\t\t\t\t\t\t\t\t\t\t\t\t\t\t\t<li class=\"grid-item grid-gutter blog-filter-3 post-78633 post type-post status-publish format-standard has-post-thumbnail hentry category-equipamentos tag-ecofab tag-salamandras-a-pellets\">\n\t\t\t\t\t\t\t\t\t\t<div class=\"blog-post\">\n\t\t\t\t\t\t\t\t\t\t\t\t\t\t\t\t\t\t\t\t\t\t\t\t<div class=\"blog-post-images\">\n\t\t\t\t\t\t\t\t\t\t\t\t\t<a href=\"https:\/\/ecofab.pt\/de\/2024\/09\/wie-sie-einen-pelletofen-fur-ihr-haus-auswahlen\/\"><img loading=\"lazy\" decoding=\"async\" width=\"1000\" height=\"667\" src=\"https:\/\/ecofab.pt\/wp-content\/uploads\/2024\/10\/como-escolher-salamandra-a-pellets.jpg\" class=\"attachment-full size-full wp-post-image\" alt=\"Wie man einen Pelletofen ausw\u00e4hlt, ecofab\" srcset=\"https:\/\/ecofab.pt\/wp-content\/uploads\/2024\/10\/como-escolher-salamandra-a-pellets.jpg 1000w, https:\/\/ecofab.pt\/wp-content\/uploads\/2024\/10\/como-escolher-salamandra-a-pellets-300x200.jpg 300w, https:\/\/ecofab.pt\/wp-content\/uploads\/2024\/10\/como-escolher-salamandra-a-pellets-768x512.jpg 768w, https:\/\/ecofab.pt\/wp-content\/uploads\/2024\/10\/como-escolher-salamandra-a-pellets-18x12.jpg 18w, https:\/\/ecofab.pt\/wp-content\/uploads\/2024\/10\/como-escolher-salamandra-a-pellets-200x133.jpg 200w\" sizes=\"(max-width: 1000px) 100vw, 1000px\" \/><\/a>\t\t\t\t\t\t\t\t\t\t\t\t\t<\/div>\n\t\t\t\t\t\t\t\t\t\t\t\t\t\t\t\t\t\t\t\t\t\t\t\t<div class=\"post-details\">\n\t\t\t\t\t\t\t\t\t\t\t\t\t\t\t\t\t\t\t\t\t\t\t\t\t\t\t<div class=\"post-meta\">\n\t\t\t\t\t\t\t\t\t\t\t\t\t\t\t<span class=\"post-date published\">8, September 2024<\/span><time class=\"updated d-none\" datetime=\"2024-10-08T10:07:02+00:00\">8, Oktober 2024<\/time>\t\t\t\t\t\t\t\t\t\t\t\t\t\t<\/div>\n\t\t\t\t\t\t\t\t\t\t\t\t\t\t\t\t\t\t\t\t\t\t\t\t\t\t\t\t\t\t\t\t\t\t\t\t\t\t\t\t<h6><a class=\"entry-title\" href=\"https:\/\/ecofab.pt\/de\/2024\/09\/wie-sie-einen-pelletofen-fur-ihr-haus-auswahlen\/\">Wie Sie einen Pelletofen f\u00fcr Ihr Haus ausw\u00e4hlen<\/a><\/h6>\n\t\t\t\t\t\t\t\t\t\t\t\t\t\t\t\t\t\t\t\t\t\t\t\t\t\t\t\t\t\t\t\t\t\t\t\t\t\t\t\t<div class=\"entry-content\">Erfahren Sie, wie Sie einen Pelletofen ausw\u00e4hlen und die Leistung ermitteln, die Sie zum Heizen Ihres Hauses ben\u00f6tigen.<\/div>\n\t\t\t\t\t\t\t\t\t\t\t\t\t\t\t\t\t\t\t\t\t\t\t\t\t\t\t\t\t\t\t\t\t\t\t\t\t\t\t\t\t<div class=\"elementor-button-wrapper\">\n\t\t\t\t\t\t\t\t\t\t\t\t\t\t\t<a href=\"https:\/\/ecofab.pt\/de\/2024\/09\/wie-sie-einen-pelletofen-fur-ihr-haus-auswahlen\/\" class=\"elementor-button-link elementor-button blog-post-button\" role=\"button\">\n\t\t\t\t\t\t\t\t\t\t\t\t\t\t\t\t<span class=\"elementor-button-content-wrapper\">\n\t\t\t\t\t\t\t\t\t\t\t\t\t\t\t\t\t<span class=\"elementor-button-text\">Mehr lesen<\/span>\n\t\t\t\t\t\t\t\t\t\t\t\t\t\t\t\t<\/span>\n\t\t\t\t\t\t\t\t\t\t\t\t\t\t\t<\/a>\n\t\t\t\t\t\t\t\t\t\t\t\t\t\t<\/div>\n\t\t\t\t\t\t\t\t\t\t\t\t\t\t\t\t\t\t\t\t\t\t\t\t\t<\/div>\n\t\t\t\t\t\t\t\t\t\t\t\t\t\t\t\t\t\t\t\t\t\t<\/div>\n\t\t\t\t\t\t\t\t\t<\/li>\n\t\t\t\t\t\t\t\t\t\t\t\t\t\t\t\t\t\t<li class=\"grid-item grid-gutter blog-filter-1 post-78616 post type-post status-publish format-standard has-post-thumbnail hentry category-aquecimento tag-ecofab tag-salamandras-a-pellets\">\n\t\t\t\t\t\t\t\t\t\t<div class=\"blog-post\">\n\t\t\t\t\t\t\t\t\t\t\t\t\t\t\t\t\t\t\t\t\t\t\t\t<div class=\"blog-post-images\">\n\t\t\t\t\t\t\t\t\t\t\t\t\t<a href=\"https:\/\/ecofab.pt\/de\/2024\/08\/eskalierende-energiepreise\/\"><img loading=\"lazy\" decoding=\"async\" width=\"1080\" height=\"603\" src=\"https:\/\/ecofab.pt\/wp-content\/uploads\/2024\/08\/Precos-da-Energia.jpeg\" class=\"attachment-full size-full wp-post-image\" alt=\"Energiepreise, ECOFAB\" srcset=\"https:\/\/ecofab.pt\/wp-content\/uploads\/2024\/08\/Precos-da-Energia.jpeg 1080w, https:\/\/ecofab.pt\/wp-content\/uploads\/2024\/08\/Precos-da-Energia-300x168.jpeg 300w, https:\/\/ecofab.pt\/wp-content\/uploads\/2024\/08\/Precos-da-Energia-1024x572.jpeg 1024w, https:\/\/ecofab.pt\/wp-content\/uploads\/2024\/08\/Precos-da-Energia-768x429.jpeg 768w, https:\/\/ecofab.pt\/wp-content\/uploads\/2024\/08\/Precos-da-Energia-18x10.jpeg 18w, https:\/\/ecofab.pt\/wp-content\/uploads\/2024\/08\/Precos-da-Energia-200x112.jpeg 200w\" sizes=\"(max-width: 1080px) 100vw, 1080px\" \/><\/a>\t\t\t\t\t\t\t\t\t\t\t\t\t<\/div>\n\t\t\t\t\t\t\t\t\t\t\t\t\t\t\t\t\t\t\t\t\t\t\t\t<div class=\"post-details\">\n\t\t\t\t\t\t\t\t\t\t\t\t\t\t\t\t\t\t\t\t\t\t\t\t\t\t\t<div class=\"post-meta\">\n\t\t\t\t\t\t\t\t\t\t\t\t\t\t\t<span class=\"post-date published\">6, August 2024<\/span><time class=\"updated d-none\" datetime=\"2024-10-08T10:06:52+00:00\">8, Oktober 2024<\/time>\t\t\t\t\t\t\t\t\t\t\t\t\t\t<\/div>\n\t\t\t\t\t\t\t\t\t\t\t\t\t\t\t\t\t\t\t\t\t\t\t\t\t\t\t\t\t\t\t\t\t\t\t\t\t\t\t\t<h6><a class=\"entry-title\" href=\"https:\/\/ecofab.pt\/de\/2024\/08\/eskalierende-energiepreise\/\">Wappnen Sie sich gegen eskalierende Energiepreise<\/a><\/h6>\n\t\t\t\t\t\t\t\t\t\t\t\t\t\t\t\t\t\t\t\t\t\t\t\t\t\t\t\t\t\t\t\t\t\t\t\t\t\t\t\t<div class=\"entry-content\">R\u00fcsten Sie sich gegen den unaufhaltsamen Anstieg der Energiepreise mit dem ECOFAB Pelletofen.<\/div>\n\t\t\t\t\t\t\t\t\t\t\t\t\t\t\t\t\t\t\t\t\t\t\t\t\t\t\t\t\t\t\t\t\t\t\t\t\t\t\t\t\t<div class=\"elementor-button-wrapper\">\n\t\t\t\t\t\t\t\t\t\t\t\t\t\t\t<a href=\"https:\/\/ecofab.pt\/de\/2024\/08\/eskalierende-energiepreise\/\" class=\"elementor-button-link elementor-button blog-post-button\" role=\"button\">\n\t\t\t\t\t\t\t\t\t\t\t\t\t\t\t\t<span class=\"elementor-button-content-wrapper\">\n\t\t\t\t\t\t\t\t\t\t\t\t\t\t\t\t\t<span class=\"elementor-button-text\">Mehr lesen<\/span>\n\t\t\t\t\t\t\t\t\t\t\t\t\t\t\t\t<\/span>\n\t\t\t\t\t\t\t\t\t\t\t\t\t\t\t<\/a>\n\t\t\t\t\t\t\t\t\t\t\t\t\t\t<\/div>\n\t\t\t\t\t\t\t\t\t\t\t\t\t\t\t\t\t\t\t\t\t\t\t\t\t<\/div>\n\t\t\t\t\t\t\t\t\t\t\t\t\t\t\t\t\t\t\t\t\t\t<\/div>\n\t\t\t\t\t\t\t\t\t<\/li>\n\t\t\t\t\t\t\t\t\t\t\t\t\t\t\t\t\t\t<li class=\"grid-item grid-gutter blog-filter-1 blog-filter-3 post-78560 post type-post status-publish format-standard has-post-thumbnail hentry category-aquecimento category-equipamentos tag-ecofab tag-salamandras-a-pellets\">\n\t\t\t\t\t\t\t\t\t\t<div class=\"blog-post\">\n\t\t\t\t\t\t\t\t\t\t\t\t\t\t\t\t\t\t\t\t\t\t\t\t<div class=\"blog-post-images\">\n\t\t\t\t\t\t\t\t\t\t\t\t\t<a href=\"https:\/\/ecofab.pt\/de\/2024\/07\/pelletofen-effizient-heizen\/\"><img loading=\"lazy\" decoding=\"async\" width=\"1080\" height=\"1080\" src=\"https:\/\/ecofab.pt\/wp-content\/uploads\/2024\/05\/NELSON-2.0.png\" class=\"attachment-full size-full wp-post-image\" alt=\"Nelson, Pelletofen Nelson, ECOFAB, Pelletofen,\" srcset=\"https:\/\/ecofab.pt\/wp-content\/uploads\/2024\/05\/NELSON-2.0.png 1080w, https:\/\/ecofab.pt\/wp-content\/uploads\/2024\/05\/NELSON-2.0-300x300.png 300w, https:\/\/ecofab.pt\/wp-content\/uploads\/2024\/05\/NELSON-2.0-1024x1024.png 1024w, https:\/\/ecofab.pt\/wp-content\/uploads\/2024\/05\/NELSON-2.0-150x150.png 150w, https:\/\/ecofab.pt\/wp-content\/uploads\/2024\/05\/NELSON-2.0-768x768.png 768w, https:\/\/ecofab.pt\/wp-content\/uploads\/2024\/05\/NELSON-2.0-12x12.png 12w, https:\/\/ecofab.pt\/wp-content\/uploads\/2024\/05\/NELSON-2.0-200x200.png 200w, https:\/\/ecofab.pt\/wp-content\/uploads\/2024\/05\/elementor\/thumbs\/NELSON-2.0-qnj0dtcdztx7b116i2plltqoqab9b1vonjh0y0s9j4.png 800w\" sizes=\"(max-width: 1080px) 100vw, 1080px\" \/><\/a>\t\t\t\t\t\t\t\t\t\t\t\t\t<\/div>\n\t\t\t\t\t\t\t\t\t\t\t\t\t\t\t\t\t\t\t\t\t\t\t\t<div class=\"post-details\">\n\t\t\t\t\t\t\t\t\t\t\t\t\t\t\t\t\t\t\t\t\t\t\t\t\t\t\t<div class=\"post-meta\">\n\t\t\t\t\t\t\t\t\t\t\t\t\t\t\t<span class=\"post-date published\">1, Juli 2024<\/span><time class=\"updated d-none\" datetime=\"2024-07-01T17:32:55+00:00\">1, Juli 2024<\/time>\t\t\t\t\t\t\t\t\t\t\t\t\t\t<\/div>\n\t\t\t\t\t\t\t\t\t\t\t\t\t\t\t\t\t\t\t\t\t\t\t\t\t\t\t\t\t\t\t\t\t\t\t\t\t\t\t\t<h6><a class=\"entry-title\" href=\"https:\/\/ecofab.pt\/de\/2024\/07\/pelletofen-effizient-heizen\/\">Pellet\u00f6fen: Effiziente Heizl\u00f6sung f\u00fcr das ganze Jahr<\/a><\/h6>\n\t\t\t\t\t\t\t\t\t\t\t\t\t\t\t\t\t\t\t\t\t\t\t\t\t\t\t\t\t\t\t\t\t\t\t\t\t\t\t\t<div class=\"entry-content\">Finden Sie heraus, wie ECOFAB Pellet\u00f6fen das ganze Jahr \u00fcber eine effiziente Heizl\u00f6sung sein k\u00f6nnen.<\/div>\n\t\t\t\t\t\t\t\t\t\t\t\t\t\t\t\t\t\t\t\t\t\t\t\t\t\t\t\t\t\t\t\t\t\t\t\t\t\t\t\t\t<div class=\"elementor-button-wrapper\">\n\t\t\t\t\t\t\t\t\t\t\t\t\t\t\t<a href=\"https:\/\/ecofab.pt\/de\/2024\/07\/pelletofen-effizient-heizen\/\" class=\"elementor-button-link elementor-button blog-post-button\" role=\"button\">\n\t\t\t\t\t\t\t\t\t\t\t\t\t\t\t\t<span class=\"elementor-button-content-wrapper\">\n\t\t\t\t\t\t\t\t\t\t\t\t\t\t\t\t\t<span class=\"elementor-button-text\">Mehr lesen<\/span>\n\t\t\t\t\t\t\t\t\t\t\t\t\t\t\t\t<\/span>\n\t\t\t\t\t\t\t\t\t\t\t\t\t\t\t<\/a>\n\t\t\t\t\t\t\t\t\t\t\t\t\t\t<\/div>\n\t\t\t\t\t\t\t\t\t\t\t\t\t\t\t\t\t\t\t\t\t\t\t\t\t<\/div>\n\t\t\t\t\t\t\t\t\t\t\t\t\t\t\t\t\t\t\t\t\t\t<\/div>\n\t\t\t\t\t\t\t\t\t<\/li>\n\t\t\t\t\t\t\t\t\t\t\t\t\t\t\t\t\t\t<li class=\"grid-item grid-gutter blog-filter-1 blog-filter-3 post-78533 post type-post status-publish format-standard has-post-thumbnail hentry category-aquecimento category-equipamentos tag-ecofab tag-salamandras-a-pellets\">\n\t\t\t\t\t\t\t\t\t\t<div class=\"blog-post\">\n\t\t\t\t\t\t\t\t\t\t\t\t\t\t\t\t\t\t\t\t\t\t\t\t<div class=\"blog-post-images\">\n\t\t\t\t\t\t\t\t\t\t\t\t\t<a href=\"https:\/\/ecofab.pt\/de\/2024\/06\/isaac-pellet-ofen\/\"><img loading=\"lazy\" decoding=\"async\" width=\"935\" height=\"1080\" src=\"https:\/\/ecofab.pt\/wp-content\/uploads\/2024\/05\/Salamandra-a-pellets-ISAAC.png\" class=\"attachment-full size-full wp-post-image\" alt=\"Pelletofen ISAAC, Issac\" srcset=\"https:\/\/ecofab.pt\/wp-content\/uploads\/2024\/05\/Salamandra-a-pellets-ISAAC.png 935w, https:\/\/ecofab.pt\/wp-content\/uploads\/2024\/05\/Salamandra-a-pellets-ISAAC-260x300.png 260w, https:\/\/ecofab.pt\/wp-content\/uploads\/2024\/05\/Salamandra-a-pellets-ISAAC-887x1024.png 887w, https:\/\/ecofab.pt\/wp-content\/uploads\/2024\/05\/Salamandra-a-pellets-ISAAC-768x887.png 768w, https:\/\/ecofab.pt\/wp-content\/uploads\/2024\/05\/Salamandra-a-pellets-ISAAC-10x12.png 10w, https:\/\/ecofab.pt\/wp-content\/uploads\/2024\/05\/Salamandra-a-pellets-ISAAC-200x231.png 200w\" sizes=\"(max-width: 935px) 100vw, 935px\" \/><\/a>\t\t\t\t\t\t\t\t\t\t\t\t\t<\/div>\n\t\t\t\t\t\t\t\t\t\t\t\t\t\t\t\t\t\t\t\t\t\t\t\t<div class=\"post-details\">\n\t\t\t\t\t\t\t\t\t\t\t\t\t\t\t\t\t\t\t\t\t\t\t\t\t\t\t<div class=\"post-meta\">\n\t\t\t\t\t\t\t\t\t\t\t\t\t\t\t<span class=\"post-date published\">1, Juni 2024<\/span><time class=\"updated d-none\" datetime=\"2024-10-08T11:36:15+00:00\">8, Oktober 2024<\/time>\t\t\t\t\t\t\t\t\t\t\t\t\t\t<\/div>\n\t\t\t\t\t\t\t\t\t\t\t\t\t\t\t\t\t\t\t\t\t\t\t\t\t\t\t\t\t\t\t\t\t\t\t\t\t\t\t\t<h6><a class=\"entry-title\" href=\"https:\/\/ecofab.pt\/de\/2024\/06\/isaac-pellet-ofen\/\">Der neue ISAAC Pelletofen: Ein vergr\u00f6\u00dfertes Fenster zum Feuerkomfort<\/a><\/h6>\n\t\t\t\t\t\t\t\t\t\t\t\t\t\t\t\t\t\t\t\t\t\t\t\t\t\t\t\t\t\t\t\t\t\t\t\t\t\t\t\t<div class=\"entry-content\">Entdecken Sie den neuen ISAAC Pelletofen mit vergr\u00f6\u00dfertem Innenfenster.<\/div>\n\t\t\t\t\t\t\t\t\t\t\t\t\t\t\t\t\t\t\t\t\t\t\t\t\t\t\t\t\t\t\t\t\t\t\t\t\t\t\t\t\t<div class=\"elementor-button-wrapper\">\n\t\t\t\t\t\t\t\t\t\t\t\t\t\t\t<a href=\"https:\/\/ecofab.pt\/de\/2024\/06\/isaac-pellet-ofen\/\" class=\"elementor-button-link elementor-button blog-post-button\" role=\"button\">\n\t\t\t\t\t\t\t\t\t\t\t\t\t\t\t\t<span class=\"elementor-button-content-wrapper\">\n\t\t\t\t\t\t\t\t\t\t\t\t\t\t\t\t\t<span class=\"elementor-button-text\">Mehr lesen<\/span>\n\t\t\t\t\t\t\t\t\t\t\t\t\t\t\t\t<\/span>\n\t\t\t\t\t\t\t\t\t\t\t\t\t\t\t<\/a>\n\t\t\t\t\t\t\t\t\t\t\t\t\t\t<\/div>\n\t\t\t\t\t\t\t\t\t\t\t\t\t\t\t\t\t\t\t\t\t\t\t\t\t<\/div>\n\t\t\t\t\t\t\t\t\t\t\t\t\t\t\t\t\t\t\t\t\t\t<\/div>\n\t\t\t\t\t\t\t\t\t<\/li>\n\t\t\t\t\t\t\t\t\t\t\t\t\t\t\t\t\t\t<li class=\"grid-item grid-gutter blog-filter-1 blog-filter-3 post-78535 post type-post status-publish format-standard has-post-thumbnail hentry category-aquecimento category-equipamentos tag-ecofab tag-salamandras-a-pellets\">\n\t\t\t\t\t\t\t\t\t\t<div class=\"blog-post\">\n\t\t\t\t\t\t\t\t\t\t\t\t\t\t\t\t\t\t\t\t\t\t\t\t<div class=\"blog-post-images\">\n\t\t\t\t\t\t\t\t\t\t\t\t\t<a href=\"https:\/\/ecofab.pt\/de\/2024\/05\/ecofab-feuerstellen-fur-den-ausenbereich\/\"><img loading=\"lazy\" decoding=\"async\" width=\"1350\" height=\"1080\" src=\"https:\/\/ecofab.pt\/wp-content\/uploads\/2024\/02\/PARABOLA-SINE-LINE-PLUS-by-fab.jpg\" class=\"attachment-full size-full wp-post-image\" alt=\"PARABOLA SINE LINE PLUS von fab, Ecofab Au\u00dfenkamin aus Gusseisen, Au\u00dfenkamin\" srcset=\"https:\/\/ecofab.pt\/wp-content\/uploads\/2024\/02\/PARABOLA-SINE-LINE-PLUS-by-fab.jpg 1350w, https:\/\/ecofab.pt\/wp-content\/uploads\/2024\/02\/PARABOLA-SINE-LINE-PLUS-by-fab-300x240.jpg 300w, https:\/\/ecofab.pt\/wp-content\/uploads\/2024\/02\/PARABOLA-SINE-LINE-PLUS-by-fab-1024x819.jpg 1024w, https:\/\/ecofab.pt\/wp-content\/uploads\/2024\/02\/PARABOLA-SINE-LINE-PLUS-by-fab-768x614.jpg 768w, https:\/\/ecofab.pt\/wp-content\/uploads\/2024\/02\/PARABOLA-SINE-LINE-PLUS-by-fab-15x12.jpg 15w, https:\/\/ecofab.pt\/wp-content\/uploads\/2024\/02\/PARABOLA-SINE-LINE-PLUS-by-fab-200x160.jpg 200w\" sizes=\"(max-width: 1350px) 100vw, 1350px\" \/><\/a>\t\t\t\t\t\t\t\t\t\t\t\t\t<\/div>\n\t\t\t\t\t\t\t\t\t\t\t\t\t\t\t\t\t\t\t\t\t\t\t\t<div class=\"post-details\">\n\t\t\t\t\t\t\t\t\t\t\t\t\t\t\t\t\t\t\t\t\t\t\t\t\t\t\t<div class=\"post-meta\">\n\t\t\t\t\t\t\t\t\t\t\t\t\t\t\t<span class=\"post-date published\">8. Mai 2024<\/span><time class=\"updated d-none\" datetime=\"2024-10-08T11:29:20+00:00\">8, Oktober 2024<\/time>\t\t\t\t\t\t\t\t\t\t\t\t\t\t<\/div>\n\t\t\t\t\t\t\t\t\t\t\t\t\t\t\t\t\t\t\t\t\t\t\t\t\t\t\t\t\t\t\t\t\t\t\t\t\t\t\t\t<h6><a class=\"entry-title\" href=\"https:\/\/ecofab.pt\/de\/2024\/05\/ecofab-feuerstellen-fur-den-ausenbereich\/\">ECOFAB Au\u00dfenkamine: Verwandeln Sie den Au\u00dfenbereich Ihres Hauses<\/a><\/h6>\n\t\t\t\t\t\t\t\t\t\t\t\t\t\t\t\t\t\t\t\t\t\t\t\t\t\t\t\t\t\t\t\t\t\t\t\t\t\t\t\t<div class=\"entry-content\">Entdecken Sie das komplette Angebot an Au\u00dfenkaminen von ECOFAB und verwandeln Sie den Au\u00dfenbereich Ihres Hauses.<\/div>\n\t\t\t\t\t\t\t\t\t\t\t\t\t\t\t\t\t\t\t\t\t\t\t\t\t\t\t\t\t\t\t\t\t\t\t\t\t\t\t\t\t<div class=\"elementor-button-wrapper\">\n\t\t\t\t\t\t\t\t\t\t\t\t\t\t\t<a href=\"https:\/\/ecofab.pt\/de\/2024\/05\/ecofab-feuerstellen-fur-den-ausenbereich\/\" class=\"elementor-button-link elementor-button blog-post-button\" role=\"button\">\n\t\t\t\t\t\t\t\t\t\t\t\t\t\t\t\t<span class=\"elementor-button-content-wrapper\">\n\t\t\t\t\t\t\t\t\t\t\t\t\t\t\t\t\t<span class=\"elementor-button-text\">Mehr lesen<\/span>\n\t\t\t\t\t\t\t\t\t\t\t\t\t\t\t\t<\/span>\n\t\t\t\t\t\t\t\t\t\t\t\t\t\t\t<\/a>\n\t\t\t\t\t\t\t\t\t\t\t\t\t\t<\/div>\n\t\t\t\t\t\t\t\t\t\t\t\t\t\t\t\t\t\t\t\t\t\t\t\t\t<\/div>\n\t\t\t\t\t\t\t\t\t\t\t\t\t\t\t\t\t\t\t\t\t\t<\/div>\n\t\t\t\t\t\t\t\t\t<\/li>\n\t\t\t\t\t\t\t\t\t\t\t\t\t\t\t\t\t\t<li class=\"grid-item grid-gutter blog-filter-1 blog-filter-3 post-78458 post type-post status-publish format-standard has-post-thumbnail hentry category-aquecimento category-equipamentos tag-ecofab tag-salamandras-a-pellets\">\n\t\t\t\t\t\t\t\t\t\t<div class=\"blog-post\">\n\t\t\t\t\t\t\t\t\t\t\t\t\t\t\t\t\t\t\t\t\t\t\t\t<div class=\"blog-post-images\">\n\t\t\t\t\t\t\t\t\t\t\t\t\t<a href=\"https:\/\/ecofab.pt\/de\/2024\/04\/pelletofen-effiziente-und-nachhaltige-heizlosung\/\"><img loading=\"lazy\" decoding=\"async\" width=\"800\" height=\"273\" src=\"https:\/\/ecofab.pt\/wp-content\/uploads\/2024\/04\/Salamandras-a-pellets-ECOFAB.jpeg\" class=\"attachment-full size-full wp-post-image\" alt=\"ECOFAB Pellet-\u00d6fen\" srcset=\"https:\/\/ecofab.pt\/wp-content\/uploads\/2024\/04\/Salamandras-a-pellets-ECOFAB.jpeg 800w, https:\/\/ecofab.pt\/wp-content\/uploads\/2024\/04\/Salamandras-a-pellets-ECOFAB-300x102.jpeg 300w, https:\/\/ecofab.pt\/wp-content\/uploads\/2024\/04\/Salamandras-a-pellets-ECOFAB-768x262.jpeg 768w, https:\/\/ecofab.pt\/wp-content\/uploads\/2024\/04\/Salamandras-a-pellets-ECOFAB-18x6.jpeg 18w, https:\/\/ecofab.pt\/wp-content\/uploads\/2024\/04\/Salamandras-a-pellets-ECOFAB-200x68.jpeg 200w\" sizes=\"(max-width: 800px) 100vw, 800px\" \/><\/a>\t\t\t\t\t\t\t\t\t\t\t\t\t<\/div>\n\t\t\t\t\t\t\t\t\t\t\t\t\t\t\t\t\t\t\t\t\t\t\t\t<div class=\"post-details\">\n\t\t\t\t\t\t\t\t\t\t\t\t\t\t\t\t\t\t\t\t\t\t\t\t\t\t\t<div class=\"post-meta\">\n\t\t\t\t\t\t\t\t\t\t\t\t\t\t\t<span class=\"post-date published\">30, April 2024<\/span><time class=\"updated d-none\" datetime=\"2024-04-30T16:17:36+00:00\">30, April 2024<\/time>\t\t\t\t\t\t\t\t\t\t\t\t\t\t<\/div>\n\t\t\t\t\t\t\t\t\t\t\t\t\t\t\t\t\t\t\t\t\t\t\t\t\t\t\t\t\t\t\t\t\t\t\t\t\t\t\t\t<h6><a class=\"entry-title\" href=\"https:\/\/ecofab.pt\/de\/2024\/04\/pelletofen-effiziente-und-nachhaltige-heizlosung\/\">Pelletofen: Effiziente und nachhaltige Heizl\u00f6sung<\/a><\/h6>\n\t\t\t\t\t\t\t\t\t\t\t\t\t\t\t\t\t\t\t\t\t\t\t\t\t\t\t\t\t\t\t\t\t\t\t\t\t\t\t\t<div class=\"entry-content\">ECOFAB Pellet\u00f6fen zeichnen sich durch ihre robuste Gusseisenkonstruktion aus, die im Vergleich zu herk\u00f6mmlichen Holz- oder Dieselsystemen eine h\u00f6here thermische Effizienz...<\/div>\n\t\t\t\t\t\t\t\t\t\t\t\t\t\t\t\t\t\t\t\t\t\t\t\t\t\t\t\t\t\t\t\t\t\t\t\t\t\t\t\t\t<div class=\"elementor-button-wrapper\">\n\t\t\t\t\t\t\t\t\t\t\t\t\t\t\t<a href=\"https:\/\/ecofab.pt\/de\/2024\/04\/pelletofen-effiziente-und-nachhaltige-heizlosung\/\" class=\"elementor-button-link elementor-button blog-post-button\" role=\"button\">\n\t\t\t\t\t\t\t\t\t\t\t\t\t\t\t\t<span class=\"elementor-button-content-wrapper\">\n\t\t\t\t\t\t\t\t\t\t\t\t\t\t\t\t\t<span class=\"elementor-button-text\">Mehr lesen<\/span>\n\t\t\t\t\t\t\t\t\t\t\t\t\t\t\t\t<\/span>\n\t\t\t\t\t\t\t\t\t\t\t\t\t\t\t<\/a>\n\t\t\t\t\t\t\t\t\t\t\t\t\t\t<\/div>\n\t\t\t\t\t\t\t\t\t\t\t\t\t\t\t\t\t\t\t\t\t\t\t\t\t<\/div>\n\t\t\t\t\t\t\t\t\t\t\t\t\t\t\t\t\t\t\t\t\t\t<\/div>\n\t\t\t\t\t\t\t\t\t<\/li>\n\t\t\t\t\t\t\t\t\t\t\t\t\t\t\t\t\t\t<li class=\"grid-item grid-gutter blog-filter-1 blog-filter-86 post-78183 post type-post status-publish format-standard has-post-thumbnail hentry category-aquecimento category-sustentabilidade tag-ecofab tag-salamandras-a-pellets\">\n\t\t\t\t\t\t\t\t\t\t<div class=\"blog-post\">\n\t\t\t\t\t\t\t\t\t\t\t\t\t\t\t\t\t\t\t\t\t\t\t\t<div class=\"blog-post-images\">\n\t\t\t\t\t\t\t\t\t\t\t\t\t<a href=\"https:\/\/ecofab.pt\/de\/2024\/03\/energie-effizienz\/\"><img loading=\"lazy\" decoding=\"async\" width=\"800\" height=\"800\" src=\"https:\/\/ecofab.pt\/wp-content\/uploads\/2024\/03\/1710501047251.jpeg\" class=\"attachment-full size-full wp-post-image\" alt=\"Energie-Effizienz A+, Energie-Effizienz, Pellet\u00f6fen, Ecofab\" srcset=\"https:\/\/ecofab.pt\/wp-content\/uploads\/2024\/03\/1710501047251.jpeg 800w, https:\/\/ecofab.pt\/wp-content\/uploads\/2024\/03\/1710501047251-300x300.jpeg 300w, https:\/\/ecofab.pt\/wp-content\/uploads\/2024\/03\/1710501047251-150x150.jpeg 150w, https:\/\/ecofab.pt\/wp-content\/uploads\/2024\/03\/1710501047251-768x768.jpeg 768w, https:\/\/ecofab.pt\/wp-content\/uploads\/2024\/03\/1710501047251-12x12.jpeg 12w, https:\/\/ecofab.pt\/wp-content\/uploads\/2024\/03\/1710501047251-200x200.jpeg 200w\" sizes=\"(max-width: 800px) 100vw, 800px\" \/><\/a>\t\t\t\t\t\t\t\t\t\t\t\t\t<\/div>\n\t\t\t\t\t\t\t\t\t\t\t\t\t\t\t\t\t\t\t\t\t\t\t\t<div class=\"post-details\">\n\t\t\t\t\t\t\t\t\t\t\t\t\t\t\t\t\t\t\t\t\t\t\t\t\t\t\t<div class=\"post-meta\">\n\t\t\t\t\t\t\t\t\t\t\t\t\t\t\t<span class=\"post-date published\">25, M\u00e4rz 2024<\/span><time class=\"updated d-none\" datetime=\"2024-04-30T16:15:41+00:00\">30, April 2024<\/time>\t\t\t\t\t\t\t\t\t\t\t\t\t\t<\/div>\n\t\t\t\t\t\t\t\t\t\t\t\t\t\t\t\t\t\t\t\t\t\t\t\t\t\t\t\t\t\t\t\t\t\t\t\t\t\t\t\t<h6><a class=\"entry-title\" href=\"https:\/\/ecofab.pt\/de\/2024\/03\/energie-effizienz\/\">Energieeffizientes Heizen<\/a><\/h6>\n\t\t\t\t\t\t\t\t\t\t\t\t\t\t\t\t\t\t\t\t\t\t\t\t\t\t\t\t\t\t\t\t\t\t\t\t\t\t\t\t<div class=\"entry-content\">In einer zunehmend klimabewussten Welt ist die Energieeffizienz zu einem entscheidenden Kriterium bei der Wahl eines Haushaltsger\u00e4ts geworden, und sie ist besonders wichtig, wenn es um die Wahl des...<\/div>\n\t\t\t\t\t\t\t\t\t\t\t\t\t\t\t\t\t\t\t\t\t\t\t\t\t\t\t\t\t\t\t\t\t\t\t\t\t\t\t\t\t<div class=\"elementor-button-wrapper\">\n\t\t\t\t\t\t\t\t\t\t\t\t\t\t\t<a href=\"https:\/\/ecofab.pt\/de\/2024\/03\/energie-effizienz\/\" class=\"elementor-button-link elementor-button blog-post-button\" role=\"button\">\n\t\t\t\t\t\t\t\t\t\t\t\t\t\t\t\t<span class=\"elementor-button-content-wrapper\">\n\t\t\t\t\t\t\t\t\t\t\t\t\t\t\t\t\t<span class=\"elementor-button-text\">Mehr lesen<\/span>\n\t\t\t\t\t\t\t\t\t\t\t\t\t\t\t\t<\/span>\n\t\t\t\t\t\t\t\t\t\t\t\t\t\t\t<\/a>\n\t\t\t\t\t\t\t\t\t\t\t\t\t\t<\/div>\n\t\t\t\t\t\t\t\t\t\t\t\t\t\t\t\t\t\t\t\t\t\t\t\t\t<\/div>\n\t\t\t\t\t\t\t\t\t\t\t\t\t\t\t\t\t\t\t\t\t\t<\/div>\n\t\t\t\t\t\t\t\t\t<\/li>\n\t\t\t\t\t\t\t\t\t\t\t\t\t\t\t\t\t\t<li class=\"grid-item grid-gutter blog-filter-1 post-77296 post type-post status-publish format-standard has-post-thumbnail hentry category-aquecimento tag-ecofab tag-salamandras-a-pellets\">\n\t\t\t\t\t\t\t\t\t\t<div class=\"blog-post\">\n\t\t\t\t\t\t\t\t\t\t\t\t\t\t\t\t\t\t\t\t\t\t\t\t<div class=\"blog-post-images\">\n\t\t\t\t\t\t\t\t\t\t\t\t\t<a href=\"https:\/\/ecofab.pt\/de\/2024\/02\/design-wirtschaft-und-technologie\/\"><img loading=\"lazy\" decoding=\"async\" width=\"1707\" height=\"2560\" src=\"https:\/\/ecofab.pt\/wp-content\/uploads\/2024\/02\/Novas-FAB8-scaled.jpg\" class=\"attachment-full size-full wp-post-image\" alt=\"Design, Wirtschaft und Technologie\" srcset=\"https:\/\/ecofab.pt\/wp-content\/uploads\/2024\/02\/Novas-FAB8-scaled.jpg 1707w, https:\/\/ecofab.pt\/wp-content\/uploads\/2024\/02\/Novas-FAB8-200x300.jpg 200w, https:\/\/ecofab.pt\/wp-content\/uploads\/2024\/02\/Novas-FAB8-683x1024.jpg 683w, https:\/\/ecofab.pt\/wp-content\/uploads\/2024\/02\/Novas-FAB8-768x1152.jpg 768w, https:\/\/ecofab.pt\/wp-content\/uploads\/2024\/02\/Novas-FAB8-1024x1536.jpg 1024w, https:\/\/ecofab.pt\/wp-content\/uploads\/2024\/02\/Novas-FAB8-1365x2048.jpg 1365w, https:\/\/ecofab.pt\/wp-content\/uploads\/2024\/02\/Novas-FAB8-8x12.jpg 8w, https:\/\/ecofab.pt\/wp-content\/uploads\/2024\/02\/Novas-FAB8-1568x2352.jpg 1568w\" sizes=\"(max-width: 1707px) 100vw, 1707px\" \/><\/a>\t\t\t\t\t\t\t\t\t\t\t\t\t<\/div>\n\t\t\t\t\t\t\t\t\t\t\t\t\t\t\t\t\t\t\t\t\t\t\t\t<div class=\"post-details\">\n\t\t\t\t\t\t\t\t\t\t\t\t\t\t\t\t\t\t\t\t\t\t\t\t\t\t\t<div class=\"post-meta\">\n\t\t\t\t\t\t\t\t\t\t\t\t\t\t\t<span class=\"post-date published\">21. Februar 2024<\/span><time class=\"updated d-none\" datetime=\"2024-02-28T10:37:53+00:00\">28. Februar 2024<\/time>\t\t\t\t\t\t\t\t\t\t\t\t\t\t<\/div>\n\t\t\t\t\t\t\t\t\t\t\t\t\t\t\t\t\t\t\t\t\t\t\t\t\t\t\t\t\t\t\t\t\t\t\t\t\t\t\t\t<h6><a class=\"entry-title\" href=\"https:\/\/ecofab.pt\/de\/2024\/02\/design-wirtschaft-und-technologie\/\">Design, Wirtschaftlichkeit und Technologie bei Ecofab Pellet\u00f6fen<\/a><\/h6>\n\t\t\t\t\t\t\t\t\t\t\t\t\t\t\t\t\t\t\t\t\t\t\t\t\t\t\t\t\t\t\t\t\t\t\t\t\t\t\t\t<div class=\"entry-content\">Mit der Entwicklung des Heizungsmarktes f\u00fcr Privathaushalte wird die Bedeutung eines ausgewogenen Verh\u00e4ltnisses zwischen Design, Brennstoffeinsparung und technologischer Innovation immer deutlicher. Die Pellet\u00f6fen von ecofab.co.uk stehen f\u00fcr...<\/div>\n\t\t\t\t\t\t\t\t\t\t\t\t\t\t\t\t\t\t\t\t\t\t\t\t\t\t\t\t\t\t\t\t\t\t\t\t\t\t\t\t\t<div class=\"elementor-button-wrapper\">\n\t\t\t\t\t\t\t\t\t\t\t\t\t\t\t<a href=\"https:\/\/ecofab.pt\/de\/2024\/02\/design-wirtschaft-und-technologie\/\" class=\"elementor-button-link elementor-button blog-post-button\" role=\"button\">\n\t\t\t\t\t\t\t\t\t\t\t\t\t\t\t\t<span class=\"elementor-button-content-wrapper\">\n\t\t\t\t\t\t\t\t\t\t\t\t\t\t\t\t\t<span class=\"elementor-button-text\">Mehr lesen<\/span>\n\t\t\t\t\t\t\t\t\t\t\t\t\t\t\t\t<\/span>\n\t\t\t\t\t\t\t\t\t\t\t\t\t\t\t<\/a>\n\t\t\t\t\t\t\t\t\t\t\t\t\t\t<\/div>\n\t\t\t\t\t\t\t\t\t\t\t\t\t\t\t\t\t\t\t\t\t\t\t\t\t<\/div>\n\t\t\t\t\t\t\t\t\t\t\t\t\t\t\t\t\t\t\t\t\t\t<\/div>\n\t\t\t\t\t\t\t\t\t<\/li>\n\t\t\t\t\t\t\t\t\t\t\t\t\t\t\t\t\t\t<li class=\"grid-item grid-gutter blog-filter-1 blog-filter-3 post-32822 post type-post status-publish format-standard has-post-thumbnail hentry category-aquecimento category-equipamentos tag-aquecimento-eficiente tag-ecofab\">\n\t\t\t\t\t\t\t\t\t\t<div class=\"blog-post\">\n\t\t\t\t\t\t\t\t\t\t\t\t\t\t\t\t\t\t\t\t\t\t\t\t<div class=\"blog-post-images\">\n\t\t\t\t\t\t\t\t\t\t\t\t\t<a href=\"https:\/\/ecofab.pt\/de\/2024\/01\/geben-sie-niemals-nach-auser-bei-uberzeugungen-und-gesundem-menschenverstand\/\"><img loading=\"lazy\" decoding=\"async\" width=\"812\" height=\"848\" src=\"https:\/\/ecofab.pt\/wp-content\/uploads\/2021\/01\/ba031fa3-6e54-fe98-1ecd-de7a0ad09576.jpeg\" class=\"attachment-full size-full wp-post-image\" alt=\"ECOFAB, Heizungsl\u00f6sungen, Pellet\u00f6fen, Pellet\u00f6fen\" srcset=\"https:\/\/ecofab.pt\/wp-content\/uploads\/2021\/01\/ba031fa3-6e54-fe98-1ecd-de7a0ad09576.jpeg 812w, https:\/\/ecofab.pt\/wp-content\/uploads\/2021\/01\/ba031fa3-6e54-fe98-1ecd-de7a0ad09576-600x627.jpeg 600w, https:\/\/ecofab.pt\/wp-content\/uploads\/2021\/01\/ba031fa3-6e54-fe98-1ecd-de7a0ad09576-287x300.jpeg 287w, https:\/\/ecofab.pt\/wp-content\/uploads\/2021\/01\/ba031fa3-6e54-fe98-1ecd-de7a0ad09576-768x802.jpeg 768w, https:\/\/ecofab.pt\/wp-content\/uploads\/2021\/01\/ba031fa3-6e54-fe98-1ecd-de7a0ad09576-200x209.jpeg 200w\" sizes=\"(max-width: 812px) 100vw, 812px\" \/><\/a>\t\t\t\t\t\t\t\t\t\t\t\t\t<\/div>\n\t\t\t\t\t\t\t\t\t\t\t\t\t\t\t\t\t\t\t\t\t\t\t\t<div class=\"post-details\">\n\t\t\t\t\t\t\t\t\t\t\t\t\t\t\t\t\t\t\t\t\t\t\t\t\t\t\t<div class=\"post-meta\">\n\t\t\t\t\t\t\t\t\t\t\t\t\t\t\t<span class=\"post-date published\">20. Januar 2024<\/span><time class=\"updated d-none\" datetime=\"2024-02-28T10:37:54+00:00\">28. Februar 2024<\/time>\t\t\t\t\t\t\t\t\t\t\t\t\t\t<\/div>\n\t\t\t\t\t\t\t\t\t\t\t\t\t\t\t\t\t\t\t\t\t\t\t\t\t\t\t\t\t\t\t\t\t\t\t\t\t\t\t\t<h6><a class=\"entry-title\" href=\"https:\/\/ecofab.pt\/de\/2024\/01\/geben-sie-niemals-nach-auser-bei-uberzeugungen-und-gesundem-menschenverstand\/\">Begegnen Sie der K\u00e4lte mit der Effizienz des ECOFAB-Pelletofens<\/a><\/h6>\n\t\t\t\t\t\t\t\t\t\t\t\t\t\t\t\t\t\t\t\t\t\t\t\t\t\t\t\t\t\t\t\t\t\t\t\t\t\t\t\t<div class=\"entry-content\">Angesichts der heftigen K\u00e4ltewelle in Europa wird die Wahl eines effizienten Heizsystems f\u00fcr jeden, der sein Zuhause komfortabler gestalten m\u00f6chte, entscheidend. In diesem...<\/div>\n\t\t\t\t\t\t\t\t\t\t\t\t\t\t\t\t\t\t\t\t\t\t\t\t\t\t\t\t\t\t\t\t\t\t\t\t\t\t\t\t\t<div class=\"elementor-button-wrapper\">\n\t\t\t\t\t\t\t\t\t\t\t\t\t\t\t<a href=\"https:\/\/ecofab.pt\/de\/2024\/01\/geben-sie-niemals-nach-auser-bei-uberzeugungen-und-gesundem-menschenverstand\/\" class=\"elementor-button-link elementor-button blog-post-button\" role=\"button\">\n\t\t\t\t\t\t\t\t\t\t\t\t\t\t\t\t<span class=\"elementor-button-content-wrapper\">\n\t\t\t\t\t\t\t\t\t\t\t\t\t\t\t\t\t<span class=\"elementor-button-text\">Mehr lesen<\/span>\n\t\t\t\t\t\t\t\t\t\t\t\t\t\t\t\t<\/span>\n\t\t\t\t\t\t\t\t\t\t\t\t\t\t\t<\/a>\n\t\t\t\t\t\t\t\t\t\t\t\t\t\t<\/div>\n\t\t\t\t\t\t\t\t\t\t\t\t\t\t\t\t\t\t\t\t\t\t\t\t\t<\/div>\n\t\t\t\t\t\t\t\t\t\t\t\t\t\t\t\t\t\t\t\t\t\t<\/div>\n\t\t\t\t\t\t\t\t\t<\/li>\n\t\t\t\t\t\t\t\t\t\t\t\t\t\t\t\t\t\t<li class=\"grid-item grid-gutter blog-filter-16 post-32813 post type-post status-publish format-standard has-post-thumbnail hentry category-feiras tag-ecofab tag-feira-e-eventos\">\n\t\t\t\t\t\t\t\t\t\t<div class=\"blog-post\">\n\t\t\t\t\t\t\t\t\t\t\t\t\t\t\t\t\t\t\t\t\t\t\t\t<div class=\"blog-post-images\">\n\t\t\t\t\t\t\t\t\t\t\t\t\t<a href=\"https:\/\/ecofab.pt\/de\/2024\/01\/progetto-fuoco-2024-besuchen-sie-ecofab\/\"><img loading=\"lazy\" decoding=\"async\" width=\"4930\" height=\"2761\" src=\"https:\/\/ecofab.pt\/wp-content\/uploads\/2024\/01\/Localizacao-Verona.png\" class=\"attachment-full size-full wp-post-image\" alt=\"ECOFAB, Heizungsl\u00f6sungen, Pellet\u00f6fen, Pellet\u00f6fen\" srcset=\"https:\/\/ecofab.pt\/wp-content\/uploads\/2024\/01\/Localizacao-Verona.png 4930w, https:\/\/ecofab.pt\/wp-content\/uploads\/2024\/01\/Localizacao-Verona-600x336.png 600w, https:\/\/ecofab.pt\/wp-content\/uploads\/2024\/01\/Localizacao-Verona-300x168.png 300w, https:\/\/ecofab.pt\/wp-content\/uploads\/2024\/01\/Localizacao-Verona-1024x573.png 1024w, https:\/\/ecofab.pt\/wp-content\/uploads\/2024\/01\/Localizacao-Verona-768x430.png 768w, https:\/\/ecofab.pt\/wp-content\/uploads\/2024\/01\/Localizacao-Verona-1536x860.png 1536w, https:\/\/ecofab.pt\/wp-content\/uploads\/2024\/01\/Localizacao-Verona-2048x1147.png 2048w, https:\/\/ecofab.pt\/wp-content\/uploads\/2024\/01\/Localizacao-Verona-200x112.png 200w, https:\/\/ecofab.pt\/wp-content\/uploads\/2024\/01\/Localizacao-Verona-1568x878.png 1568w\" sizes=\"(max-width: 4930px) 100vw, 4930px\" \/><\/a>\t\t\t\t\t\t\t\t\t\t\t\t\t<\/div>\n\t\t\t\t\t\t\t\t\t\t\t\t\t\t\t\t\t\t\t\t\t\t\t\t<div class=\"post-details\">\n\t\t\t\t\t\t\t\t\t\t\t\t\t\t\t\t\t\t\t\t\t\t\t\t\t\t\t<div class=\"post-meta\">\n\t\t\t\t\t\t\t\t\t\t\t\t\t\t\t<span class=\"post-date published\">17. Januar 2024<\/span><time class=\"updated d-none\" datetime=\"2024-02-28T10:37:55+00:00\">28. Februar 2024<\/time>\t\t\t\t\t\t\t\t\t\t\t\t\t\t<\/div>\n\t\t\t\t\t\t\t\t\t\t\t\t\t\t\t\t\t\t\t\t\t\t\t\t\t\t\t\t\t\t\t\t\t\t\t\t\t\t\t\t<h6><a class=\"entry-title\" href=\"https:\/\/ecofab.pt\/de\/2024\/01\/progetto-fuoco-2024-besuchen-sie-ecofab\/\">Progetto Fuoco 2024: Besuchen Sie ECOFAB in Verona in Halle 6 Stand A52<\/a><\/h6>\n\t\t\t\t\t\t\t\t\t\t\t\t\t\t\t\t\t\t\t\t\t\t\t\t\t\t\t\t\t\t\t\t\t\t\t\t\t\t\t\t<div class=\"entry-content\">Wir freuen uns, die Teilnahme von ECOFAB an der renommierten internationalen Fachmesse Progetto Fuoco 2024 anzuk\u00fcndigen, die vom 28. Februar bis zum 2. M\u00e4rz in Verona, Italien, stattfinden wird. Diese Veranstaltung...<\/div>\n\t\t\t\t\t\t\t\t\t\t\t\t\t\t\t\t\t\t\t\t\t\t\t\t\t\t\t\t\t\t\t\t\t\t\t\t\t\t\t\t\t<div class=\"elementor-button-wrapper\">\n\t\t\t\t\t\t\t\t\t\t\t\t\t\t\t<a href=\"https:\/\/ecofab.pt\/de\/2024\/01\/progetto-fuoco-2024-besuchen-sie-ecofab\/\" class=\"elementor-button-link elementor-button blog-post-button\" role=\"button\">\n\t\t\t\t\t\t\t\t\t\t\t\t\t\t\t\t<span class=\"elementor-button-content-wrapper\">\n\t\t\t\t\t\t\t\t\t\t\t\t\t\t\t\t\t<span class=\"elementor-button-text\">Mehr lesen<\/span>\n\t\t\t\t\t\t\t\t\t\t\t\t\t\t\t\t<\/span>\n\t\t\t\t\t\t\t\t\t\t\t\t\t\t\t<\/a>\n\t\t\t\t\t\t\t\t\t\t\t\t\t\t<\/div>\n\t\t\t\t\t\t\t\t\t\t\t\t\t\t\t\t\t\t\t\t\t\t\t\t\t<\/div>\n\t\t\t\t\t\t\t\t\t\t\t\t\t\t\t\t\t\t\t\t\t\t<\/div>\n\t\t\t\t\t\t\t\t\t<\/li>\n\t\t\t\t\t\t\t\t\t\t\t\t\t\t\t\t\t\t<li class=\"grid-item grid-gutter blog-filter-1 post-32825 post type-post status-publish format-standard has-post-thumbnail hentry category-aquecimento tag-aquecimento-eficiente tag-ecofab\">\n\t\t\t\t\t\t\t\t\t\t<div class=\"blog-post\">\n\t\t\t\t\t\t\t\t\t\t\t\t\t\t\t\t\t\t\t\t\t\t\t\t<div class=\"blog-post-images\">\n\t\t\t\t\t\t\t\t\t\t\t\t\t<a href=\"https:\/\/ecofab.pt\/de\/2023\/12\/effiziente-heizungslosung-fur-portugiesische-hauser\/\"><img loading=\"lazy\" decoding=\"async\" width=\"2000\" height=\"1333\" src=\"https:\/\/ecofab.pt\/wp-content\/uploads\/2023\/12\/ALBERT-ECOFAB.jpg\" class=\"attachment-full size-full wp-post-image\" alt=\"Effiziente Heizl\u00f6sung, Pelletofen, ECOFAB\" srcset=\"https:\/\/ecofab.pt\/wp-content\/uploads\/2023\/12\/ALBERT-ECOFAB.jpg 2000w, https:\/\/ecofab.pt\/wp-content\/uploads\/2023\/12\/ALBERT-ECOFAB-600x400.jpg 600w, https:\/\/ecofab.pt\/wp-content\/uploads\/2023\/12\/ALBERT-ECOFAB-300x200.jpg 300w, https:\/\/ecofab.pt\/wp-content\/uploads\/2023\/12\/ALBERT-ECOFAB-1024x682.jpg 1024w, https:\/\/ecofab.pt\/wp-content\/uploads\/2023\/12\/ALBERT-ECOFAB-768x512.jpg 768w, https:\/\/ecofab.pt\/wp-content\/uploads\/2023\/12\/ALBERT-ECOFAB-1536x1024.jpg 1536w, https:\/\/ecofab.pt\/wp-content\/uploads\/2023\/12\/ALBERT-ECOFAB-200x133.jpg 200w, https:\/\/ecofab.pt\/wp-content\/uploads\/2023\/12\/ALBERT-ECOFAB-1568x1045.jpg 1568w\" sizes=\"(max-width: 2000px) 100vw, 2000px\" \/><\/a>\t\t\t\t\t\t\t\t\t\t\t\t\t<\/div>\n\t\t\t\t\t\t\t\t\t\t\t\t\t\t\t\t\t\t\t\t\t\t\t\t<div class=\"post-details\">\n\t\t\t\t\t\t\t\t\t\t\t\t\t\t\t\t\t\t\t\t\t\t\t\t\t\t\t<div class=\"post-meta\">\n\t\t\t\t\t\t\t\t\t\t\t\t\t\t\t<span class=\"post-date published\">5, Dezember 2023<\/span><time class=\"updated d-none\" datetime=\"2024-02-28T10:37:56+00:00\">28. Februar 2024<\/time>\t\t\t\t\t\t\t\t\t\t\t\t\t\t<\/div>\n\t\t\t\t\t\t\t\t\t\t\t\t\t\t\t\t\t\t\t\t\t\t\t\t\t\t\t\t\t\t\t\t\t\t\t\t\t\t\t\t<h6><a class=\"entry-title\" href=\"https:\/\/ecofab.pt\/de\/2023\/12\/effiziente-heizungslosung-fur-portugiesische-hauser\/\">ECOFAB: Effiziente Heizungsl\u00f6sung f\u00fcr portugiesische Haushalte<\/a><\/h6>\n\t\t\t\t\t\t\t\t\t\t\t\t\t\t\t\t\t\t\t\t\t\t\t\t\t\t\t\t\t\t\t\t\t\t\t\t\t\t\t\t<div class=\"entry-content\">Portugal, dessen Wohnungsbestand h\u00e4ufig Probleme mit der W\u00e4rmed\u00e4mmung und der thermischen Effizienz hat, steht ein besonders harter Herbst\/Winter bevor. Diese Realit\u00e4t wird durch einen Artikel in der Zeitung Expresso hervorgehoben, der...<\/div>\n\t\t\t\t\t\t\t\t\t\t\t\t\t\t\t\t\t\t\t\t\t\t\t\t\t\t\t\t\t\t\t\t\t\t\t\t\t\t\t\t\t<div class=\"elementor-button-wrapper\">\n\t\t\t\t\t\t\t\t\t\t\t\t\t\t\t<a href=\"https:\/\/ecofab.pt\/de\/2023\/12\/effiziente-heizungslosung-fur-portugiesische-hauser\/\" class=\"elementor-button-link elementor-button blog-post-button\" role=\"button\">\n\t\t\t\t\t\t\t\t\t\t\t\t\t\t\t\t<span class=\"elementor-button-content-wrapper\">\n\t\t\t\t\t\t\t\t\t\t\t\t\t\t\t\t\t<span class=\"elementor-button-text\">Mehr lesen<\/span>\n\t\t\t\t\t\t\t\t\t\t\t\t\t\t\t\t<\/span>\n\t\t\t\t\t\t\t\t\t\t\t\t\t\t\t<\/a>\n\t\t\t\t\t\t\t\t\t\t\t\t\t\t<\/div>\n\t\t\t\t\t\t\t\t\t\t\t\t\t\t\t\t\t\t\t\t\t\t\t\t\t<\/div>\n\t\t\t\t\t\t\t\t\t\t\t\t\t\t\t\t\t\t\t\t\t\t<\/div>\n\t\t\t\t\t\t\t\t\t<\/li>\n\t\t\t\t\t\t\t\t\t\t\t\t\t\t\t\t\t\t<li class=\"grid-item grid-gutter blog-filter-1 blog-filter-86 post-77749 post type-post status-publish format-standard hentry category-aquecimento category-sustentabilidade\">\n\t\t\t\t\t\t\t\t\t\t<div class=\"blog-post\">\n\t\t\t\t\t\t\t\t\t\t\t\t\t\t\t\t\t\t\t\t\t\t\t\t<div class=\"blog-post-images\">\n\t\t\t\t\t\t\t\t\t\t\t\t\t\t\t\t\t\t\t\t\t\t\t\t\t\t<\/div>\n\t\t\t\t\t\t\t\t\t\t\t\t\t\t\t\t\t\t\t\t\t\t\t\t<div class=\"post-details\">\n\t\t\t\t\t\t\t\t\t\t\t\t\t\t\t\t\t\t\t\t\t\t\t\t\t\t\t<div class=\"post-meta\">\n\t\t\t\t\t\t\t\t\t\t\t\t\t\t\t<span class=\"post-date published\">4, Dezember 2023<\/span><time class=\"updated d-none\" datetime=\"2024-03-25T10:48:07+00:00\">25, M\u00e4rz 2024<\/time>\t\t\t\t\t\t\t\t\t\t\t\t\t\t<\/div>\n\t\t\t\t\t\t\t\t\t\t\t\t\t\t\t\t\t\t\t\t\t\t\t\t\t\t\t\t\t\t\t\t\t\t\t\t\t\t\t\t<h6><a class=\"entry-title\" href=\"https:\/\/ecofab.pt\/de\/2023\/12\/warum-sie-sich-fur-einen-pelletofen-entscheiden-sollten\/\">Warum Sie sich f\u00fcr einen Pelletofen entscheiden sollten<\/a><\/h6>\n\t\t\t\t\t\t\t\t\t\t\t\t\t\t\t\t\t\t\t\t\t\t\t\t\t\t\t\t\t\t\t\t\t\t\t\t\t\t\t\t<div class=\"entry-content\">W\u00e4hrend wir uns auf die Wintersonnenwende und die l\u00e4ngste und manchmal k\u00e4lteste Nacht des Jahres zubewegen, sehen wir eine Zunahme der...<\/div>\n\t\t\t\t\t\t\t\t\t\t\t\t\t\t\t\t\t\t\t\t\t\t\t\t\t\t\t\t\t\t\t\t\t\t\t\t\t\t\t\t\t<div class=\"elementor-button-wrapper\">\n\t\t\t\t\t\t\t\t\t\t\t\t\t\t\t<a href=\"https:\/\/ecofab.pt\/de\/2023\/12\/warum-sie-sich-fur-einen-pelletofen-entscheiden-sollten\/\" class=\"elementor-button-link elementor-button blog-post-button\" role=\"button\">\n\t\t\t\t\t\t\t\t\t\t\t\t\t\t\t\t<span class=\"elementor-button-content-wrapper\">\n\t\t\t\t\t\t\t\t\t\t\t\t\t\t\t\t\t<span class=\"elementor-button-text\">Mehr lesen<\/span>\n\t\t\t\t\t\t\t\t\t\t\t\t\t\t\t\t<\/span>\n\t\t\t\t\t\t\t\t\t\t\t\t\t\t\t<\/a>\n\t\t\t\t\t\t\t\t\t\t\t\t\t\t<\/div>\n\t\t\t\t\t\t\t\t\t\t\t\t\t\t\t\t\t\t\t\t\t\t\t\t\t<\/div>\n\t\t\t\t\t\t\t\t\t\t\t\t\t\t\t\t\t\t\t\t\t\t<\/div>\n\t\t\t\t\t\t\t\t\t<\/li>\n\t\t\t\t\t\t\t\t\t\t\t\t\t\t\t\t\t\t<li class=\"grid-item grid-gutter blog-filter-1 post-77743 post type-post status-publish format-standard has-post-thumbnail hentry category-aquecimento\">\n\t\t\t\t\t\t\t\t\t\t<div class=\"blog-post\">\n\t\t\t\t\t\t\t\t\t\t\t\t\t\t\t\t\t\t\t\t\t\t\t\t<div class=\"blog-post-images\">\n\t\t\t\t\t\t\t\t\t\t\t\t\t<a href=\"https:\/\/ecofab.pt\/de\/2022\/11\/was-ist-die-beste-heizquelle-fur-ihren-winter\/\"><img loading=\"lazy\" decoding=\"async\" width=\"1600\" height=\"1066\" src=\"https:\/\/ecofab.pt\/wp-content\/uploads\/2024\/02\/Aquecimento-pellets-MARIE.jpeg\" class=\"attachment-full size-full wp-post-image\" alt=\"ECOFAB, Heizungsl\u00f6sungen, Pellet\u00f6fen, Pellet\u00f6fen\" srcset=\"https:\/\/ecofab.pt\/wp-content\/uploads\/2024\/02\/Aquecimento-pellets-MARIE.jpeg 1600w, https:\/\/ecofab.pt\/wp-content\/uploads\/2024\/02\/Aquecimento-pellets-MARIE-300x200.jpeg 300w, https:\/\/ecofab.pt\/wp-content\/uploads\/2024\/02\/Aquecimento-pellets-MARIE-1024x682.jpeg 1024w, https:\/\/ecofab.pt\/wp-content\/uploads\/2024\/02\/Aquecimento-pellets-MARIE-768x512.jpeg 768w, https:\/\/ecofab.pt\/wp-content\/uploads\/2024\/02\/Aquecimento-pellets-MARIE-1536x1023.jpeg 1536w, https:\/\/ecofab.pt\/wp-content\/uploads\/2024\/02\/Aquecimento-pellets-MARIE-18x12.jpeg 18w, https:\/\/ecofab.pt\/wp-content\/uploads\/2024\/02\/Aquecimento-pellets-MARIE-200x133.jpeg 200w, https:\/\/ecofab.pt\/wp-content\/uploads\/2024\/02\/Aquecimento-pellets-MARIE-1568x1045.jpeg 1568w\" sizes=\"(max-width: 1600px) 100vw, 1600px\" \/><\/a>\t\t\t\t\t\t\t\t\t\t\t\t\t<\/div>\n\t\t\t\t\t\t\t\t\t\t\t\t\t\t\t\t\t\t\t\t\t\t\t\t<div class=\"post-details\">\n\t\t\t\t\t\t\t\t\t\t\t\t\t\t\t\t\t\t\t\t\t\t\t\t\t\t\t<div class=\"post-meta\">\n\t\t\t\t\t\t\t\t\t\t\t\t\t\t\t<span class=\"post-date published\">2, November 2022<\/span><time class=\"updated d-none\" datetime=\"2024-02-28T10:37:56+00:00\">28. Februar 2024<\/time>\t\t\t\t\t\t\t\t\t\t\t\t\t\t<\/div>\n\t\t\t\t\t\t\t\t\t\t\t\t\t\t\t\t\t\t\t\t\t\t\t\t\t\t\t\t\t\t\t\t\t\t\t\t\t\t\t\t<h6><a class=\"entry-title\" href=\"https:\/\/ecofab.pt\/de\/2022\/11\/was-ist-die-beste-heizquelle-fur-ihren-winter\/\">Was ist die beste Heizquelle f\u00fcr Ihren Winter?<\/a><\/h6>\n\t\t\t\t\t\t\t\t\t\t\t\t\t\t\t\t\t\t\t\t\t\t\t\t\t\t\t\t\t\t\t\t\t\t\t\t\t\t\t\t<div class=\"entry-content\">Die heiklen Zeiten, die Europa in den letzten Jahren erlebt hat, sind in der j\u00fcngeren Geschichte kaum zu \u00fcbertreffen. Infolgedessen erleben wir einen unhaltbaren Anstieg der Kosten f\u00fcr alle Energiequellen...<\/div>\n\t\t\t\t\t\t\t\t\t\t\t\t\t\t\t\t\t\t\t\t\t\t\t\t\t\t\t\t\t\t\t\t\t\t\t\t\t\t\t\t\t<div class=\"elementor-button-wrapper\">\n\t\t\t\t\t\t\t\t\t\t\t\t\t\t\t<a href=\"https:\/\/ecofab.pt\/de\/2022\/11\/was-ist-die-beste-heizquelle-fur-ihren-winter\/\" class=\"elementor-button-link elementor-button blog-post-button\" role=\"button\">\n\t\t\t\t\t\t\t\t\t\t\t\t\t\t\t\t<span class=\"elementor-button-content-wrapper\">\n\t\t\t\t\t\t\t\t\t\t\t\t\t\t\t\t\t<span class=\"elementor-button-text\">Mehr lesen<\/span>\n\t\t\t\t\t\t\t\t\t\t\t\t\t\t\t\t<\/span>\n\t\t\t\t\t\t\t\t\t\t\t\t\t\t\t<\/a>\n\t\t\t\t\t\t\t\t\t\t\t\t\t\t<\/div>\n\t\t\t\t\t\t\t\t\t\t\t\t\t\t\t\t\t\t\t\t\t\t\t\t\t<\/div>\n\t\t\t\t\t\t\t\t\t\t\t\t\t\t\t\t\t\t\t\t\t\t<\/div>\n\t\t\t\t\t\t\t\t\t<\/li>\n\t\t\t\t\t\t\t\t\t\t\t\t\t\t\t\t\t\t<li class=\"grid-item grid-gutter blog-filter-3 post-77727 post type-post status-publish format-standard has-post-thumbnail hentry category-equipamentos\">\n\t\t\t\t\t\t\t\t\t\t<div class=\"blog-post\">\n\t\t\t\t\t\t\t\t\t\t\t\t\t\t\t\t\t\t\t\t\t\t\t\t<div class=\"blog-post-images\">\n\t\t\t\t\t\t\t\t\t\t\t\t\t<a href=\"https:\/\/ecofab.pt\/de\/2022\/05\/okodesign-2022\/\"><img loading=\"lazy\" decoding=\"async\" width=\"565\" height=\"708\" src=\"https:\/\/ecofab.pt\/wp-content\/uploads\/2024\/02\/ECODESIGN-2022.jpeg\" class=\"attachment-full size-full wp-post-image\" alt=\"ECOFAB, Heizungsl\u00f6sungen, Pellet\u00f6fen, Pellet\u00f6fen\" srcset=\"https:\/\/ecofab.pt\/wp-content\/uploads\/2024\/02\/ECODESIGN-2022.jpeg 565w, https:\/\/ecofab.pt\/wp-content\/uploads\/2024\/02\/ECODESIGN-2022-239x300.jpeg 239w, https:\/\/ecofab.pt\/wp-content\/uploads\/2024\/02\/ECODESIGN-2022-10x12.jpeg 10w, https:\/\/ecofab.pt\/wp-content\/uploads\/2024\/02\/ECODESIGN-2022-200x251.jpeg 200w\" sizes=\"(max-width: 565px) 100vw, 565px\" \/><\/a>\t\t\t\t\t\t\t\t\t\t\t\t\t<\/div>\n\t\t\t\t\t\t\t\t\t\t\t\t\t\t\t\t\t\t\t\t\t\t\t\t<div class=\"post-details\">\n\t\t\t\t\t\t\t\t\t\t\t\t\t\t\t\t\t\t\t\t\t\t\t\t\t\t\t<div class=\"post-meta\">\n\t\t\t\t\t\t\t\t\t\t\t\t\t\t\t<span class=\"post-date published\">25, Mai 2022<\/span><time class=\"updated d-none\" datetime=\"2024-02-28T10:38:05+00:00\">28. Februar 2024<\/time>\t\t\t\t\t\t\t\t\t\t\t\t\t\t<\/div>\n\t\t\t\t\t\t\t\t\t\t\t\t\t\t\t\t\t\t\t\t\t\t\t\t\t\t\t\t\t\t\t\t\t\t\t\t\t\t\t\t<h6><a class=\"entry-title\" href=\"https:\/\/ecofab.pt\/de\/2022\/05\/okodesign-2022\/\">ECODESIGN 2022<\/a><\/h6>\n\t\t\t\t\t\t\t\t\t\t\t\t\t\t\t\t\t\t\t\t\t\t\t\t\t\t\t\t\t\t\t\t\t\t\t\t\t\t\t\t<div class=\"entry-content\">ECOFAB entstand innerhalb der Felino SA, einem 1936 gegr\u00fcndeten Unternehmen mit 80-j\u00e4hriger Tradition in der Eisen- und Aluminiumgie\u00dferei-Branche, mit dem Ziel,...<\/div>\n\t\t\t\t\t\t\t\t\t\t\t\t\t\t\t\t\t\t\t\t\t\t\t\t\t\t\t\t\t\t\t\t\t\t\t\t\t\t\t\t\t<div class=\"elementor-button-wrapper\">\n\t\t\t\t\t\t\t\t\t\t\t\t\t\t\t<a href=\"https:\/\/ecofab.pt\/de\/2022\/05\/okodesign-2022\/\" class=\"elementor-button-link elementor-button blog-post-button\" role=\"button\">\n\t\t\t\t\t\t\t\t\t\t\t\t\t\t\t\t<span class=\"elementor-button-content-wrapper\">\n\t\t\t\t\t\t\t\t\t\t\t\t\t\t\t\t\t<span class=\"elementor-button-text\">Mehr lesen<\/span>\n\t\t\t\t\t\t\t\t\t\t\t\t\t\t\t\t<\/span>\n\t\t\t\t\t\t\t\t\t\t\t\t\t\t\t<\/a>\n\t\t\t\t\t\t\t\t\t\t\t\t\t\t<\/div>\n\t\t\t\t\t\t\t\t\t\t\t\t\t\t\t\t\t\t\t\t\t\t\t\t\t<\/div>\n\t\t\t\t\t\t\t\t\t\t\t\t\t\t\t\t\t\t\t\t\t\t<\/div>\n\t\t\t\t\t\t\t\t\t<\/li>\n\t\t\t\t\t\t\t\t\t\t\t\t\t\t\t\t\t\t<li class=\"grid-item grid-gutter blog-filter-16 post-77721 post type-post status-publish format-standard has-post-thumbnail hentry category-feiras\">\n\t\t\t\t\t\t\t\t\t\t<div class=\"blog-post\">\n\t\t\t\t\t\t\t\t\t\t\t\t\t\t\t\t\t\t\t\t\t\t\t\t<div class=\"blog-post-images\">\n\t\t\t\t\t\t\t\t\t\t\t\t\t<a href=\"https:\/\/ecofab.pt\/de\/2021\/11\/ifema-madrid\/\"><img loading=\"lazy\" decoding=\"async\" width=\"565\" height=\"708\" src=\"https:\/\/ecofab.pt\/wp-content\/uploads\/2024\/02\/IFEMA-MADRID.jpeg\" class=\"attachment-full size-full wp-post-image\" alt=\"IFEMA MADRID\" srcset=\"https:\/\/ecofab.pt\/wp-content\/uploads\/2024\/02\/IFEMA-MADRID.jpeg 565w, https:\/\/ecofab.pt\/wp-content\/uploads\/2024\/02\/IFEMA-MADRID-239x300.jpeg 239w, https:\/\/ecofab.pt\/wp-content\/uploads\/2024\/02\/IFEMA-MADRID-10x12.jpeg 10w, https:\/\/ecofab.pt\/wp-content\/uploads\/2024\/02\/IFEMA-MADRID-200x251.jpeg 200w\" sizes=\"(max-width: 565px) 100vw, 565px\" \/><\/a>\t\t\t\t\t\t\t\t\t\t\t\t\t<\/div>\n\t\t\t\t\t\t\t\t\t\t\t\t\t\t\t\t\t\t\t\t\t\t\t\t<div class=\"post-details\">\n\t\t\t\t\t\t\t\t\t\t\t\t\t\t\t\t\t\t\t\t\t\t\t\t\t\t\t<div class=\"post-meta\">\n\t\t\t\t\t\t\t\t\t\t\t\t\t\t\t<span class=\"post-date published\">16, November 2021<\/span><time class=\"updated d-none\" datetime=\"2024-02-28T10:38:09+00:00\">28. Februar 2024<\/time>\t\t\t\t\t\t\t\t\t\t\t\t\t\t<\/div>\n\t\t\t\t\t\t\t\t\t\t\t\t\t\t\t\t\t\t\t\t\t\t\t\t\t\t\t\t\t\t\t\t\t\t\t\t\t\t\t\t<h6><a class=\"entry-title\" href=\"https:\/\/ecofab.pt\/de\/2021\/11\/ifema-madrid\/\">IFEMA MADRID<\/a><\/h6>\n\t\t\t\t\t\t\t\t\t\t\t\t\t\t\t\t\t\t\t\t\t\t\t\t\t\t\t\t\t\t\t\t\t\t\t\t\t\t\t\t<div class=\"entry-content\">Wir glauben an die Bedeutung von Nachhaltigkeit, Design und Industrie f\u00fcr den Aufbau einer besseren Welt. Eine Welt, die gr\u00fcner ist und sich auf das menschliche Wohlbefinden konzentriert. Daher war es uns eine Freude, dass...<\/div>\n\t\t\t\t\t\t\t\t\t\t\t\t\t\t\t\t\t\t\t\t\t\t\t\t\t\t\t\t\t\t\t\t\t\t\t\t\t\t\t\t\t<div class=\"elementor-button-wrapper\">\n\t\t\t\t\t\t\t\t\t\t\t\t\t\t\t<a href=\"https:\/\/ecofab.pt\/de\/2021\/11\/ifema-madrid\/\" class=\"elementor-button-link elementor-button blog-post-button\" role=\"button\">\n\t\t\t\t\t\t\t\t\t\t\t\t\t\t\t\t<span class=\"elementor-button-content-wrapper\">\n\t\t\t\t\t\t\t\t\t\t\t\t\t\t\t\t\t<span class=\"elementor-button-text\">Mehr lesen<\/span>\n\t\t\t\t\t\t\t\t\t\t\t\t\t\t\t\t<\/span>\n\t\t\t\t\t\t\t\t\t\t\t\t\t\t\t<\/a>\n\t\t\t\t\t\t\t\t\t\t\t\t\t\t<\/div>\n\t\t\t\t\t\t\t\t\t\t\t\t\t\t\t\t\t\t\t\t\t\t\t\t\t<\/div>\n\t\t\t\t\t\t\t\t\t\t\t\t\t\t\t\t\t\t\t\t\t\t<\/div>\n\t\t\t\t\t\t\t\t\t<\/li>\n\t\t\t\t\t\t\t\t\t\t\t\t\t\t\t\t\t\t<li class=\"grid-item grid-gutter blog-filter-16 post-77715 post type-post status-publish format-standard has-post-thumbnail hentry category-feiras\">\n\t\t\t\t\t\t\t\t\t\t<div class=\"blog-post\">\n\t\t\t\t\t\t\t\t\t\t\t\t\t\t\t\t\t\t\t\t\t\t\t\t<div class=\"blog-post-images\">\n\t\t\t\t\t\t\t\t\t\t\t\t\t<a href=\"https:\/\/ecofab.pt\/de\/2021\/10\/hoteldekor\/\"><img loading=\"lazy\" decoding=\"async\" width=\"565\" height=\"708\" src=\"https:\/\/ecofab.pt\/wp-content\/uploads\/2024\/02\/DECOR-HOTEL.jpeg\" class=\"attachment-full size-full wp-post-image\" alt=\"DECOR HOTEL\" srcset=\"https:\/\/ecofab.pt\/wp-content\/uploads\/2024\/02\/DECOR-HOTEL.jpeg 565w, https:\/\/ecofab.pt\/wp-content\/uploads\/2024\/02\/DECOR-HOTEL-239x300.jpeg 239w, https:\/\/ecofab.pt\/wp-content\/uploads\/2024\/02\/DECOR-HOTEL-10x12.jpeg 10w, https:\/\/ecofab.pt\/wp-content\/uploads\/2024\/02\/DECOR-HOTEL-200x251.jpeg 200w\" sizes=\"(max-width: 565px) 100vw, 565px\" \/><\/a>\t\t\t\t\t\t\t\t\t\t\t\t\t<\/div>\n\t\t\t\t\t\t\t\t\t\t\t\t\t\t\t\t\t\t\t\t\t\t\t\t<div class=\"post-details\">\n\t\t\t\t\t\t\t\t\t\t\t\t\t\t\t\t\t\t\t\t\t\t\t\t\t\t\t<div class=\"post-meta\">\n\t\t\t\t\t\t\t\t\t\t\t\t\t\t\t<span class=\"post-date published\">20, Oktober 2021<\/span><time class=\"updated d-none\" datetime=\"2024-02-28T10:38:12+00:00\">28. Februar 2024<\/time>\t\t\t\t\t\t\t\t\t\t\t\t\t\t<\/div>\n\t\t\t\t\t\t\t\t\t\t\t\t\t\t\t\t\t\t\t\t\t\t\t\t\t\t\t\t\t\t\t\t\t\t\t\t\t\t\t\t<h6><a class=\"entry-title\" href=\"https:\/\/ecofab.pt\/de\/2021\/10\/hoteldekor\/\">DECOR HOTEL<\/a><\/h6>\n\t\t\t\t\t\t\t\t\t\t\t\t\t\t\t\t\t\t\t\t\t\t\t\t\t\t\t\t\t\t\t\t\t\t\t\t\t\t\t\t<div class=\"entry-content\">Nach der erfolgreichen Pr\u00e4sentation unserer Produkte auf der Expobiomassa in Valladolid war fab auf einer weiteren Veranstaltung vertreten - der DECORHOTEL. Eine Messe, die dem Hotel- und Gastst\u00e4ttengewerbe gewidmet ist und...<\/div>\n\t\t\t\t\t\t\t\t\t\t\t\t\t\t\t\t\t\t\t\t\t\t\t\t\t\t\t\t\t\t\t\t\t\t\t\t\t\t\t\t\t<div class=\"elementor-button-wrapper\">\n\t\t\t\t\t\t\t\t\t\t\t\t\t\t\t<a href=\"https:\/\/ecofab.pt\/de\/2021\/10\/hoteldekor\/\" class=\"elementor-button-link elementor-button blog-post-button\" role=\"button\">\n\t\t\t\t\t\t\t\t\t\t\t\t\t\t\t\t<span class=\"elementor-button-content-wrapper\">\n\t\t\t\t\t\t\t\t\t\t\t\t\t\t\t\t\t<span class=\"elementor-button-text\">Mehr lesen<\/span>\n\t\t\t\t\t\t\t\t\t\t\t\t\t\t\t\t<\/span>\n\t\t\t\t\t\t\t\t\t\t\t\t\t\t\t<\/a>\n\t\t\t\t\t\t\t\t\t\t\t\t\t\t<\/div>\n\t\t\t\t\t\t\t\t\t\t\t\t\t\t\t\t\t\t\t\t\t\t\t\t\t<\/div>\n\t\t\t\t\t\t\t\t\t\t\t\t\t\t\t\t\t\t\t\t\t\t<\/div>\n\t\t\t\t\t\t\t\t\t<\/li>\n\t\t\t\t\t\t\t\t\t\t\t\t\t\t\t\t\t\t<li class=\"grid-item grid-gutter blog-filter-16 post-77708 post type-post status-publish format-standard has-post-thumbnail hentry category-feiras\">\n\t\t\t\t\t\t\t\t\t\t<div class=\"blog-post\">\n\t\t\t\t\t\t\t\t\t\t\t\t\t\t\t\t\t\t\t\t\t\t\t\t<div class=\"blog-post-images\">\n\t\t\t\t\t\t\t\t\t\t\t\t\t<a href=\"https:\/\/ecofab.pt\/de\/2021\/09\/biomasa-expo-2021\/\"><img loading=\"lazy\" decoding=\"async\" width=\"565\" height=\"829\" src=\"https:\/\/ecofab.pt\/wp-content\/uploads\/2024\/02\/EXPO-BIOMASA-2021.jpeg\" class=\"attachment-full size-full wp-post-image\" alt=\"BIOMASA EXPO 2021\" srcset=\"https:\/\/ecofab.pt\/wp-content\/uploads\/2024\/02\/EXPO-BIOMASA-2021.jpeg 565w, https:\/\/ecofab.pt\/wp-content\/uploads\/2024\/02\/EXPO-BIOMASA-2021-204x300.jpeg 204w, https:\/\/ecofab.pt\/wp-content\/uploads\/2024\/02\/EXPO-BIOMASA-2021-8x12.jpeg 8w, https:\/\/ecofab.pt\/wp-content\/uploads\/2024\/02\/EXPO-BIOMASA-2021-200x293.jpeg 200w\" sizes=\"(max-width: 565px) 100vw, 565px\" \/><\/a>\t\t\t\t\t\t\t\t\t\t\t\t\t<\/div>\n\t\t\t\t\t\t\t\t\t\t\t\t\t\t\t\t\t\t\t\t\t\t\t\t<div class=\"post-details\">\n\t\t\t\t\t\t\t\t\t\t\t\t\t\t\t\t\t\t\t\t\t\t\t\t\t\t\t<div class=\"post-meta\">\n\t\t\t\t\t\t\t\t\t\t\t\t\t\t\t<span class=\"post-date published\">20, September 2021<\/span><time class=\"updated d-none\" datetime=\"2024-02-28T10:38:16+00:00\">28. Februar 2024<\/time>\t\t\t\t\t\t\t\t\t\t\t\t\t\t<\/div>\n\t\t\t\t\t\t\t\t\t\t\t\t\t\t\t\t\t\t\t\t\t\t\t\t\t\t\t\t\t\t\t\t\t\t\t\t\t\t\t\t<h6><a class=\"entry-title\" href=\"https:\/\/ecofab.pt\/de\/2021\/09\/biomasa-expo-2021\/\">BIOMASA EXPO 2021<\/a><\/h6>\n\t\t\t\t\t\t\t\t\t\t\t\t\t\t\t\t\t\t\t\t\t\t\t\t\t\t\t\t\t\t\t\t\t\t\t\t\t\t\t\t<div class=\"entry-content\">Mit gro\u00dfem Enthusiasmus haben wir unsere neue Kollektion \u00f6kologischer Produkte auf der Expobiomasa vorgestellt, einer internationalen Messe f\u00fcr Bioenergie, die vom 21. bis 23. Oktober in Valladolid stattfand...<\/div>\n\t\t\t\t\t\t\t\t\t\t\t\t\t\t\t\t\t\t\t\t\t\t\t\t\t\t\t\t\t\t\t\t\t\t\t\t\t\t\t\t\t<div class=\"elementor-button-wrapper\">\n\t\t\t\t\t\t\t\t\t\t\t\t\t\t\t<a href=\"https:\/\/ecofab.pt\/de\/2021\/09\/biomasa-expo-2021\/\" class=\"elementor-button-link elementor-button blog-post-button\" role=\"button\">\n\t\t\t\t\t\t\t\t\t\t\t\t\t\t\t\t<span class=\"elementor-button-content-wrapper\">\n\t\t\t\t\t\t\t\t\t\t\t\t\t\t\t\t\t<span class=\"elementor-button-text\">Mehr lesen<\/span>\n\t\t\t\t\t\t\t\t\t\t\t\t\t\t\t\t<\/span>\n\t\t\t\t\t\t\t\t\t\t\t\t\t\t\t<\/a>\n\t\t\t\t\t\t\t\t\t\t\t\t\t\t<\/div>\n\t\t\t\t\t\t\t\t\t\t\t\t\t\t\t\t\t\t\t\t\t\t\t\t\t<\/div>\n\t\t\t\t\t\t\t\t\t\t\t\t\t\t\t\t\t\t\t\t\t\t<\/div>\n\t\t\t\t\t\t\t\t\t<\/li>\n\t\t\t\t\t\t\t\t\t\t\t\t\t<\/ul>\n\t\t\t\t\t\t\t\t<\/div>\n\t\t\t\t<\/div>\n\t\t\t\t\t<\/div>\n\t\t<\/div>\n\t\t\t\t\t<\/div>\n\t\t<\/section>\n\t\t\t\t<\/div>","protected":false},"excerpt":{"rendered":"<p>Not\u00edcias Informa\u00e7\u00f5es do universo ECOFAB Descubra o universo ECOFAB, num espa\u00e7o dedicado \u00e0 inova\u00e7\u00e3o e efici\u00eancia em solu\u00e7\u00f5es de aquecimento, obtenha informa\u00e7\u00f5es sobre a presen\u00e7a da ECOFAB em feiras nacionais e internacionais, lan\u00e7amentos de novos produtos, e dicas pr\u00e1ticas para o aquecimento da sua casa.\u00a0 Todos Sustentabilidade Feiras e eventos Equipamentos Aquecimento 8, Outubro 20248, [&hellip;]<\/p>\n","protected":false},"author":1,"featured_media":75483,"parent":0,"menu_order":0,"comment_status":"closed","ping_status":"closed","template":"","meta":{"footnotes":""},"class_list":["post-76241","page","type-page","status-publish","has-post-thumbnail","hentry"],"_links":{"self":[{"href":"https:\/\/ecofab.pt\/de\/wp-json\/wp\/v2\/pages\/76241","targetHints":{"allow":["GET"]}}],"collection":[{"href":"https:\/\/ecofab.pt\/de\/wp-json\/wp\/v2\/pages"}],"about":[{"href":"https:\/\/ecofab.pt\/de\/wp-json\/wp\/v2\/types\/page"}],"author":[{"embeddable":true,"href":"https:\/\/ecofab.pt\/de\/wp-json\/wp\/v2\/users\/1"}],"replies":[{"embeddable":true,"href":"https:\/\/ecofab.pt\/de\/wp-json\/wp\/v2\/comments?post=76241"}],"version-history":[{"count":74,"href":"https:\/\/ecofab.pt\/de\/wp-json\/wp\/v2\/pages\/76241\/revisions"}],"predecessor-version":[{"id":78657,"href":"https:\/\/ecofab.pt\/de\/wp-json\/wp\/v2\/pages\/76241\/revisions\/78657"}],"wp:featuredmedia":[{"embeddable":true,"href":"https:\/\/ecofab.pt\/de\/wp-json\/wp\/v2\/media\/75483"}],"wp:attachment":[{"href":"https:\/\/ecofab.pt\/de\/wp-json\/wp\/v2\/media?parent=76241"}],"curies":[{"name":"wp","href":"https:\/\/api.w.org\/{rel}","templated":true}]}}