{"id":76241,"date":"2024-01-25T23:04:52","date_gmt":"2024-01-25T23:04:52","guid":{"rendered":"https:\/\/ecofab.pt\/?page_id=76241"},"modified":"2024-10-08T10:04:44","modified_gmt":"2024-10-08T10:04:44","slug":"nyheter","status":"publish","type":"page","link":"https:\/\/ecofab.pt\/sv\/nyheter\/","title":{"rendered":"Nyheter"},"content":{"rendered":"<div data-elementor-type=\"wp-page\" data-elementor-id=\"76241\" class=\"elementor elementor-76241\" data-elementor-post-type=\"page\">\n\t\t\t\t\t\t<section class=\"elementor-section elementor-top-section elementor-element elementor-element-b4be9b7 elementor-section-content-middle elementor-section-height-min-height elementor-section-items-bottom elementor-section-boxed elementor-section-height-default\" data-id=\"b4be9b7\" data-element_type=\"section\" data-e-type=\"section\" data-settings=\"{&quot;background_background&quot;:&quot;classic&quot;}\">\n\t\t\t\t\t\t\t<div class=\"elementor-background-overlay\"><\/div>\n\t\t\t\t\t\t\t<div class=\"elementor-container elementor-column-gap-default\">\n\t\t\t\t\t<div class=\"elementor-column elementor-col-100 elementor-top-column elementor-element elementor-element-3c0d5e7 animated-slow elementor-invisible\" data-fullscreen-column-settings=\"{&quot;fullscreen&quot;:&quot;&quot;}\" data-id=\"3c0d5e7\" data-element_type=\"column\" data-e-type=\"column\" data-settings=\"{&quot;animation&quot;:&quot;fadeIn&quot;,&quot;animation_delay&quot;:100}\">\n\t\t\t<div class=\"elementor-widget-wrap elementor-element-populated\">\n\t\t\t\t\t\t<div class=\"elementor-element elementor-element-f9f9520 elementor-widget-mobile__width-initial elementor-widget elementor-widget-litho-heading\" data-id=\"f9f9520\" data-element_type=\"widget\" data-e-type=\"widget\" data-widget_type=\"litho-heading.default\">\n\t\t\t\t<div class=\"elementor-widget-container\">\n\t\t\t\t\t<h1 class=\"litho-heading elementor-size-xl\"><span class=\"litho-primary-title\">Nyheter<\/span><\/h1>\t\t\t\t<\/div>\n\t\t\t\t<\/div>\n\t\t\t\t<div class=\"elementor-element elementor-element-6fb949b elementor-widget-mobile__width-initial elementor-widget elementor-widget-litho-heading\" data-id=\"6fb949b\" data-element_type=\"widget\" data-e-type=\"widget\" data-widget_type=\"litho-heading.default\">\n\t\t\t\t<div class=\"elementor-widget-container\">\n\t\t\t\t\t<h2 class=\"litho-heading elementor-size-large\"><span class=\"litho-primary-title\">Information fr\u00e5n ECOFAB-universumet<\/span><\/h2>\t\t\t\t<\/div>\n\t\t\t\t<\/div>\n\t\t\t\t\t<\/div>\n\t\t<\/div>\n\t\t\t\t\t<\/div>\n\t\t<\/section>\n\t\t\t\t<section class=\"elementor-section elementor-top-section elementor-element elementor-element-cdd4ac2 elementor-section-boxed elementor-section-height-default elementor-section-height-default\" data-id=\"cdd4ac2\" data-element_type=\"section\" data-e-type=\"section\" data-settings=\"{&quot;background_background&quot;:&quot;classic&quot;}\">\n\t\t\t\t\t\t<div class=\"elementor-container elementor-column-gap-default\">\n\t\t\t\t\t<div class=\"elementor-column elementor-col-100 elementor-top-column elementor-element elementor-element-e4794e8\" data-fullscreen-column-settings=\"{&quot;fullscreen&quot;:&quot;&quot;}\" data-id=\"e4794e8\" data-element_type=\"column\" data-e-type=\"column\">\n\t\t\t<div class=\"elementor-widget-wrap elementor-element-populated\">\n\t\t\t\t\t\t<div class=\"elementor-element elementor-element-abb8cfd elementor-widget elementor-widget-text-editor\" data-id=\"abb8cfd\" data-element_type=\"widget\" data-e-type=\"widget\" data-widget_type=\"text-editor.default\">\n\t\t\t\t<div class=\"elementor-widget-container\">\n\t\t\t\t\t\t\t\t\t<p><strong>Uppt\u00e4ck ECOFAB-universumet, i ett utrymme som \u00e4r dedikerat till innovation och effektivitet inom v\u00e4rmel\u00f6sningar, f\u00e5 information om ECOFABs n\u00e4rvaro p\u00e5 nationella och internationella m\u00e4ssor, nya produktlanseringar och praktiska tips f\u00f6r att v\u00e4rma upp ditt hem.\u00a0<\/strong><\/p>\t\t\t\t\t\t\t\t<\/div>\n\t\t\t\t<\/div>\n\t\t\t\t<div class=\"elementor-element elementor-element-32a0253 elementor-widget elementor-widget-litho-blog-list\" data-id=\"32a0253\" data-element_type=\"widget\" data-e-type=\"widget\" data-settings=\"{&quot;litho_blog_style&quot;:&quot;blog-standard&quot;}\" data-widget_type=\"litho-blog-list.default\">\n\t\t\t\t<div class=\"elementor-widget-container\">\n\t\t\t\t\t<ul class=\"blog-grid-filter nav nav-tabs\"><li class=\"nav active\">\n\t\t\t\t\t\t\t<a href=\"javascript:void(0);\" data-filter=\"*\">Alla<\/a>\n\t\t\t\t\t\t<\/li><li class=\"nav\">\n\t\t\t\t\t\t\t<a href=\"javascript:void(0);\" data-filter=\".blog-filter-86\">H\u00e5llbarhet<\/a>\n\t\t\t\t\t\t<\/li><li class=\"nav\">\n\t\t\t\t\t\t\t<a href=\"javascript:void(0);\" data-filter=\".blog-filter-16\">M\u00e4ssor och evenemang<\/a>\n\t\t\t\t\t\t<\/li><li class=\"nav\">\n\t\t\t\t\t\t\t<a href=\"javascript:void(0);\" data-filter=\".blog-filter-3\">Utrustning<\/a>\n\t\t\t\t\t\t<\/li><li class=\"nav\">\n\t\t\t\t\t\t\t<a href=\"javascript:void(0);\" data-filter=\".blog-filter-1\">Uppv\u00e4rmning<\/a>\n\t\t\t\t\t\t<\/li><\/ul>\n\t\t\t\t\t\t\t<ul data-uniqueid=\"litho-blog-1\" class=\"grid litho-blog-list litho-blog-1 blog-standard grid-3col md-grid-2col sm-grid-1col litho-grid-no-order blog-grid grid-masonry\" data-blog-settings=\"{&quot;pagination_type&quot;:&quot;&quot;}\">\n\t\t\t\t\t\t\t\t\t\t\t\t\t\t\t\t\t<li class=\"grid-sizer d-none p-0 m-0\"><\/li>\n\t\t\t\t\t\t\t\t\t\t\t\t\t\t\t\t\t\t\t\t\t<li class=\"grid-item grid-gutter blog-filter-3 post-78819 post type-post status-publish format-standard has-post-thumbnail hentry category-equipamentos tag-ecofab tag-salamandras-a-pellets\">\n\t\t\t\t\t\t\t\t\t\t<div class=\"blog-post\">\n\t\t\t\t\t\t\t\t\t\t\t\t\t\t\t\t\t\t\t\t\t\t\t\t<div class=\"blog-post-images\">\n\t\t\t\t\t\t\t\t\t\t\t\t\t<a href=\"https:\/\/ecofab.pt\/sv\/2025\/05\/funktioner-att-tanka-pa-nar-du-valjer-en-pelletskamin\/\"><img fetchpriority=\"high\" decoding=\"async\" width=\"1280\" height=\"720\" src=\"https:\/\/ecofab.pt\/wp-content\/uploads\/2025\/05\/ecofab3.png\" class=\"attachment-full size-full wp-post-image\" alt=\"\" srcset=\"https:\/\/ecofab.pt\/wp-content\/uploads\/2025\/05\/ecofab3.png 1280w, https:\/\/ecofab.pt\/wp-content\/uploads\/2025\/05\/ecofab3-300x169.png 300w, https:\/\/ecofab.pt\/wp-content\/uploads\/2025\/05\/ecofab3-1024x576.png 1024w, https:\/\/ecofab.pt\/wp-content\/uploads\/2025\/05\/ecofab3-768x432.png 768w, https:\/\/ecofab.pt\/wp-content\/uploads\/2025\/05\/ecofab3-18x10.png 18w, https:\/\/ecofab.pt\/wp-content\/uploads\/2025\/05\/ecofab3-200x113.png 200w\" sizes=\"(max-width: 1280px) 100vw, 1280px\" \/><\/a>\t\t\t\t\t\t\t\t\t\t\t\t\t<\/div>\n\t\t\t\t\t\t\t\t\t\t\t\t\t\t\t\t\t\t\t\t\t\t\t\t<div class=\"post-details\">\n\t\t\t\t\t\t\t\t\t\t\t\t\t\t\t\t\t\t\t\t\t\t\t\t\t\t\t<div class=\"post-meta\">\n\t\t\t\t\t\t\t\t\t\t\t\t\t\t\t<span class=\"post-date published\">5, maj 2025<\/span><time class=\"updated d-none\" datetime=\"2025-06-01T16:04:49+00:00\">1, juni 2025<\/time>\t\t\t\t\t\t\t\t\t\t\t\t\t\t<\/div>\n\t\t\t\t\t\t\t\t\t\t\t\t\t\t\t\t\t\t\t\t\t\t\t\t\t\t\t\t\t\t\t\t\t\t\t\t\t\t\t\t<h6><a class=\"entry-title\" href=\"https:\/\/ecofab.pt\/sv\/2025\/05\/funktioner-att-tanka-pa-nar-du-valjer-en-pelletskamin\/\">Funktioner att t\u00e4nka p\u00e5 n\u00e4r du k\u00f6per en pelletskamin<\/a><\/h6>\n\t\t\t\t\t\t\t\t\t\t\t\t\t\t\t\t\t\t\t\t\t\t\t\t\t\t\t\t\t\t\t\t\t\t\t\t\t\t\t\t<div class=\"entry-content\">Ao selecionar uma salamandra a pellets, especialmente da gama ECOFAB constru\u00edda em ferro fundido, \u00e9 fundamental considerar um conjunto de caracter\u00edsticas t\u00e9cnicas, funcionais e de efici\u00eancia que garantem o melhor desempenho,...<\/div>\n\t\t\t\t\t\t\t\t\t\t\t\t\t\t\t\t\t\t\t\t\t\t\t\t\t\t\t\t\t\t\t\t\t\t\t\t\t\t\t\t\t<div class=\"elementor-button-wrapper\">\n\t\t\t\t\t\t\t\t\t\t\t\t\t\t\t<a href=\"https:\/\/ecofab.pt\/sv\/2025\/05\/funktioner-att-tanka-pa-nar-du-valjer-en-pelletskamin\/\" class=\"elementor-button-link elementor-button blog-post-button\" role=\"button\">\n\t\t\t\t\t\t\t\t\t\t\t\t\t\t\t\t<span class=\"elementor-button-content-wrapper\">\n\t\t\t\t\t\t\t\t\t\t\t\t\t\t\t\t\t<span class=\"elementor-button-text\">L\u00e4s mer p\u00e5 engelska<\/span>\n\t\t\t\t\t\t\t\t\t\t\t\t\t\t\t\t<\/span>\n\t\t\t\t\t\t\t\t\t\t\t\t\t\t\t<\/a>\n\t\t\t\t\t\t\t\t\t\t\t\t\t\t<\/div>\n\t\t\t\t\t\t\t\t\t\t\t\t\t\t\t\t\t\t\t\t\t\t\t\t\t<\/div>\n\t\t\t\t\t\t\t\t\t\t\t\t\t\t\t\t\t\t\t\t\t\t<\/div>\n\t\t\t\t\t\t\t\t\t<\/li>\n\t\t\t\t\t\t\t\t\t\t\t\t\t\t\t\t\t\t<li class=\"grid-item grid-gutter blog-filter-3 blog-filter-86 post-78780 post type-post status-publish format-standard has-post-thumbnail hentry category-equipamentos category-sustentabilidade tag-ecofab tag-salamandras-a-pellets\">\n\t\t\t\t\t\t\t\t\t\t<div class=\"blog-post\">\n\t\t\t\t\t\t\t\t\t\t\t\t\t\t\t\t\t\t\t\t\t\t\t\t<div class=\"blog-post-images\">\n\t\t\t\t\t\t\t\t\t\t\t\t\t<a href=\"https:\/\/ecofab.pt\/sv\/2025\/04\/aquecimento-a-biomassa-eficiencia-sustentabilidade-e-poupanca-energetica\/\"><img decoding=\"async\" width=\"1980\" height=\"1487\" src=\"https:\/\/ecofab.pt\/wp-content\/uploads\/2024\/05\/ECOFAB_isaac-2.0-ambiente.png\" class=\"attachment-full size-full wp-post-image\" alt=\"ECOFAB, pelletskaminer, ECOFAB pelletskaminer, pelletskamin,\" srcset=\"https:\/\/ecofab.pt\/wp-content\/uploads\/2024\/05\/ECOFAB_isaac-2.0-ambiente.png 1980w, https:\/\/ecofab.pt\/wp-content\/uploads\/2024\/05\/ECOFAB_isaac-2.0-ambiente-300x225.png 300w, https:\/\/ecofab.pt\/wp-content\/uploads\/2024\/05\/ECOFAB_isaac-2.0-ambiente-1024x769.png 1024w, https:\/\/ecofab.pt\/wp-content\/uploads\/2024\/05\/ECOFAB_isaac-2.0-ambiente-768x577.png 768w, https:\/\/ecofab.pt\/wp-content\/uploads\/2024\/05\/ECOFAB_isaac-2.0-ambiente-1536x1154.png 1536w, https:\/\/ecofab.pt\/wp-content\/uploads\/2024\/05\/ECOFAB_isaac-2.0-ambiente-16x12.png 16w, https:\/\/ecofab.pt\/wp-content\/uploads\/2024\/05\/ECOFAB_isaac-2.0-ambiente-200x150.png 200w, https:\/\/ecofab.pt\/wp-content\/uploads\/2024\/05\/ECOFAB_isaac-2.0-ambiente-1568x1178.png 1568w\" sizes=\"(max-width: 1980px) 100vw, 1980px\" \/><\/a>\t\t\t\t\t\t\t\t\t\t\t\t\t<\/div>\n\t\t\t\t\t\t\t\t\t\t\t\t\t\t\t\t\t\t\t\t\t\t\t\t<div class=\"post-details\">\n\t\t\t\t\t\t\t\t\t\t\t\t\t\t\t\t\t\t\t\t\t\t\t\t\t\t\t<div class=\"post-meta\">\n\t\t\t\t\t\t\t\t\t\t\t\t\t\t\t<span class=\"post-date published\">19, april 2025<\/span><time class=\"updated d-none\" datetime=\"2025-05-11T13:36:09+00:00\">11, maj 2025<\/time>\t\t\t\t\t\t\t\t\t\t\t\t\t\t<\/div>\n\t\t\t\t\t\t\t\t\t\t\t\t\t\t\t\t\t\t\t\t\t\t\t\t\t\t\t\t\t\t\t\t\t\t\t\t\t\t\t\t<h6><a class=\"entry-title\" href=\"https:\/\/ecofab.pt\/sv\/2025\/04\/aquecimento-a-biomassa-eficiencia-sustentabilidade-e-poupanca-energetica\/\">Uppv\u00e4rmning med biomassa: Effektivitet, h\u00e5llbarhet och energibesparingar<\/a><\/h6>\n\t\t\t\t\t\t\t\t\t\t\t\t\t\t\t\t\t\t\t\t\t\t\t\t\t\t\t\t\t\t\t\t\t\t\t\t\t\t\t\t<div class=\"entry-content\">A ECOFAB marca presen\u00e7a na Formland Primavera 2025, um dos eventos de refer\u00eancia nos pa\u00edses n\u00f3rdicos para a ind\u00fastria de design e interiores.<\/div>\n\t\t\t\t\t\t\t\t\t\t\t\t\t\t\t\t\t\t\t\t\t\t\t\t\t\t\t\t\t\t\t\t\t\t\t\t\t\t\t\t\t<div class=\"elementor-button-wrapper\">\n\t\t\t\t\t\t\t\t\t\t\t\t\t\t\t<a href=\"https:\/\/ecofab.pt\/sv\/2025\/04\/aquecimento-a-biomassa-eficiencia-sustentabilidade-e-poupanca-energetica\/\" class=\"elementor-button-link elementor-button blog-post-button\" role=\"button\">\n\t\t\t\t\t\t\t\t\t\t\t\t\t\t\t\t<span class=\"elementor-button-content-wrapper\">\n\t\t\t\t\t\t\t\t\t\t\t\t\t\t\t\t\t<span class=\"elementor-button-text\">L\u00e4s mer p\u00e5 engelska<\/span>\n\t\t\t\t\t\t\t\t\t\t\t\t\t\t\t\t<\/span>\n\t\t\t\t\t\t\t\t\t\t\t\t\t\t\t<\/a>\n\t\t\t\t\t\t\t\t\t\t\t\t\t\t<\/div>\n\t\t\t\t\t\t\t\t\t\t\t\t\t\t\t\t\t\t\t\t\t\t\t\t\t<\/div>\n\t\t\t\t\t\t\t\t\t\t\t\t\t\t\t\t\t\t\t\t\t\t<\/div>\n\t\t\t\t\t\t\t\t\t<\/li>\n\t\t\t\t\t\t\t\t\t\t\t\t\t\t\t\t\t\t<li class=\"grid-item grid-gutter blog-filter-3 blog-filter-86 post-78785 post type-post status-publish format-standard has-post-thumbnail hentry category-equipamentos category-sustentabilidade tag-ecofab tag-salamandras-a-pellets\">\n\t\t\t\t\t\t\t\t\t\t<div class=\"blog-post\">\n\t\t\t\t\t\t\t\t\t\t\t\t\t\t\t\t\t\t\t\t\t\t\t\t<div class=\"blog-post-images\">\n\t\t\t\t\t\t\t\t\t\t\t\t\t<a href=\"https:\/\/ecofab.pt\/sv\/2025\/03\/reducao-de-17-do-iva\/\"><img decoding=\"async\" width=\"1000\" height=\"750\" src=\"https:\/\/ecofab.pt\/wp-content\/uploads\/2024\/05\/Nelson-menu.png\" class=\"attachment-full size-full wp-post-image\" alt=\"Nelson, pelletskamin Nelson, ECOFAB\" srcset=\"https:\/\/ecofab.pt\/wp-content\/uploads\/2024\/05\/Nelson-menu.png 1000w, https:\/\/ecofab.pt\/wp-content\/uploads\/2024\/05\/Nelson-menu-300x225.png 300w, https:\/\/ecofab.pt\/wp-content\/uploads\/2024\/05\/Nelson-menu-768x576.png 768w, https:\/\/ecofab.pt\/wp-content\/uploads\/2024\/05\/Nelson-menu-16x12.png 16w, https:\/\/ecofab.pt\/wp-content\/uploads\/2024\/05\/Nelson-menu-200x150.png 200w\" sizes=\"(max-width: 1000px) 100vw, 1000px\" \/><\/a>\t\t\t\t\t\t\t\t\t\t\t\t\t<\/div>\n\t\t\t\t\t\t\t\t\t\t\t\t\t\t\t\t\t\t\t\t\t\t\t\t<div class=\"post-details\">\n\t\t\t\t\t\t\t\t\t\t\t\t\t\t\t\t\t\t\t\t\t\t\t\t\t\t\t<div class=\"post-meta\">\n\t\t\t\t\t\t\t\t\t\t\t\t\t\t\t<span class=\"post-date published\">6, mars 2025<\/span><time class=\"updated d-none\" datetime=\"2025-03-19T15:25:20+00:00\">19 mars 2025<\/time>\t\t\t\t\t\t\t\t\t\t\t\t\t\t<\/div>\n\t\t\t\t\t\t\t\t\t\t\t\t\t\t\t\t\t\t\t\t\t\t\t\t\t\t\t\t\t\t\t\t\t\t\t\t\t\t\t\t<h6><a class=\"entry-title\" href=\"https:\/\/ecofab.pt\/sv\/2025\/03\/reducao-de-17-do-iva\/\">Sista m\u00e5naderna f\u00f6r att dra nytta av 17%-momsneds\u00e4ttningen p\u00e5 utrustning f\u00f6r biomassa<\/a><\/h6>\n\t\t\t\t\t\t\t\t\t\t\t\t\t\t\t\t\t\t\t\t\t\t\t\t\t\t\t\t\t\t\t\t\t\t\t\t\t\t\t\t<div class=\"entry-content\">A ECOFAB marca presen\u00e7a na Formland Primavera 2025, um dos eventos de refer\u00eancia nos pa\u00edses n\u00f3rdicos para a ind\u00fastria de design e interiores.<\/div>\n\t\t\t\t\t\t\t\t\t\t\t\t\t\t\t\t\t\t\t\t\t\t\t\t\t\t\t\t\t\t\t\t\t\t\t\t\t\t\t\t\t<div class=\"elementor-button-wrapper\">\n\t\t\t\t\t\t\t\t\t\t\t\t\t\t\t<a href=\"https:\/\/ecofab.pt\/sv\/2025\/03\/reducao-de-17-do-iva\/\" class=\"elementor-button-link elementor-button blog-post-button\" role=\"button\">\n\t\t\t\t\t\t\t\t\t\t\t\t\t\t\t\t<span class=\"elementor-button-content-wrapper\">\n\t\t\t\t\t\t\t\t\t\t\t\t\t\t\t\t\t<span class=\"elementor-button-text\">L\u00e4s mer p\u00e5 engelska<\/span>\n\t\t\t\t\t\t\t\t\t\t\t\t\t\t\t\t<\/span>\n\t\t\t\t\t\t\t\t\t\t\t\t\t\t\t<\/a>\n\t\t\t\t\t\t\t\t\t\t\t\t\t\t<\/div>\n\t\t\t\t\t\t\t\t\t\t\t\t\t\t\t\t\t\t\t\t\t\t\t\t\t<\/div>\n\t\t\t\t\t\t\t\t\t\t\t\t\t\t\t\t\t\t\t\t\t\t<\/div>\n\t\t\t\t\t\t\t\t\t<\/li>\n\t\t\t\t\t\t\t\t\t\t\t\t\t\t\t\t\t\t<li class=\"grid-item grid-gutter blog-filter-3 blog-filter-86 post-78775 post type-post status-publish format-standard has-post-thumbnail hentry category-equipamentos category-sustentabilidade tag-ecofab tag-salamandras-a-pellets\">\n\t\t\t\t\t\t\t\t\t\t<div class=\"blog-post\">\n\t\t\t\t\t\t\t\t\t\t\t\t\t\t\t\t\t\t\t\t\t\t\t\t<div class=\"blog-post-images\">\n\t\t\t\t\t\t\t\t\t\t\t\t\t<a href=\"https:\/\/ecofab.pt\/sv\/2025\/02\/smart-och-bekvam-uppvarmning\/\"><img loading=\"lazy\" decoding=\"async\" width=\"1024\" height=\"683\" src=\"https:\/\/ecofab.pt\/wp-content\/uploads\/2024\/11\/sacos-de-pellets.jpeg\" class=\"attachment-full size-full wp-post-image\" alt=\"p\u00e5sar med pellets\" srcset=\"https:\/\/ecofab.pt\/wp-content\/uploads\/2024\/11\/sacos-de-pellets.jpeg 1024w, https:\/\/ecofab.pt\/wp-content\/uploads\/2024\/11\/sacos-de-pellets-300x200.jpeg 300w, https:\/\/ecofab.pt\/wp-content\/uploads\/2024\/11\/sacos-de-pellets-768x512.jpeg 768w, https:\/\/ecofab.pt\/wp-content\/uploads\/2024\/11\/sacos-de-pellets-18x12.jpeg 18w, https:\/\/ecofab.pt\/wp-content\/uploads\/2024\/11\/sacos-de-pellets-200x133.jpeg 200w\" sizes=\"(max-width: 1024px) 100vw, 1024px\" \/><\/a>\t\t\t\t\t\t\t\t\t\t\t\t\t<\/div>\n\t\t\t\t\t\t\t\t\t\t\t\t\t\t\t\t\t\t\t\t\t\t\t\t<div class=\"post-details\">\n\t\t\t\t\t\t\t\t\t\t\t\t\t\t\t\t\t\t\t\t\t\t\t\t\t\t\t<div class=\"post-meta\">\n\t\t\t\t\t\t\t\t\t\t\t\t\t\t\t<span class=\"post-date published\">7, februari 2025<\/span><time class=\"updated d-none\" datetime=\"2025-03-19T15:28:54+00:00\">19 mars 2025<\/time>\t\t\t\t\t\t\t\t\t\t\t\t\t\t<\/div>\n\t\t\t\t\t\t\t\t\t\t\t\t\t\t\t\t\t\t\t\t\t\t\t\t\t\t\t\t\t\t\t\t\t\t\t\t\t\t\t\t<h6><a class=\"entry-title\" href=\"https:\/\/ecofab.pt\/sv\/2025\/02\/smart-och-bekvam-uppvarmning\/\">Smart och bekv\u00e4m uppv\u00e4rmning<\/a><\/h6>\n\t\t\t\t\t\t\t\t\t\t\t\t\t\t\t\t\t\t\t\t\t\t\t\t\t\t\t\t\t\t\t\t\t\t\t\t\t\t\t\t<div class=\"entry-content\">A ECOFAB marca presen\u00e7a na Formland Primavera 2025, um dos eventos de refer\u00eancia nos pa\u00edses n\u00f3rdicos para a ind\u00fastria de design e interiores.<\/div>\n\t\t\t\t\t\t\t\t\t\t\t\t\t\t\t\t\t\t\t\t\t\t\t\t\t\t\t\t\t\t\t\t\t\t\t\t\t\t\t\t\t<div class=\"elementor-button-wrapper\">\n\t\t\t\t\t\t\t\t\t\t\t\t\t\t\t<a href=\"https:\/\/ecofab.pt\/sv\/2025\/02\/smart-och-bekvam-uppvarmning\/\" class=\"elementor-button-link elementor-button blog-post-button\" role=\"button\">\n\t\t\t\t\t\t\t\t\t\t\t\t\t\t\t\t<span class=\"elementor-button-content-wrapper\">\n\t\t\t\t\t\t\t\t\t\t\t\t\t\t\t\t\t<span class=\"elementor-button-text\">L\u00e4s mer p\u00e5 engelska<\/span>\n\t\t\t\t\t\t\t\t\t\t\t\t\t\t\t\t<\/span>\n\t\t\t\t\t\t\t\t\t\t\t\t\t\t\t<\/a>\n\t\t\t\t\t\t\t\t\t\t\t\t\t\t<\/div>\n\t\t\t\t\t\t\t\t\t\t\t\t\t\t\t\t\t\t\t\t\t\t\t\t\t<\/div>\n\t\t\t\t\t\t\t\t\t\t\t\t\t\t\t\t\t\t\t\t\t\t<\/div>\n\t\t\t\t\t\t\t\t\t<\/li>\n\t\t\t\t\t\t\t\t\t\t\t\t\t\t\t\t\t\t<li class=\"grid-item grid-gutter blog-filter-3 post-78744 post type-post status-publish format-standard has-post-thumbnail hentry category-equipamentos tag-ecofab tag-salamandras-a-pellets\">\n\t\t\t\t\t\t\t\t\t\t<div class=\"blog-post\">\n\t\t\t\t\t\t\t\t\t\t\t\t\t\t\t\t\t\t\t\t\t\t\t\t<div class=\"blog-post-images\">\n\t\t\t\t\t\t\t\t\t\t\t\t\t<a href=\"https:\/\/ecofab.pt\/sv\/2025\/01\/bli-en-del-av-ett-varumarke-med-spetskompetens\/\"><img loading=\"lazy\" decoding=\"async\" width=\"1000\" height=\"750\" src=\"https:\/\/ecofab.pt\/wp-content\/uploads\/2024\/01\/ECOFAB-NELSON-1.0-frente.jpg\" class=\"attachment-full size-full wp-post-image\" alt=\"ECOFAB, v\u00e4rmel\u00f6sningar, pelletskaminer, pelletskaminer, pelletskaminer\" srcset=\"https:\/\/ecofab.pt\/wp-content\/uploads\/2024\/01\/ECOFAB-NELSON-1.0-frente.jpg 1000w, https:\/\/ecofab.pt\/wp-content\/uploads\/2024\/01\/ECOFAB-NELSON-1.0-frente-600x450.jpg 600w, https:\/\/ecofab.pt\/wp-content\/uploads\/2024\/01\/ECOFAB-NELSON-1.0-frente-300x225.jpg 300w, https:\/\/ecofab.pt\/wp-content\/uploads\/2024\/01\/ECOFAB-NELSON-1.0-frente-768x576.jpg 768w, https:\/\/ecofab.pt\/wp-content\/uploads\/2024\/01\/ECOFAB-NELSON-1.0-frente-200x150.jpg 200w\" sizes=\"(max-width: 1000px) 100vw, 1000px\" \/><\/a>\t\t\t\t\t\t\t\t\t\t\t\t\t<\/div>\n\t\t\t\t\t\t\t\t\t\t\t\t\t\t\t\t\t\t\t\t\t\t\t\t<div class=\"post-details\">\n\t\t\t\t\t\t\t\t\t\t\t\t\t\t\t\t\t\t\t\t\t\t\t\t\t\t\t<div class=\"post-meta\">\n\t\t\t\t\t\t\t\t\t\t\t\t\t\t\t<span class=\"post-date published\">5 januari 2025<\/span><time class=\"updated d-none\" datetime=\"2025-03-19T15:31:26+00:00\">19 mars 2025<\/time>\t\t\t\t\t\t\t\t\t\t\t\t\t\t<\/div>\n\t\t\t\t\t\t\t\t\t\t\t\t\t\t\t\t\t\t\t\t\t\t\t\t\t\t\t\t\t\t\t\t\t\t\t\t\t\t\t\t<h6><a class=\"entry-title\" href=\"https:\/\/ecofab.pt\/sv\/2025\/01\/bli-en-del-av-ett-varumarke-med-spetskompetens\/\">Bli en internationell ECOFAB-distribut\u00f6r: Anslut dig till ett varum\u00e4rke av h\u00f6gsta kvalitet<\/a><\/h6>\n\t\t\t\t\t\t\t\t\t\t\t\t\t\t\t\t\t\t\t\t\t\t\t\t\t\t\t\t\t\t\t\t\t\t\t\t\t\t\t\t<div class=\"entry-content\">A ECOFAB marca presen\u00e7a na Formland Primavera 2025, um dos eventos de refer\u00eancia nos pa\u00edses n\u00f3rdicos para a ind\u00fastria de design e interiores.<\/div>\n\t\t\t\t\t\t\t\t\t\t\t\t\t\t\t\t\t\t\t\t\t\t\t\t\t\t\t\t\t\t\t\t\t\t\t\t\t\t\t\t\t<div class=\"elementor-button-wrapper\">\n\t\t\t\t\t\t\t\t\t\t\t\t\t\t\t<a href=\"https:\/\/ecofab.pt\/sv\/2025\/01\/bli-en-del-av-ett-varumarke-med-spetskompetens\/\" class=\"elementor-button-link elementor-button blog-post-button\" role=\"button\">\n\t\t\t\t\t\t\t\t\t\t\t\t\t\t\t\t<span class=\"elementor-button-content-wrapper\">\n\t\t\t\t\t\t\t\t\t\t\t\t\t\t\t\t\t<span class=\"elementor-button-text\">L\u00e4s mer p\u00e5 engelska<\/span>\n\t\t\t\t\t\t\t\t\t\t\t\t\t\t\t\t<\/span>\n\t\t\t\t\t\t\t\t\t\t\t\t\t\t\t<\/a>\n\t\t\t\t\t\t\t\t\t\t\t\t\t\t<\/div>\n\t\t\t\t\t\t\t\t\t\t\t\t\t\t\t\t\t\t\t\t\t\t\t\t\t<\/div>\n\t\t\t\t\t\t\t\t\t\t\t\t\t\t\t\t\t\t\t\t\t\t<\/div>\n\t\t\t\t\t\t\t\t\t<\/li>\n\t\t\t\t\t\t\t\t\t\t\t\t\t\t\t\t\t\t<li class=\"grid-item grid-gutter blog-filter-3 blog-filter-1 blog-filter-86 post-78770 post type-post status-publish format-standard has-post-thumbnail hentry category-equipamentos category-aquecimento category-sustentabilidade tag-ecofab tag-salamandras-a-pellets\">\n\t\t\t\t\t\t\t\t\t\t<div class=\"blog-post\">\n\t\t\t\t\t\t\t\t\t\t\t\t\t\t\t\t\t\t\t\t\t\t\t\t<div class=\"blog-post-images\">\n\t\t\t\t\t\t\t\t\t\t\t\t\t<a href=\"https:\/\/ecofab.pt\/sv\/2024\/12\/smart-och-hallbar-uppvarmning\/\"><img loading=\"lazy\" decoding=\"async\" width=\"1600\" height=\"1066\" src=\"https:\/\/ecofab.pt\/wp-content\/uploads\/2024\/02\/Aquecimento-pellets-MARIE.jpeg\" class=\"attachment-full size-full wp-post-image\" alt=\"ECOFAB, v\u00e4rmel\u00f6sningar, pelletskaminer, pelletskaminer, pelletskaminer\" srcset=\"https:\/\/ecofab.pt\/wp-content\/uploads\/2024\/02\/Aquecimento-pellets-MARIE.jpeg 1600w, https:\/\/ecofab.pt\/wp-content\/uploads\/2024\/02\/Aquecimento-pellets-MARIE-300x200.jpeg 300w, https:\/\/ecofab.pt\/wp-content\/uploads\/2024\/02\/Aquecimento-pellets-MARIE-1024x682.jpeg 1024w, https:\/\/ecofab.pt\/wp-content\/uploads\/2024\/02\/Aquecimento-pellets-MARIE-768x512.jpeg 768w, https:\/\/ecofab.pt\/wp-content\/uploads\/2024\/02\/Aquecimento-pellets-MARIE-1536x1023.jpeg 1536w, https:\/\/ecofab.pt\/wp-content\/uploads\/2024\/02\/Aquecimento-pellets-MARIE-18x12.jpeg 18w, https:\/\/ecofab.pt\/wp-content\/uploads\/2024\/02\/Aquecimento-pellets-MARIE-200x133.jpeg 200w, https:\/\/ecofab.pt\/wp-content\/uploads\/2024\/02\/Aquecimento-pellets-MARIE-1568x1045.jpeg 1568w\" sizes=\"(max-width: 1600px) 100vw, 1600px\" \/><\/a>\t\t\t\t\t\t\t\t\t\t\t\t\t<\/div>\n\t\t\t\t\t\t\t\t\t\t\t\t\t\t\t\t\t\t\t\t\t\t\t\t<div class=\"post-details\">\n\t\t\t\t\t\t\t\t\t\t\t\t\t\t\t\t\t\t\t\t\t\t\t\t\t\t\t<div class=\"post-meta\">\n\t\t\t\t\t\t\t\t\t\t\t\t\t\t\t<span class=\"post-date published\">20 december 2024<\/span><time class=\"updated d-none\" datetime=\"2025-03-19T15:23:47+00:00\">19 mars 2025<\/time>\t\t\t\t\t\t\t\t\t\t\t\t\t\t<\/div>\n\t\t\t\t\t\t\t\t\t\t\t\t\t\t\t\t\t\t\t\t\t\t\t\t\t\t\t\t\t\t\t\t\t\t\t\t\t\t\t\t<h6><a class=\"entry-title\" href=\"https:\/\/ecofab.pt\/sv\/2024\/12\/smart-och-hallbar-uppvarmning\/\">Smart och h\u00e5llbar uppv\u00e4rmning<\/a><\/h6>\n\t\t\t\t\t\t\t\t\t\t\t\t\t\t\t\t\t\t\t\t\t\t\t\t\t\t\t\t\t\t\t\t\t\t\t\t\t\t\t\t<div class=\"entry-content\">A ECOFAB marca presen\u00e7a na Formland Primavera 2025, um dos eventos de refer\u00eancia nos pa\u00edses n\u00f3rdicos para a ind\u00fastria de design e interiores.<\/div>\n\t\t\t\t\t\t\t\t\t\t\t\t\t\t\t\t\t\t\t\t\t\t\t\t\t\t\t\t\t\t\t\t\t\t\t\t\t\t\t\t\t<div class=\"elementor-button-wrapper\">\n\t\t\t\t\t\t\t\t\t\t\t\t\t\t\t<a href=\"https:\/\/ecofab.pt\/sv\/2024\/12\/smart-och-hallbar-uppvarmning\/\" class=\"elementor-button-link elementor-button blog-post-button\" role=\"button\">\n\t\t\t\t\t\t\t\t\t\t\t\t\t\t\t\t<span class=\"elementor-button-content-wrapper\">\n\t\t\t\t\t\t\t\t\t\t\t\t\t\t\t\t\t<span class=\"elementor-button-text\">L\u00e4s mer p\u00e5 engelska<\/span>\n\t\t\t\t\t\t\t\t\t\t\t\t\t\t\t\t<\/span>\n\t\t\t\t\t\t\t\t\t\t\t\t\t\t\t<\/a>\n\t\t\t\t\t\t\t\t\t\t\t\t\t\t<\/div>\n\t\t\t\t\t\t\t\t\t\t\t\t\t\t\t\t\t\t\t\t\t\t\t\t\t<\/div>\n\t\t\t\t\t\t\t\t\t\t\t\t\t\t\t\t\t\t\t\t\t\t<\/div>\n\t\t\t\t\t\t\t\t\t<\/li>\n\t\t\t\t\t\t\t\t\t\t\t\t\t\t\t\t\t\t<li class=\"grid-item grid-gutter blog-filter-3 blog-filter-1 post-78715 post type-post status-publish format-standard has-post-thumbnail hentry category-equipamentos category-aquecimento tag-ecofab tag-salamandras-a-pellets\">\n\t\t\t\t\t\t\t\t\t\t<div class=\"blog-post\">\n\t\t\t\t\t\t\t\t\t\t\t\t\t\t\t\t\t\t\t\t\t\t\t\t<div class=\"blog-post-images\">\n\t\t\t\t\t\t\t\t\t\t\t\t\t<a href=\"https:\/\/ecofab.pt\/sv\/2024\/12\/hur-man-programmerar-kaminer-for-att-spara-energi\/\"><img loading=\"lazy\" decoding=\"async\" width=\"2168\" height=\"1222\" src=\"https:\/\/ecofab.pt\/wp-content\/uploads\/2024\/12\/programacao-das-salamandras-a-pellets.png\" class=\"attachment-full size-full wp-post-image\" alt=\"programmering av pelletskaminer\" srcset=\"https:\/\/ecofab.pt\/wp-content\/uploads\/2024\/12\/programacao-das-salamandras-a-pellets.png 2168w, https:\/\/ecofab.pt\/wp-content\/uploads\/2024\/12\/programacao-das-salamandras-a-pellets-300x169.png 300w, https:\/\/ecofab.pt\/wp-content\/uploads\/2024\/12\/programacao-das-salamandras-a-pellets-1024x577.png 1024w, https:\/\/ecofab.pt\/wp-content\/uploads\/2024\/12\/programacao-das-salamandras-a-pellets-768x433.png 768w, https:\/\/ecofab.pt\/wp-content\/uploads\/2024\/12\/programacao-das-salamandras-a-pellets-1536x866.png 1536w, https:\/\/ecofab.pt\/wp-content\/uploads\/2024\/12\/programacao-das-salamandras-a-pellets-2048x1154.png 2048w, https:\/\/ecofab.pt\/wp-content\/uploads\/2024\/12\/programacao-das-salamandras-a-pellets-18x10.png 18w, https:\/\/ecofab.pt\/wp-content\/uploads\/2024\/12\/programacao-das-salamandras-a-pellets-200x113.png 200w, https:\/\/ecofab.pt\/wp-content\/uploads\/2024\/12\/programacao-das-salamandras-a-pellets-1568x884.png 1568w\" sizes=\"(max-width: 2168px) 100vw, 2168px\" \/><\/a>\t\t\t\t\t\t\t\t\t\t\t\t\t<\/div>\n\t\t\t\t\t\t\t\t\t\t\t\t\t\t\t\t\t\t\t\t\t\t\t\t<div class=\"post-details\">\n\t\t\t\t\t\t\t\t\t\t\t\t\t\t\t\t\t\t\t\t\t\t\t\t\t\t\t<div class=\"post-meta\">\n\t\t\t\t\t\t\t\t\t\t\t\t\t\t\t<span class=\"post-date published\">4 december 2024<\/span><time class=\"updated d-none\" datetime=\"2024-12-09T12:14:10+00:00\">9 december 2024<\/time>\t\t\t\t\t\t\t\t\t\t\t\t\t\t<\/div>\n\t\t\t\t\t\t\t\t\t\t\t\t\t\t\t\t\t\t\t\t\t\t\t\t\t\t\t\t\t\t\t\t\t\t\t\t\t\t\t\t<h6><a class=\"entry-title\" href=\"https:\/\/ecofab.pt\/sv\/2024\/12\/hur-man-programmerar-kaminer-for-att-spara-energi\/\">Hur programmerar man spisar f\u00f6r att spara energi?<\/a><\/h6>\n\t\t\t\t\t\t\t\t\t\t\t\t\t\t\t\t\t\t\t\t\t\t\t\t\t\t\t\t\t\t\t\t\t\t\t\t\t\t\t\t<div class=\"entry-content\">Visste du att du kan p\u00e5verka pelletskaminens energif\u00f6rbrukning genom att programmera den? Anv\u00e4nd ECOFABs Wi-Fi-modul och programmera din kamin p\u00e5 ett effektivt s\u00e4tt.<\/div>\n\t\t\t\t\t\t\t\t\t\t\t\t\t\t\t\t\t\t\t\t\t\t\t\t\t\t\t\t\t\t\t\t\t\t\t\t\t\t\t\t\t<div class=\"elementor-button-wrapper\">\n\t\t\t\t\t\t\t\t\t\t\t\t\t\t\t<a href=\"https:\/\/ecofab.pt\/sv\/2024\/12\/hur-man-programmerar-kaminer-for-att-spara-energi\/\" class=\"elementor-button-link elementor-button blog-post-button\" role=\"button\">\n\t\t\t\t\t\t\t\t\t\t\t\t\t\t\t\t<span class=\"elementor-button-content-wrapper\">\n\t\t\t\t\t\t\t\t\t\t\t\t\t\t\t\t\t<span class=\"elementor-button-text\">L\u00e4s mer p\u00e5 engelska<\/span>\n\t\t\t\t\t\t\t\t\t\t\t\t\t\t\t\t<\/span>\n\t\t\t\t\t\t\t\t\t\t\t\t\t\t\t<\/a>\n\t\t\t\t\t\t\t\t\t\t\t\t\t\t<\/div>\n\t\t\t\t\t\t\t\t\t\t\t\t\t\t\t\t\t\t\t\t\t\t\t\t\t<\/div>\n\t\t\t\t\t\t\t\t\t\t\t\t\t\t\t\t\t\t\t\t\t\t<\/div>\n\t\t\t\t\t\t\t\t\t<\/li>\n\t\t\t\t\t\t\t\t\t\t\t\t\t\t\t\t\t\t<li class=\"grid-item grid-gutter blog-filter-3 post-78697 post type-post status-publish format-standard has-post-thumbnail hentry category-equipamentos tag-ecofab tag-salamandras-a-pellets\">\n\t\t\t\t\t\t\t\t\t\t<div class=\"blog-post\">\n\t\t\t\t\t\t\t\t\t\t\t\t\t\t\t\t\t\t\t\t\t\t\t\t<div class=\"blog-post-images\">\n\t\t\t\t\t\t\t\t\t\t\t\t\t<a href=\"https:\/\/ecofab.pt\/sv\/2024\/11\/hur-manga-sackar-pellets-anvands-per-dag\/\"><img loading=\"lazy\" decoding=\"async\" width=\"1024\" height=\"683\" src=\"https:\/\/ecofab.pt\/wp-content\/uploads\/2024\/11\/sacos-de-pellets.jpeg\" class=\"attachment-full size-full wp-post-image\" alt=\"p\u00e5sar med pellets\" srcset=\"https:\/\/ecofab.pt\/wp-content\/uploads\/2024\/11\/sacos-de-pellets.jpeg 1024w, https:\/\/ecofab.pt\/wp-content\/uploads\/2024\/11\/sacos-de-pellets-300x200.jpeg 300w, https:\/\/ecofab.pt\/wp-content\/uploads\/2024\/11\/sacos-de-pellets-768x512.jpeg 768w, https:\/\/ecofab.pt\/wp-content\/uploads\/2024\/11\/sacos-de-pellets-18x12.jpeg 18w, https:\/\/ecofab.pt\/wp-content\/uploads\/2024\/11\/sacos-de-pellets-200x133.jpeg 200w\" sizes=\"(max-width: 1024px) 100vw, 1024px\" \/><\/a>\t\t\t\t\t\t\t\t\t\t\t\t\t<\/div>\n\t\t\t\t\t\t\t\t\t\t\t\t\t\t\t\t\t\t\t\t\t\t\t\t<div class=\"post-details\">\n\t\t\t\t\t\t\t\t\t\t\t\t\t\t\t\t\t\t\t\t\t\t\t\t\t\t\t<div class=\"post-meta\">\n\t\t\t\t\t\t\t\t\t\t\t\t\t\t\t<span class=\"post-date published\">8 november 2024<\/span><time class=\"updated d-none\" datetime=\"2024-12-09T12:12:36+00:00\">9 december 2024<\/time>\t\t\t\t\t\t\t\t\t\t\t\t\t\t<\/div>\n\t\t\t\t\t\t\t\t\t\t\t\t\t\t\t\t\t\t\t\t\t\t\t\t\t\t\t\t\t\t\t\t\t\t\t\t\t\t\t\t<h6><a class=\"entry-title\" href=\"https:\/\/ecofab.pt\/sv\/2024\/11\/hur-manga-sackar-pellets-anvands-per-dag\/\">Hur m\u00e5nga p\u00e5sar pellets anv\u00e4nder du per dag?<\/a><\/h6>\n\t\t\t\t\t\t\t\t\t\t\t\t\t\t\t\t\t\t\t\t\t\t\t\t\t\t\t\t\t\t\t\t\t\t\t\t\t\t\t\t<div class=\"entry-content\">Hur m\u00e5nga s\u00e4ckar pellets anv\u00e4nder du varje dag? Ta reda p\u00e5 vilka faktorer som p\u00e5verkar den dagliga pelletsf\u00f6rbrukningen.<\/div>\n\t\t\t\t\t\t\t\t\t\t\t\t\t\t\t\t\t\t\t\t\t\t\t\t\t\t\t\t\t\t\t\t\t\t\t\t\t\t\t\t\t<div class=\"elementor-button-wrapper\">\n\t\t\t\t\t\t\t\t\t\t\t\t\t\t\t<a href=\"https:\/\/ecofab.pt\/sv\/2024\/11\/hur-manga-sackar-pellets-anvands-per-dag\/\" class=\"elementor-button-link elementor-button blog-post-button\" role=\"button\">\n\t\t\t\t\t\t\t\t\t\t\t\t\t\t\t\t<span class=\"elementor-button-content-wrapper\">\n\t\t\t\t\t\t\t\t\t\t\t\t\t\t\t\t\t<span class=\"elementor-button-text\">L\u00e4s mer p\u00e5 engelska<\/span>\n\t\t\t\t\t\t\t\t\t\t\t\t\t\t\t\t<\/span>\n\t\t\t\t\t\t\t\t\t\t\t\t\t\t\t<\/a>\n\t\t\t\t\t\t\t\t\t\t\t\t\t\t<\/div>\n\t\t\t\t\t\t\t\t\t\t\t\t\t\t\t\t\t\t\t\t\t\t\t\t\t<\/div>\n\t\t\t\t\t\t\t\t\t\t\t\t\t\t\t\t\t\t\t\t\t\t<\/div>\n\t\t\t\t\t\t\t\t\t<\/li>\n\t\t\t\t\t\t\t\t\t\t\t\t\t\t\t\t\t\t<li class=\"grid-item grid-gutter blog-filter-3 post-78689 post type-post status-publish format-standard has-post-thumbnail hentry category-equipamentos tag-ecofab tag-salamandras-a-pellets\">\n\t\t\t\t\t\t\t\t\t\t<div class=\"blog-post\">\n\t\t\t\t\t\t\t\t\t\t\t\t\t\t\t\t\t\t\t\t\t\t\t\t<div class=\"blog-post-images\">\n\t\t\t\t\t\t\t\t\t\t\t\t\t<a href=\"https:\/\/ecofab.pt\/sv\/2024\/10\/vilken-pelletskamin-du-ska-valja-for-renoveringsprojektet\/\"><img loading=\"lazy\" decoding=\"async\" width=\"1000\" height=\"667\" src=\"https:\/\/ecofab.pt\/wp-content\/uploads\/2024\/10\/Projeto-renovacao.jpg\" class=\"attachment-full size-full wp-post-image\" alt=\"Renoveringsprojekt\" srcset=\"https:\/\/ecofab.pt\/wp-content\/uploads\/2024\/10\/Projeto-renovacao.jpg 1000w, https:\/\/ecofab.pt\/wp-content\/uploads\/2024\/10\/Projeto-renovacao-300x200.jpg 300w, https:\/\/ecofab.pt\/wp-content\/uploads\/2024\/10\/Projeto-renovacao-768x512.jpg 768w, https:\/\/ecofab.pt\/wp-content\/uploads\/2024\/10\/Projeto-renovacao-18x12.jpg 18w, https:\/\/ecofab.pt\/wp-content\/uploads\/2024\/10\/Projeto-renovacao-200x133.jpg 200w\" sizes=\"(max-width: 1000px) 100vw, 1000px\" \/><\/a>\t\t\t\t\t\t\t\t\t\t\t\t\t<\/div>\n\t\t\t\t\t\t\t\t\t\t\t\t\t\t\t\t\t\t\t\t\t\t\t\t<div class=\"post-details\">\n\t\t\t\t\t\t\t\t\t\t\t\t\t\t\t\t\t\t\t\t\t\t\t\t\t\t\t<div class=\"post-meta\">\n\t\t\t\t\t\t\t\t\t\t\t\t\t\t\t<span class=\"post-date published\">9 oktober 2024<\/span><time class=\"updated d-none\" datetime=\"2024-12-09T09:58:11+00:00\">9 december 2024<\/time>\t\t\t\t\t\t\t\t\t\t\t\t\t\t<\/div>\n\t\t\t\t\t\t\t\t\t\t\t\t\t\t\t\t\t\t\t\t\t\t\t\t\t\t\t\t\t\t\t\t\t\t\t\t\t\t\t\t<h6><a class=\"entry-title\" href=\"https:\/\/ecofab.pt\/sv\/2024\/10\/vilken-pelletskamin-du-ska-valja-for-renoveringsprojektet\/\">Vilken pelletskamin ska du v\u00e4lja f\u00f6r ditt renoveringsprojekt<\/a><\/h6>\n\t\t\t\t\t\t\t\t\t\t\t\t\t\t\t\t\t\t\t\t\t\t\t\t\t\t\t\t\t\t\t\t\t\t\t\t\t\t\t\t<div class=\"entry-content\">L\u00e4r dig att v\u00e4lja en pelletskamin och identifiera den effekt som beh\u00f6vs f\u00f6r att v\u00e4rma upp ditt hem.<\/div>\n\t\t\t\t\t\t\t\t\t\t\t\t\t\t\t\t\t\t\t\t\t\t\t\t\t\t\t\t\t\t\t\t\t\t\t\t\t\t\t\t\t<div class=\"elementor-button-wrapper\">\n\t\t\t\t\t\t\t\t\t\t\t\t\t\t\t<a href=\"https:\/\/ecofab.pt\/sv\/2024\/10\/vilken-pelletskamin-du-ska-valja-for-renoveringsprojektet\/\" class=\"elementor-button-link elementor-button blog-post-button\" role=\"button\">\n\t\t\t\t\t\t\t\t\t\t\t\t\t\t\t\t<span class=\"elementor-button-content-wrapper\">\n\t\t\t\t\t\t\t\t\t\t\t\t\t\t\t\t\t<span class=\"elementor-button-text\">L\u00e4s mer p\u00e5 engelska<\/span>\n\t\t\t\t\t\t\t\t\t\t\t\t\t\t\t\t<\/span>\n\t\t\t\t\t\t\t\t\t\t\t\t\t\t\t<\/a>\n\t\t\t\t\t\t\t\t\t\t\t\t\t\t<\/div>\n\t\t\t\t\t\t\t\t\t\t\t\t\t\t\t\t\t\t\t\t\t\t\t\t\t<\/div>\n\t\t\t\t\t\t\t\t\t\t\t\t\t\t\t\t\t\t\t\t\t\t<\/div>\n\t\t\t\t\t\t\t\t\t<\/li>\n\t\t\t\t\t\t\t\t\t\t\t\t\t\t\t\t\t\t<li class=\"grid-item grid-gutter blog-filter-16 post-78645 post type-post status-publish format-standard has-post-thumbnail hentry category-feiras tag-ecofab tag-salamandras-a-pellets\">\n\t\t\t\t\t\t\t\t\t\t<div class=\"blog-post\">\n\t\t\t\t\t\t\t\t\t\t\t\t\t\t\t\t\t\t\t\t\t\t\t\t<div class=\"blog-post-images\">\n\t\t\t\t\t\t\t\t\t\t\t\t\t<a href=\"https:\/\/ecofab.pt\/sv\/2024\/10\/ecofab-deltar-i-massan-hem-villamassan-2024\/\"><img loading=\"lazy\" decoding=\"async\" width=\"1102\" height=\"1540\" src=\"https:\/\/ecofab.pt\/wp-content\/uploads\/2024\/10\/Albert-em-preto_suecia-e1742388241700.png\" class=\"attachment-full size-full wp-post-image\" alt=\"Hem &amp; Villam\u00e4ssan, ECOFAB, pelletskaminer, pelletskamin\" srcset=\"https:\/\/ecofab.pt\/wp-content\/uploads\/2024\/10\/Albert-em-preto_suecia-e1742388241700.png 1102w, https:\/\/ecofab.pt\/wp-content\/uploads\/2024\/10\/Albert-em-preto_suecia-e1742388241700-215x300.png 215w, https:\/\/ecofab.pt\/wp-content\/uploads\/2024\/10\/Albert-em-preto_suecia-e1742388241700-733x1024.png 733w, https:\/\/ecofab.pt\/wp-content\/uploads\/2024\/10\/Albert-em-preto_suecia-e1742388241700-768x1073.png 768w, https:\/\/ecofab.pt\/wp-content\/uploads\/2024\/10\/Albert-em-preto_suecia-e1742388241700-1099x1536.png 1099w, https:\/\/ecofab.pt\/wp-content\/uploads\/2024\/10\/Albert-em-preto_suecia-e1742388241700-9x12.png 9w, https:\/\/ecofab.pt\/wp-content\/uploads\/2024\/10\/Albert-em-preto_suecia-e1742388241700-200x279.png 200w\" sizes=\"(max-width: 1102px) 100vw, 1102px\" \/><\/a>\t\t\t\t\t\t\t\t\t\t\t\t\t<\/div>\n\t\t\t\t\t\t\t\t\t\t\t\t\t\t\t\t\t\t\t\t\t\t\t\t<div class=\"post-details\">\n\t\t\t\t\t\t\t\t\t\t\t\t\t\t\t\t\t\t\t\t\t\t\t\t\t\t\t<div class=\"post-meta\">\n\t\t\t\t\t\t\t\t\t\t\t\t\t\t\t<span class=\"post-date published\">1 oktober 2024<\/span><time class=\"updated d-none\" datetime=\"2024-10-08T14:31:27+00:00\">8 oktober 2024<\/time>\t\t\t\t\t\t\t\t\t\t\t\t\t\t<\/div>\n\t\t\t\t\t\t\t\t\t\t\t\t\t\t\t\t\t\t\t\t\t\t\t\t\t\t\t\t\t\t\t\t\t\t\t\t\t\t\t\t<h6><a class=\"entry-title\" href=\"https:\/\/ecofab.pt\/sv\/2024\/10\/ecofab-deltar-i-massan-hem-villamassan-2024\/\">ECOFAB deltar i m\u00e4ssan Hem &amp; Villam\u00e4ssan 2024<\/a><\/h6>\n\t\t\t\t\t\t\t\t\t\t\t\t\t\t\t\t\t\t\t\t\t\t\t\t\t\t\t\t\t\t\t\t\t\t\t\t\t\t\t\t<div class=\"entry-content\">ECOFAB deltar i m\u00e4ssan Hem &amp; Villam\u00e4ssan 2024 och presenterar d\u00e4r sina l\u00f6sningar f\u00f6r uppv\u00e4rmning med pelletskaminer.<\/div>\n\t\t\t\t\t\t\t\t\t\t\t\t\t\t\t\t\t\t\t\t\t\t\t\t\t\t\t\t\t\t\t\t\t\t\t\t\t\t\t\t\t<div class=\"elementor-button-wrapper\">\n\t\t\t\t\t\t\t\t\t\t\t\t\t\t\t<a href=\"https:\/\/ecofab.pt\/sv\/2024\/10\/ecofab-deltar-i-massan-hem-villamassan-2024\/\" class=\"elementor-button-link elementor-button blog-post-button\" role=\"button\">\n\t\t\t\t\t\t\t\t\t\t\t\t\t\t\t\t<span class=\"elementor-button-content-wrapper\">\n\t\t\t\t\t\t\t\t\t\t\t\t\t\t\t\t\t<span class=\"elementor-button-text\">L\u00e4s mer p\u00e5 engelska<\/span>\n\t\t\t\t\t\t\t\t\t\t\t\t\t\t\t\t<\/span>\n\t\t\t\t\t\t\t\t\t\t\t\t\t\t\t<\/a>\n\t\t\t\t\t\t\t\t\t\t\t\t\t\t<\/div>\n\t\t\t\t\t\t\t\t\t\t\t\t\t\t\t\t\t\t\t\t\t\t\t\t\t<\/div>\n\t\t\t\t\t\t\t\t\t\t\t\t\t\t\t\t\t\t\t\t\t\t<\/div>\n\t\t\t\t\t\t\t\t\t<\/li>\n\t\t\t\t\t\t\t\t\t\t\t\t\t\t\t\t\t\t<li class=\"grid-item grid-gutter blog-filter-3 post-78633 post type-post status-publish format-standard has-post-thumbnail hentry category-equipamentos tag-ecofab tag-salamandras-a-pellets\">\n\t\t\t\t\t\t\t\t\t\t<div class=\"blog-post\">\n\t\t\t\t\t\t\t\t\t\t\t\t\t\t\t\t\t\t\t\t\t\t\t\t<div class=\"blog-post-images\">\n\t\t\t\t\t\t\t\t\t\t\t\t\t<a href=\"https:\/\/ecofab.pt\/sv\/2024\/09\/hur-du-valjer-en-pelletskamin-for-ditt-hem\/\"><img loading=\"lazy\" decoding=\"async\" width=\"1000\" height=\"667\" src=\"https:\/\/ecofab.pt\/wp-content\/uploads\/2024\/10\/como-escolher-salamandra-a-pellets.jpg\" class=\"attachment-full size-full wp-post-image\" alt=\"hur man v\u00e4ljer en pelletskamin, ecofab\" srcset=\"https:\/\/ecofab.pt\/wp-content\/uploads\/2024\/10\/como-escolher-salamandra-a-pellets.jpg 1000w, https:\/\/ecofab.pt\/wp-content\/uploads\/2024\/10\/como-escolher-salamandra-a-pellets-300x200.jpg 300w, https:\/\/ecofab.pt\/wp-content\/uploads\/2024\/10\/como-escolher-salamandra-a-pellets-768x512.jpg 768w, https:\/\/ecofab.pt\/wp-content\/uploads\/2024\/10\/como-escolher-salamandra-a-pellets-18x12.jpg 18w, https:\/\/ecofab.pt\/wp-content\/uploads\/2024\/10\/como-escolher-salamandra-a-pellets-200x133.jpg 200w\" sizes=\"(max-width: 1000px) 100vw, 1000px\" \/><\/a>\t\t\t\t\t\t\t\t\t\t\t\t\t<\/div>\n\t\t\t\t\t\t\t\t\t\t\t\t\t\t\t\t\t\t\t\t\t\t\t\t<div class=\"post-details\">\n\t\t\t\t\t\t\t\t\t\t\t\t\t\t\t\t\t\t\t\t\t\t\t\t\t\t\t<div class=\"post-meta\">\n\t\t\t\t\t\t\t\t\t\t\t\t\t\t\t<span class=\"post-date published\">8 september 2024<\/span><time class=\"updated d-none\" datetime=\"2024-10-08T10:07:02+00:00\">8 oktober 2024<\/time>\t\t\t\t\t\t\t\t\t\t\t\t\t\t<\/div>\n\t\t\t\t\t\t\t\t\t\t\t\t\t\t\t\t\t\t\t\t\t\t\t\t\t\t\t\t\t\t\t\t\t\t\t\t\t\t\t\t<h6><a class=\"entry-title\" href=\"https:\/\/ecofab.pt\/sv\/2024\/09\/hur-du-valjer-en-pelletskamin-for-ditt-hem\/\">S\u00e5 v\u00e4ljer du en pelletskamin f\u00f6r ditt hem<\/a><\/h6>\n\t\t\t\t\t\t\t\t\t\t\t\t\t\t\t\t\t\t\t\t\t\t\t\t\t\t\t\t\t\t\t\t\t\t\t\t\t\t\t\t<div class=\"entry-content\">L\u00e4r dig att v\u00e4lja en pelletskamin och identifiera den effekt som beh\u00f6vs f\u00f6r att v\u00e4rma upp ditt hem.<\/div>\n\t\t\t\t\t\t\t\t\t\t\t\t\t\t\t\t\t\t\t\t\t\t\t\t\t\t\t\t\t\t\t\t\t\t\t\t\t\t\t\t\t<div class=\"elementor-button-wrapper\">\n\t\t\t\t\t\t\t\t\t\t\t\t\t\t\t<a href=\"https:\/\/ecofab.pt\/sv\/2024\/09\/hur-du-valjer-en-pelletskamin-for-ditt-hem\/\" class=\"elementor-button-link elementor-button blog-post-button\" role=\"button\">\n\t\t\t\t\t\t\t\t\t\t\t\t\t\t\t\t<span class=\"elementor-button-content-wrapper\">\n\t\t\t\t\t\t\t\t\t\t\t\t\t\t\t\t\t<span class=\"elementor-button-text\">L\u00e4s mer p\u00e5 engelska<\/span>\n\t\t\t\t\t\t\t\t\t\t\t\t\t\t\t\t<\/span>\n\t\t\t\t\t\t\t\t\t\t\t\t\t\t\t<\/a>\n\t\t\t\t\t\t\t\t\t\t\t\t\t\t<\/div>\n\t\t\t\t\t\t\t\t\t\t\t\t\t\t\t\t\t\t\t\t\t\t\t\t\t<\/div>\n\t\t\t\t\t\t\t\t\t\t\t\t\t\t\t\t\t\t\t\t\t\t<\/div>\n\t\t\t\t\t\t\t\t\t<\/li>\n\t\t\t\t\t\t\t\t\t\t\t\t\t\t\t\t\t\t<li class=\"grid-item grid-gutter blog-filter-1 post-78616 post type-post status-publish format-standard has-post-thumbnail hentry category-aquecimento tag-ecofab tag-salamandras-a-pellets\">\n\t\t\t\t\t\t\t\t\t\t<div class=\"blog-post\">\n\t\t\t\t\t\t\t\t\t\t\t\t\t\t\t\t\t\t\t\t\t\t\t\t<div class=\"blog-post-images\">\n\t\t\t\t\t\t\t\t\t\t\t\t\t<a href=\"https:\/\/ecofab.pt\/sv\/2024\/08\/eskalerande-energipriser\/\"><img loading=\"lazy\" decoding=\"async\" width=\"1080\" height=\"603\" src=\"https:\/\/ecofab.pt\/wp-content\/uploads\/2024\/08\/Precos-da-Energia.jpeg\" class=\"attachment-full size-full wp-post-image\" alt=\"Energipriser, ECOFAB\" srcset=\"https:\/\/ecofab.pt\/wp-content\/uploads\/2024\/08\/Precos-da-Energia.jpeg 1080w, https:\/\/ecofab.pt\/wp-content\/uploads\/2024\/08\/Precos-da-Energia-300x168.jpeg 300w, https:\/\/ecofab.pt\/wp-content\/uploads\/2024\/08\/Precos-da-Energia-1024x572.jpeg 1024w, https:\/\/ecofab.pt\/wp-content\/uploads\/2024\/08\/Precos-da-Energia-768x429.jpeg 768w, https:\/\/ecofab.pt\/wp-content\/uploads\/2024\/08\/Precos-da-Energia-18x10.jpeg 18w, https:\/\/ecofab.pt\/wp-content\/uploads\/2024\/08\/Precos-da-Energia-200x112.jpeg 200w\" sizes=\"(max-width: 1080px) 100vw, 1080px\" \/><\/a>\t\t\t\t\t\t\t\t\t\t\t\t\t<\/div>\n\t\t\t\t\t\t\t\t\t\t\t\t\t\t\t\t\t\t\t\t\t\t\t\t<div class=\"post-details\">\n\t\t\t\t\t\t\t\t\t\t\t\t\t\t\t\t\t\t\t\t\t\t\t\t\t\t\t<div class=\"post-meta\">\n\t\t\t\t\t\t\t\t\t\t\t\t\t\t\t<span class=\"post-date published\">6 augusti 2024<\/span><time class=\"updated d-none\" datetime=\"2024-10-08T10:06:52+00:00\">8 oktober 2024<\/time>\t\t\t\t\t\t\t\t\t\t\t\t\t\t<\/div>\n\t\t\t\t\t\t\t\t\t\t\t\t\t\t\t\t\t\t\t\t\t\t\t\t\t\t\t\t\t\t\t\t\t\t\t\t\t\t\t\t<h6><a class=\"entry-title\" href=\"https:\/\/ecofab.pt\/sv\/2024\/08\/eskalerande-energipriser\/\">G\u00f6r dig redo f\u00f6r eskalerande energipriser<\/a><\/h6>\n\t\t\t\t\t\t\t\t\t\t\t\t\t\t\t\t\t\t\t\t\t\t\t\t\t\t\t\t\t\t\t\t\t\t\t\t\t\t\t\t<div class=\"entry-content\">F\u00f6rbered dig mot den ohejdbara \u00f6kningen av energipriserna med pelletskaminen ECOFAB.<\/div>\n\t\t\t\t\t\t\t\t\t\t\t\t\t\t\t\t\t\t\t\t\t\t\t\t\t\t\t\t\t\t\t\t\t\t\t\t\t\t\t\t\t<div class=\"elementor-button-wrapper\">\n\t\t\t\t\t\t\t\t\t\t\t\t\t\t\t<a href=\"https:\/\/ecofab.pt\/sv\/2024\/08\/eskalerande-energipriser\/\" class=\"elementor-button-link elementor-button blog-post-button\" role=\"button\">\n\t\t\t\t\t\t\t\t\t\t\t\t\t\t\t\t<span class=\"elementor-button-content-wrapper\">\n\t\t\t\t\t\t\t\t\t\t\t\t\t\t\t\t\t<span class=\"elementor-button-text\">L\u00e4s mer p\u00e5 engelska<\/span>\n\t\t\t\t\t\t\t\t\t\t\t\t\t\t\t\t<\/span>\n\t\t\t\t\t\t\t\t\t\t\t\t\t\t\t<\/a>\n\t\t\t\t\t\t\t\t\t\t\t\t\t\t<\/div>\n\t\t\t\t\t\t\t\t\t\t\t\t\t\t\t\t\t\t\t\t\t\t\t\t\t<\/div>\n\t\t\t\t\t\t\t\t\t\t\t\t\t\t\t\t\t\t\t\t\t\t<\/div>\n\t\t\t\t\t\t\t\t\t<\/li>\n\t\t\t\t\t\t\t\t\t\t\t\t\t\t\t\t\t\t<li class=\"grid-item grid-gutter blog-filter-1 blog-filter-3 post-78560 post type-post status-publish format-standard has-post-thumbnail hentry category-aquecimento category-equipamentos tag-ecofab tag-salamandras-a-pellets\">\n\t\t\t\t\t\t\t\t\t\t<div class=\"blog-post\">\n\t\t\t\t\t\t\t\t\t\t\t\t\t\t\t\t\t\t\t\t\t\t\t\t<div class=\"blog-post-images\">\n\t\t\t\t\t\t\t\t\t\t\t\t\t<a href=\"https:\/\/ecofab.pt\/sv\/2024\/07\/pelletskaminer-effektiv-uppvarmning\/\"><img loading=\"lazy\" decoding=\"async\" width=\"1080\" height=\"1080\" src=\"https:\/\/ecofab.pt\/wp-content\/uploads\/2024\/05\/NELSON-2.0.png\" class=\"attachment-full size-full wp-post-image\" alt=\"Nelson, pelletskamin Nelson, ECOFAB, pelletskamin,\" srcset=\"https:\/\/ecofab.pt\/wp-content\/uploads\/2024\/05\/NELSON-2.0.png 1080w, https:\/\/ecofab.pt\/wp-content\/uploads\/2024\/05\/NELSON-2.0-300x300.png 300w, https:\/\/ecofab.pt\/wp-content\/uploads\/2024\/05\/NELSON-2.0-1024x1024.png 1024w, https:\/\/ecofab.pt\/wp-content\/uploads\/2024\/05\/NELSON-2.0-150x150.png 150w, https:\/\/ecofab.pt\/wp-content\/uploads\/2024\/05\/NELSON-2.0-768x768.png 768w, https:\/\/ecofab.pt\/wp-content\/uploads\/2024\/05\/NELSON-2.0-12x12.png 12w, https:\/\/ecofab.pt\/wp-content\/uploads\/2024\/05\/NELSON-2.0-200x200.png 200w, https:\/\/ecofab.pt\/wp-content\/uploads\/2024\/05\/elementor\/thumbs\/NELSON-2.0-qnj0dtcdztx7b116i2plltqoqab9b1vonjh0y0s9j4.png 800w\" sizes=\"(max-width: 1080px) 100vw, 1080px\" \/><\/a>\t\t\t\t\t\t\t\t\t\t\t\t\t<\/div>\n\t\t\t\t\t\t\t\t\t\t\t\t\t\t\t\t\t\t\t\t\t\t\t\t<div class=\"post-details\">\n\t\t\t\t\t\t\t\t\t\t\t\t\t\t\t\t\t\t\t\t\t\t\t\t\t\t\t<div class=\"post-meta\">\n\t\t\t\t\t\t\t\t\t\t\t\t\t\t\t<span class=\"post-date published\">1 juli 2024<\/span><time class=\"updated d-none\" datetime=\"2024-07-01T17:32:55+00:00\">1 juli 2024<\/time>\t\t\t\t\t\t\t\t\t\t\t\t\t\t<\/div>\n\t\t\t\t\t\t\t\t\t\t\t\t\t\t\t\t\t\t\t\t\t\t\t\t\t\t\t\t\t\t\t\t\t\t\t\t\t\t\t\t<h6><a class=\"entry-title\" href=\"https:\/\/ecofab.pt\/sv\/2024\/07\/pelletskaminer-effektiv-uppvarmning\/\">Pelletskaminer: Effektiv uppv\u00e4rmningsl\u00f6sning \u00e5ret runt<\/a><\/h6>\n\t\t\t\t\t\t\t\t\t\t\t\t\t\t\t\t\t\t\t\t\t\t\t\t\t\t\t\t\t\t\t\t\t\t\t\t\t\t\t\t<div class=\"entry-content\">Ta reda p\u00e5 hur ECOFAB pelletskaminer kan vara en effektiv uppv\u00e4rmningsl\u00f6sning \u00e5ret runt.<\/div>\n\t\t\t\t\t\t\t\t\t\t\t\t\t\t\t\t\t\t\t\t\t\t\t\t\t\t\t\t\t\t\t\t\t\t\t\t\t\t\t\t\t<div class=\"elementor-button-wrapper\">\n\t\t\t\t\t\t\t\t\t\t\t\t\t\t\t<a href=\"https:\/\/ecofab.pt\/sv\/2024\/07\/pelletskaminer-effektiv-uppvarmning\/\" class=\"elementor-button-link elementor-button blog-post-button\" role=\"button\">\n\t\t\t\t\t\t\t\t\t\t\t\t\t\t\t\t<span class=\"elementor-button-content-wrapper\">\n\t\t\t\t\t\t\t\t\t\t\t\t\t\t\t\t\t<span class=\"elementor-button-text\">L\u00e4s mer p\u00e5 engelska<\/span>\n\t\t\t\t\t\t\t\t\t\t\t\t\t\t\t\t<\/span>\n\t\t\t\t\t\t\t\t\t\t\t\t\t\t\t<\/a>\n\t\t\t\t\t\t\t\t\t\t\t\t\t\t<\/div>\n\t\t\t\t\t\t\t\t\t\t\t\t\t\t\t\t\t\t\t\t\t\t\t\t\t<\/div>\n\t\t\t\t\t\t\t\t\t\t\t\t\t\t\t\t\t\t\t\t\t\t<\/div>\n\t\t\t\t\t\t\t\t\t<\/li>\n\t\t\t\t\t\t\t\t\t\t\t\t\t\t\t\t\t\t<li class=\"grid-item grid-gutter blog-filter-1 blog-filter-3 post-78533 post type-post status-publish format-standard has-post-thumbnail hentry category-aquecimento category-equipamentos tag-ecofab tag-salamandras-a-pellets\">\n\t\t\t\t\t\t\t\t\t\t<div class=\"blog-post\">\n\t\t\t\t\t\t\t\t\t\t\t\t\t\t\t\t\t\t\t\t\t\t\t\t<div class=\"blog-post-images\">\n\t\t\t\t\t\t\t\t\t\t\t\t\t<a href=\"https:\/\/ecofab.pt\/sv\/2024\/06\/isaac-pelletskamin\/\"><img loading=\"lazy\" decoding=\"async\" width=\"935\" height=\"1080\" src=\"https:\/\/ecofab.pt\/wp-content\/uploads\/2024\/05\/Salamandra-a-pellets-ISAAC.png\" class=\"attachment-full size-full wp-post-image\" alt=\"Pelletskamin ISAAC, Issac\" srcset=\"https:\/\/ecofab.pt\/wp-content\/uploads\/2024\/05\/Salamandra-a-pellets-ISAAC.png 935w, https:\/\/ecofab.pt\/wp-content\/uploads\/2024\/05\/Salamandra-a-pellets-ISAAC-260x300.png 260w, https:\/\/ecofab.pt\/wp-content\/uploads\/2024\/05\/Salamandra-a-pellets-ISAAC-887x1024.png 887w, https:\/\/ecofab.pt\/wp-content\/uploads\/2024\/05\/Salamandra-a-pellets-ISAAC-768x887.png 768w, https:\/\/ecofab.pt\/wp-content\/uploads\/2024\/05\/Salamandra-a-pellets-ISAAC-10x12.png 10w, https:\/\/ecofab.pt\/wp-content\/uploads\/2024\/05\/Salamandra-a-pellets-ISAAC-200x231.png 200w\" sizes=\"(max-width: 935px) 100vw, 935px\" \/><\/a>\t\t\t\t\t\t\t\t\t\t\t\t\t<\/div>\n\t\t\t\t\t\t\t\t\t\t\t\t\t\t\t\t\t\t\t\t\t\t\t\t<div class=\"post-details\">\n\t\t\t\t\t\t\t\t\t\t\t\t\t\t\t\t\t\t\t\t\t\t\t\t\t\t\t<div class=\"post-meta\">\n\t\t\t\t\t\t\t\t\t\t\t\t\t\t\t<span class=\"post-date published\">1 juni 2024<\/span><time class=\"updated d-none\" datetime=\"2024-10-08T11:36:15+00:00\">8 oktober 2024<\/time>\t\t\t\t\t\t\t\t\t\t\t\t\t\t<\/div>\n\t\t\t\t\t\t\t\t\t\t\t\t\t\t\t\t\t\t\t\t\t\t\t\t\t\t\t\t\t\t\t\t\t\t\t\t\t\t\t\t<h6><a class=\"entry-title\" href=\"https:\/\/ecofab.pt\/sv\/2024\/06\/isaac-pelletskamin\/\">Nya ISAAC pelletskamin: Ett st\u00f6rre f\u00f6nster f\u00f6r brandkomfort<\/a><\/h6>\n\t\t\t\t\t\t\t\t\t\t\t\t\t\t\t\t\t\t\t\t\t\t\t\t\t\t\t\t\t\t\t\t\t\t\t\t\t\t\t\t<div class=\"entry-content\">Uppt\u00e4ck den nya pelletskaminen ISAAC med ett f\u00f6rstorat f\u00f6nster p\u00e5 insidan.<\/div>\n\t\t\t\t\t\t\t\t\t\t\t\t\t\t\t\t\t\t\t\t\t\t\t\t\t\t\t\t\t\t\t\t\t\t\t\t\t\t\t\t\t<div class=\"elementor-button-wrapper\">\n\t\t\t\t\t\t\t\t\t\t\t\t\t\t\t<a href=\"https:\/\/ecofab.pt\/sv\/2024\/06\/isaac-pelletskamin\/\" class=\"elementor-button-link elementor-button blog-post-button\" role=\"button\">\n\t\t\t\t\t\t\t\t\t\t\t\t\t\t\t\t<span class=\"elementor-button-content-wrapper\">\n\t\t\t\t\t\t\t\t\t\t\t\t\t\t\t\t\t<span class=\"elementor-button-text\">L\u00e4s mer p\u00e5 engelska<\/span>\n\t\t\t\t\t\t\t\t\t\t\t\t\t\t\t\t<\/span>\n\t\t\t\t\t\t\t\t\t\t\t\t\t\t\t<\/a>\n\t\t\t\t\t\t\t\t\t\t\t\t\t\t<\/div>\n\t\t\t\t\t\t\t\t\t\t\t\t\t\t\t\t\t\t\t\t\t\t\t\t\t<\/div>\n\t\t\t\t\t\t\t\t\t\t\t\t\t\t\t\t\t\t\t\t\t\t<\/div>\n\t\t\t\t\t\t\t\t\t<\/li>\n\t\t\t\t\t\t\t\t\t\t\t\t\t\t\t\t\t\t<li class=\"grid-item grid-gutter blog-filter-1 blog-filter-3 post-78535 post type-post status-publish format-standard has-post-thumbnail hentry category-aquecimento category-equipamentos tag-ecofab tag-salamandras-a-pellets\">\n\t\t\t\t\t\t\t\t\t\t<div class=\"blog-post\">\n\t\t\t\t\t\t\t\t\t\t\t\t\t\t\t\t\t\t\t\t\t\t\t\t<div class=\"blog-post-images\">\n\t\t\t\t\t\t\t\t\t\t\t\t\t<a href=\"https:\/\/ecofab.pt\/sv\/2024\/05\/ecofab-eldstader-for-utomhusbruk\/\"><img loading=\"lazy\" decoding=\"async\" width=\"1350\" height=\"1080\" src=\"https:\/\/ecofab.pt\/wp-content\/uploads\/2024\/02\/PARABOLA-SINE-LINE-PLUS-by-fab.jpg\" class=\"attachment-full size-full wp-post-image\" alt=\"PARABOLA SINE LINE PLUS by fab, Ecofab gjutj\u00e4rnskamin f\u00f6r utomhusbruk, eldstad f\u00f6r utomhusbruk\" srcset=\"https:\/\/ecofab.pt\/wp-content\/uploads\/2024\/02\/PARABOLA-SINE-LINE-PLUS-by-fab.jpg 1350w, https:\/\/ecofab.pt\/wp-content\/uploads\/2024\/02\/PARABOLA-SINE-LINE-PLUS-by-fab-300x240.jpg 300w, https:\/\/ecofab.pt\/wp-content\/uploads\/2024\/02\/PARABOLA-SINE-LINE-PLUS-by-fab-1024x819.jpg 1024w, https:\/\/ecofab.pt\/wp-content\/uploads\/2024\/02\/PARABOLA-SINE-LINE-PLUS-by-fab-768x614.jpg 768w, https:\/\/ecofab.pt\/wp-content\/uploads\/2024\/02\/PARABOLA-SINE-LINE-PLUS-by-fab-15x12.jpg 15w, https:\/\/ecofab.pt\/wp-content\/uploads\/2024\/02\/PARABOLA-SINE-LINE-PLUS-by-fab-200x160.jpg 200w\" sizes=\"(max-width: 1350px) 100vw, 1350px\" \/><\/a>\t\t\t\t\t\t\t\t\t\t\t\t\t<\/div>\n\t\t\t\t\t\t\t\t\t\t\t\t\t\t\t\t\t\t\t\t\t\t\t\t<div class=\"post-details\">\n\t\t\t\t\t\t\t\t\t\t\t\t\t\t\t\t\t\t\t\t\t\t\t\t\t\t\t<div class=\"post-meta\">\n\t\t\t\t\t\t\t\t\t\t\t\t\t\t\t<span class=\"post-date published\">8, maj 2024<\/span><time class=\"updated d-none\" datetime=\"2024-10-08T11:29:20+00:00\">8 oktober 2024<\/time>\t\t\t\t\t\t\t\t\t\t\t\t\t\t<\/div>\n\t\t\t\t\t\t\t\t\t\t\t\t\t\t\t\t\t\t\t\t\t\t\t\t\t\t\t\t\t\t\t\t\t\t\t\t\t\t\t\t<h6><a class=\"entry-title\" href=\"https:\/\/ecofab.pt\/sv\/2024\/05\/ecofab-eldstader-for-utomhusbruk\/\">ECOFAB utomhuseldst\u00e4der: F\u00f6rvandla utsidan av ditt hem<\/a><\/h6>\n\t\t\t\t\t\t\t\t\t\t\t\t\t\t\t\t\t\t\t\t\t\t\t\t\t\t\t\t\t\t\t\t\t\t\t\t\t\t\t\t<div class=\"entry-content\">Uppt\u00e4ck ECOFAB:s kompletta sortiment av utomhuseldst\u00e4der och f\u00f6rvandla ditt hems utomhusomr\u00e5de.<\/div>\n\t\t\t\t\t\t\t\t\t\t\t\t\t\t\t\t\t\t\t\t\t\t\t\t\t\t\t\t\t\t\t\t\t\t\t\t\t\t\t\t\t<div class=\"elementor-button-wrapper\">\n\t\t\t\t\t\t\t\t\t\t\t\t\t\t\t<a href=\"https:\/\/ecofab.pt\/sv\/2024\/05\/ecofab-eldstader-for-utomhusbruk\/\" class=\"elementor-button-link elementor-button blog-post-button\" role=\"button\">\n\t\t\t\t\t\t\t\t\t\t\t\t\t\t\t\t<span class=\"elementor-button-content-wrapper\">\n\t\t\t\t\t\t\t\t\t\t\t\t\t\t\t\t\t<span class=\"elementor-button-text\">L\u00e4s mer p\u00e5 engelska<\/span>\n\t\t\t\t\t\t\t\t\t\t\t\t\t\t\t\t<\/span>\n\t\t\t\t\t\t\t\t\t\t\t\t\t\t\t<\/a>\n\t\t\t\t\t\t\t\t\t\t\t\t\t\t<\/div>\n\t\t\t\t\t\t\t\t\t\t\t\t\t\t\t\t\t\t\t\t\t\t\t\t\t<\/div>\n\t\t\t\t\t\t\t\t\t\t\t\t\t\t\t\t\t\t\t\t\t\t<\/div>\n\t\t\t\t\t\t\t\t\t<\/li>\n\t\t\t\t\t\t\t\t\t\t\t\t\t\t\t\t\t\t<li class=\"grid-item grid-gutter blog-filter-1 blog-filter-3 post-78458 post type-post status-publish format-standard has-post-thumbnail hentry category-aquecimento category-equipamentos tag-ecofab tag-salamandras-a-pellets\">\n\t\t\t\t\t\t\t\t\t\t<div class=\"blog-post\">\n\t\t\t\t\t\t\t\t\t\t\t\t\t\t\t\t\t\t\t\t\t\t\t\t<div class=\"blog-post-images\">\n\t\t\t\t\t\t\t\t\t\t\t\t\t<a href=\"https:\/\/ecofab.pt\/sv\/2024\/04\/pelletskamin-effektiv-och-hallbar-uppvarmningslosning\/\"><img loading=\"lazy\" decoding=\"async\" width=\"800\" height=\"273\" src=\"https:\/\/ecofab.pt\/wp-content\/uploads\/2024\/04\/Salamandras-a-pellets-ECOFAB.jpeg\" class=\"attachment-full size-full wp-post-image\" alt=\"ECOFAB pelletskaminer\" srcset=\"https:\/\/ecofab.pt\/wp-content\/uploads\/2024\/04\/Salamandras-a-pellets-ECOFAB.jpeg 800w, https:\/\/ecofab.pt\/wp-content\/uploads\/2024\/04\/Salamandras-a-pellets-ECOFAB-300x102.jpeg 300w, https:\/\/ecofab.pt\/wp-content\/uploads\/2024\/04\/Salamandras-a-pellets-ECOFAB-768x262.jpeg 768w, https:\/\/ecofab.pt\/wp-content\/uploads\/2024\/04\/Salamandras-a-pellets-ECOFAB-18x6.jpeg 18w, https:\/\/ecofab.pt\/wp-content\/uploads\/2024\/04\/Salamandras-a-pellets-ECOFAB-200x68.jpeg 200w\" sizes=\"(max-width: 800px) 100vw, 800px\" \/><\/a>\t\t\t\t\t\t\t\t\t\t\t\t\t<\/div>\n\t\t\t\t\t\t\t\t\t\t\t\t\t\t\t\t\t\t\t\t\t\t\t\t<div class=\"post-details\">\n\t\t\t\t\t\t\t\t\t\t\t\t\t\t\t\t\t\t\t\t\t\t\t\t\t\t\t<div class=\"post-meta\">\n\t\t\t\t\t\t\t\t\t\t\t\t\t\t\t<span class=\"post-date published\">30 april 2024<\/span><time class=\"updated d-none\" datetime=\"2024-04-30T16:17:36+00:00\">30 april 2024<\/time>\t\t\t\t\t\t\t\t\t\t\t\t\t\t<\/div>\n\t\t\t\t\t\t\t\t\t\t\t\t\t\t\t\t\t\t\t\t\t\t\t\t\t\t\t\t\t\t\t\t\t\t\t\t\t\t\t\t<h6><a class=\"entry-title\" href=\"https:\/\/ecofab.pt\/sv\/2024\/04\/pelletskamin-effektiv-och-hallbar-uppvarmningslosning\/\">Pelletskamin: Effektiv och h\u00e5llbar uppv\u00e4rmningsl\u00f6sning<\/a><\/h6>\n\t\t\t\t\t\t\t\t\t\t\t\t\t\t\t\t\t\t\t\t\t\t\t\t\t\t\t\t\t\t\t\t\t\t\t\t\t\t\t\t<div class=\"entry-content\">ECOFAB pelletskaminer k\u00e4nnetecknas av sin robusta gjutj\u00e4rnskonstruktion, som garanterar h\u00f6gre v\u00e4rmeeffektivitet j\u00e4mf\u00f6rt med traditionella ved- eller dieselsystem, samt att de \u00e4r...<\/div>\n\t\t\t\t\t\t\t\t\t\t\t\t\t\t\t\t\t\t\t\t\t\t\t\t\t\t\t\t\t\t\t\t\t\t\t\t\t\t\t\t\t<div class=\"elementor-button-wrapper\">\n\t\t\t\t\t\t\t\t\t\t\t\t\t\t\t<a href=\"https:\/\/ecofab.pt\/sv\/2024\/04\/pelletskamin-effektiv-och-hallbar-uppvarmningslosning\/\" class=\"elementor-button-link elementor-button blog-post-button\" role=\"button\">\n\t\t\t\t\t\t\t\t\t\t\t\t\t\t\t\t<span class=\"elementor-button-content-wrapper\">\n\t\t\t\t\t\t\t\t\t\t\t\t\t\t\t\t\t<span class=\"elementor-button-text\">L\u00e4s mer p\u00e5 engelska<\/span>\n\t\t\t\t\t\t\t\t\t\t\t\t\t\t\t\t<\/span>\n\t\t\t\t\t\t\t\t\t\t\t\t\t\t\t<\/a>\n\t\t\t\t\t\t\t\t\t\t\t\t\t\t<\/div>\n\t\t\t\t\t\t\t\t\t\t\t\t\t\t\t\t\t\t\t\t\t\t\t\t\t<\/div>\n\t\t\t\t\t\t\t\t\t\t\t\t\t\t\t\t\t\t\t\t\t\t<\/div>\n\t\t\t\t\t\t\t\t\t<\/li>\n\t\t\t\t\t\t\t\t\t\t\t\t\t\t\t\t\t\t<li class=\"grid-item grid-gutter blog-filter-1 blog-filter-86 post-78183 post type-post status-publish format-standard has-post-thumbnail hentry category-aquecimento category-sustentabilidade tag-ecofab tag-salamandras-a-pellets\">\n\t\t\t\t\t\t\t\t\t\t<div class=\"blog-post\">\n\t\t\t\t\t\t\t\t\t\t\t\t\t\t\t\t\t\t\t\t\t\t\t\t<div class=\"blog-post-images\">\n\t\t\t\t\t\t\t\t\t\t\t\t\t<a href=\"https:\/\/ecofab.pt\/sv\/2024\/03\/energieffektivitet\/\"><img loading=\"lazy\" decoding=\"async\" width=\"800\" height=\"800\" src=\"https:\/\/ecofab.pt\/wp-content\/uploads\/2024\/03\/1710501047251.jpeg\" class=\"attachment-full size-full wp-post-image\" alt=\"Energieffektivitet A+, Energieffektivitet, pelletskaminer, Ecofab\" srcset=\"https:\/\/ecofab.pt\/wp-content\/uploads\/2024\/03\/1710501047251.jpeg 800w, https:\/\/ecofab.pt\/wp-content\/uploads\/2024\/03\/1710501047251-300x300.jpeg 300w, https:\/\/ecofab.pt\/wp-content\/uploads\/2024\/03\/1710501047251-150x150.jpeg 150w, https:\/\/ecofab.pt\/wp-content\/uploads\/2024\/03\/1710501047251-768x768.jpeg 768w, https:\/\/ecofab.pt\/wp-content\/uploads\/2024\/03\/1710501047251-12x12.jpeg 12w, https:\/\/ecofab.pt\/wp-content\/uploads\/2024\/03\/1710501047251-200x200.jpeg 200w\" sizes=\"(max-width: 800px) 100vw, 800px\" \/><\/a>\t\t\t\t\t\t\t\t\t\t\t\t\t<\/div>\n\t\t\t\t\t\t\t\t\t\t\t\t\t\t\t\t\t\t\t\t\t\t\t\t<div class=\"post-details\">\n\t\t\t\t\t\t\t\t\t\t\t\t\t\t\t\t\t\t\t\t\t\t\t\t\t\t\t<div class=\"post-meta\">\n\t\t\t\t\t\t\t\t\t\t\t\t\t\t\t<span class=\"post-date published\">25 mars 2024<\/span><time class=\"updated d-none\" datetime=\"2024-04-30T16:15:41+00:00\">30 april 2024<\/time>\t\t\t\t\t\t\t\t\t\t\t\t\t\t<\/div>\n\t\t\t\t\t\t\t\t\t\t\t\t\t\t\t\t\t\t\t\t\t\t\t\t\t\t\t\t\t\t\t\t\t\t\t\t\t\t\t\t<h6><a class=\"entry-title\" href=\"https:\/\/ecofab.pt\/sv\/2024\/03\/energieffektivitet\/\">Energieffektiv uppv\u00e4rmning<\/a><\/h6>\n\t\t\t\t\t\t\t\t\t\t\t\t\t\t\t\t\t\t\t\t\t\t\t\t\t\t\t\t\t\t\t\t\t\t\t\t\t\t\t\t<div class=\"entry-content\">I en alltmer klimatmedveten v\u00e4rld har energieffektivitet blivit ett avg\u00f6rande kriterium n\u00e4r man v\u00e4ljer hush\u00e5llsapparater, och det \u00e4r s\u00e4rskilt viktigt n\u00e4r det g\u00e4ller att v\u00e4lja r\u00e4tt...<\/div>\n\t\t\t\t\t\t\t\t\t\t\t\t\t\t\t\t\t\t\t\t\t\t\t\t\t\t\t\t\t\t\t\t\t\t\t\t\t\t\t\t\t<div class=\"elementor-button-wrapper\">\n\t\t\t\t\t\t\t\t\t\t\t\t\t\t\t<a href=\"https:\/\/ecofab.pt\/sv\/2024\/03\/energieffektivitet\/\" class=\"elementor-button-link elementor-button blog-post-button\" role=\"button\">\n\t\t\t\t\t\t\t\t\t\t\t\t\t\t\t\t<span class=\"elementor-button-content-wrapper\">\n\t\t\t\t\t\t\t\t\t\t\t\t\t\t\t\t\t<span class=\"elementor-button-text\">L\u00e4s mer p\u00e5 engelska<\/span>\n\t\t\t\t\t\t\t\t\t\t\t\t\t\t\t\t<\/span>\n\t\t\t\t\t\t\t\t\t\t\t\t\t\t\t<\/a>\n\t\t\t\t\t\t\t\t\t\t\t\t\t\t<\/div>\n\t\t\t\t\t\t\t\t\t\t\t\t\t\t\t\t\t\t\t\t\t\t\t\t\t<\/div>\n\t\t\t\t\t\t\t\t\t\t\t\t\t\t\t\t\t\t\t\t\t\t<\/div>\n\t\t\t\t\t\t\t\t\t<\/li>\n\t\t\t\t\t\t\t\t\t\t\t\t\t\t\t\t\t\t<li class=\"grid-item grid-gutter blog-filter-1 post-77296 post type-post status-publish format-standard has-post-thumbnail hentry category-aquecimento tag-ecofab tag-salamandras-a-pellets\">\n\t\t\t\t\t\t\t\t\t\t<div class=\"blog-post\">\n\t\t\t\t\t\t\t\t\t\t\t\t\t\t\t\t\t\t\t\t\t\t\t\t<div class=\"blog-post-images\">\n\t\t\t\t\t\t\t\t\t\t\t\t\t<a href=\"https:\/\/ecofab.pt\/sv\/2024\/02\/design-ekonomi-och-teknik\/\"><img loading=\"lazy\" decoding=\"async\" width=\"1707\" height=\"2560\" src=\"https:\/\/ecofab.pt\/wp-content\/uploads\/2024\/02\/Novas-FAB8-scaled.jpg\" class=\"attachment-full size-full wp-post-image\" alt=\"Design, ekonomi och teknik\" srcset=\"https:\/\/ecofab.pt\/wp-content\/uploads\/2024\/02\/Novas-FAB8-scaled.jpg 1707w, https:\/\/ecofab.pt\/wp-content\/uploads\/2024\/02\/Novas-FAB8-200x300.jpg 200w, https:\/\/ecofab.pt\/wp-content\/uploads\/2024\/02\/Novas-FAB8-683x1024.jpg 683w, https:\/\/ecofab.pt\/wp-content\/uploads\/2024\/02\/Novas-FAB8-768x1152.jpg 768w, https:\/\/ecofab.pt\/wp-content\/uploads\/2024\/02\/Novas-FAB8-1024x1536.jpg 1024w, https:\/\/ecofab.pt\/wp-content\/uploads\/2024\/02\/Novas-FAB8-1365x2048.jpg 1365w, https:\/\/ecofab.pt\/wp-content\/uploads\/2024\/02\/Novas-FAB8-8x12.jpg 8w, https:\/\/ecofab.pt\/wp-content\/uploads\/2024\/02\/Novas-FAB8-1568x2352.jpg 1568w\" sizes=\"(max-width: 1707px) 100vw, 1707px\" \/><\/a>\t\t\t\t\t\t\t\t\t\t\t\t\t<\/div>\n\t\t\t\t\t\t\t\t\t\t\t\t\t\t\t\t\t\t\t\t\t\t\t\t<div class=\"post-details\">\n\t\t\t\t\t\t\t\t\t\t\t\t\t\t\t\t\t\t\t\t\t\t\t\t\t\t\t<div class=\"post-meta\">\n\t\t\t\t\t\t\t\t\t\t\t\t\t\t\t<span class=\"post-date published\">21 februari 2024<\/span><time class=\"updated d-none\" datetime=\"2024-02-28T10:37:53+00:00\">28 februari 2024<\/time>\t\t\t\t\t\t\t\t\t\t\t\t\t\t<\/div>\n\t\t\t\t\t\t\t\t\t\t\t\t\t\t\t\t\t\t\t\t\t\t\t\t\t\t\t\t\t\t\t\t\t\t\t\t\t\t\t\t<h6><a class=\"entry-title\" href=\"https:\/\/ecofab.pt\/sv\/2024\/02\/design-ekonomi-och-teknik\/\">Design, ekonomi och teknik i Ecofabs pelletskaminer<\/a><\/h6>\n\t\t\t\t\t\t\t\t\t\t\t\t\t\t\t\t\t\t\t\t\t\t\t\t\t\t\t\t\t\t\t\t\t\t\t\t\t\t\t\t<div class=\"entry-content\">I takt med att marknaden f\u00f6r uppv\u00e4rmning av bost\u00e4der utvecklas blir vikten av en balans mellan design, br\u00e4nsleekonomi och teknisk innovation allt tydligare. Pelletskaminerna fr\u00e5n ecofab.co.uk representerar...<\/div>\n\t\t\t\t\t\t\t\t\t\t\t\t\t\t\t\t\t\t\t\t\t\t\t\t\t\t\t\t\t\t\t\t\t\t\t\t\t\t\t\t\t<div class=\"elementor-button-wrapper\">\n\t\t\t\t\t\t\t\t\t\t\t\t\t\t\t<a href=\"https:\/\/ecofab.pt\/sv\/2024\/02\/design-ekonomi-och-teknik\/\" class=\"elementor-button-link elementor-button blog-post-button\" role=\"button\">\n\t\t\t\t\t\t\t\t\t\t\t\t\t\t\t\t<span class=\"elementor-button-content-wrapper\">\n\t\t\t\t\t\t\t\t\t\t\t\t\t\t\t\t\t<span class=\"elementor-button-text\">L\u00e4s mer p\u00e5 engelska<\/span>\n\t\t\t\t\t\t\t\t\t\t\t\t\t\t\t\t<\/span>\n\t\t\t\t\t\t\t\t\t\t\t\t\t\t\t<\/a>\n\t\t\t\t\t\t\t\t\t\t\t\t\t\t<\/div>\n\t\t\t\t\t\t\t\t\t\t\t\t\t\t\t\t\t\t\t\t\t\t\t\t\t<\/div>\n\t\t\t\t\t\t\t\t\t\t\t\t\t\t\t\t\t\t\t\t\t\t<\/div>\n\t\t\t\t\t\t\t\t\t<\/li>\n\t\t\t\t\t\t\t\t\t\t\t\t\t\t\t\t\t\t<li class=\"grid-item grid-gutter blog-filter-1 blog-filter-3 post-32822 post type-post status-publish format-standard has-post-thumbnail hentry category-aquecimento category-equipamentos tag-aquecimento-eficiente tag-ecofab\">\n\t\t\t\t\t\t\t\t\t\t<div class=\"blog-post\">\n\t\t\t\t\t\t\t\t\t\t\t\t\t\t\t\t\t\t\t\t\t\t\t\t<div class=\"blog-post-images\">\n\t\t\t\t\t\t\t\t\t\t\t\t\t<a href=\"https:\/\/ecofab.pt\/sv\/2024\/01\/aldrig-ge-efter-utom-for-overtygelser-sunt-fornuft\/\"><img loading=\"lazy\" decoding=\"async\" width=\"812\" height=\"848\" src=\"https:\/\/ecofab.pt\/wp-content\/uploads\/2021\/01\/ba031fa3-6e54-fe98-1ecd-de7a0ad09576.jpeg\" class=\"attachment-full size-full wp-post-image\" alt=\"ECOFAB, v\u00e4rmel\u00f6sningar, pelletskaminer, pelletskaminer, pelletskaminer\" srcset=\"https:\/\/ecofab.pt\/wp-content\/uploads\/2021\/01\/ba031fa3-6e54-fe98-1ecd-de7a0ad09576.jpeg 812w, https:\/\/ecofab.pt\/wp-content\/uploads\/2021\/01\/ba031fa3-6e54-fe98-1ecd-de7a0ad09576-600x627.jpeg 600w, https:\/\/ecofab.pt\/wp-content\/uploads\/2021\/01\/ba031fa3-6e54-fe98-1ecd-de7a0ad09576-287x300.jpeg 287w, https:\/\/ecofab.pt\/wp-content\/uploads\/2021\/01\/ba031fa3-6e54-fe98-1ecd-de7a0ad09576-768x802.jpeg 768w, https:\/\/ecofab.pt\/wp-content\/uploads\/2021\/01\/ba031fa3-6e54-fe98-1ecd-de7a0ad09576-200x209.jpeg 200w\" sizes=\"(max-width: 812px) 100vw, 812px\" \/><\/a>\t\t\t\t\t\t\t\t\t\t\t\t\t<\/div>\n\t\t\t\t\t\t\t\t\t\t\t\t\t\t\t\t\t\t\t\t\t\t\t\t<div class=\"post-details\">\n\t\t\t\t\t\t\t\t\t\t\t\t\t\t\t\t\t\t\t\t\t\t\t\t\t\t\t<div class=\"post-meta\">\n\t\t\t\t\t\t\t\t\t\t\t\t\t\t\t<span class=\"post-date published\">20 januari 2024<\/span><time class=\"updated d-none\" datetime=\"2024-02-28T10:37:54+00:00\">28 februari 2024<\/time>\t\t\t\t\t\t\t\t\t\t\t\t\t\t<\/div>\n\t\t\t\t\t\t\t\t\t\t\t\t\t\t\t\t\t\t\t\t\t\t\t\t\t\t\t\t\t\t\t\t\t\t\t\t\t\t\t\t<h6><a class=\"entry-title\" href=\"https:\/\/ecofab.pt\/sv\/2024\/01\/aldrig-ge-efter-utom-for-overtygelser-sunt-fornuft\/\">M\u00f6t kylan med effektiviteten hos pelletskaminen ECOFAB<\/a><\/h6>\n\t\t\t\t\t\t\t\t\t\t\t\t\t\t\t\t\t\t\t\t\t\t\t\t\t\t\t\t\t\t\t\t\t\t\t\t\t\t\t\t<div class=\"entry-content\">N\u00e4r Europa st\u00e5r inf\u00f6r en intensiv k\u00f6ldkn\u00e4pp blir valet av ett effektivt v\u00e4rmesystem avg\u00f6rande f\u00f6r alla som vill g\u00f6ra sitt hem mer bekv\u00e4mt. I detta...<\/div>\n\t\t\t\t\t\t\t\t\t\t\t\t\t\t\t\t\t\t\t\t\t\t\t\t\t\t\t\t\t\t\t\t\t\t\t\t\t\t\t\t\t<div class=\"elementor-button-wrapper\">\n\t\t\t\t\t\t\t\t\t\t\t\t\t\t\t<a href=\"https:\/\/ecofab.pt\/sv\/2024\/01\/aldrig-ge-efter-utom-for-overtygelser-sunt-fornuft\/\" class=\"elementor-button-link elementor-button blog-post-button\" role=\"button\">\n\t\t\t\t\t\t\t\t\t\t\t\t\t\t\t\t<span class=\"elementor-button-content-wrapper\">\n\t\t\t\t\t\t\t\t\t\t\t\t\t\t\t\t\t<span class=\"elementor-button-text\">L\u00e4s mer p\u00e5 engelska<\/span>\n\t\t\t\t\t\t\t\t\t\t\t\t\t\t\t\t<\/span>\n\t\t\t\t\t\t\t\t\t\t\t\t\t\t\t<\/a>\n\t\t\t\t\t\t\t\t\t\t\t\t\t\t<\/div>\n\t\t\t\t\t\t\t\t\t\t\t\t\t\t\t\t\t\t\t\t\t\t\t\t\t<\/div>\n\t\t\t\t\t\t\t\t\t\t\t\t\t\t\t\t\t\t\t\t\t\t<\/div>\n\t\t\t\t\t\t\t\t\t<\/li>\n\t\t\t\t\t\t\t\t\t\t\t\t\t\t\t\t\t\t<li class=\"grid-item grid-gutter blog-filter-16 post-32813 post type-post status-publish format-standard has-post-thumbnail hentry category-feiras tag-ecofab tag-feira-e-eventos\">\n\t\t\t\t\t\t\t\t\t\t<div class=\"blog-post\">\n\t\t\t\t\t\t\t\t\t\t\t\t\t\t\t\t\t\t\t\t\t\t\t\t<div class=\"blog-post-images\">\n\t\t\t\t\t\t\t\t\t\t\t\t\t<a href=\"https:\/\/ecofab.pt\/sv\/2024\/01\/progetto-fuoco-2024-besok-ecofab\/\"><img loading=\"lazy\" decoding=\"async\" width=\"4930\" height=\"2761\" src=\"https:\/\/ecofab.pt\/wp-content\/uploads\/2024\/01\/Localizacao-Verona.png\" class=\"attachment-full size-full wp-post-image\" alt=\"ECOFAB, v\u00e4rmel\u00f6sningar, pelletskaminer, pelletskaminer, pelletskaminer\" srcset=\"https:\/\/ecofab.pt\/wp-content\/uploads\/2024\/01\/Localizacao-Verona.png 4930w, https:\/\/ecofab.pt\/wp-content\/uploads\/2024\/01\/Localizacao-Verona-600x336.png 600w, https:\/\/ecofab.pt\/wp-content\/uploads\/2024\/01\/Localizacao-Verona-300x168.png 300w, https:\/\/ecofab.pt\/wp-content\/uploads\/2024\/01\/Localizacao-Verona-1024x573.png 1024w, https:\/\/ecofab.pt\/wp-content\/uploads\/2024\/01\/Localizacao-Verona-768x430.png 768w, https:\/\/ecofab.pt\/wp-content\/uploads\/2024\/01\/Localizacao-Verona-1536x860.png 1536w, https:\/\/ecofab.pt\/wp-content\/uploads\/2024\/01\/Localizacao-Verona-2048x1147.png 2048w, https:\/\/ecofab.pt\/wp-content\/uploads\/2024\/01\/Localizacao-Verona-200x112.png 200w, https:\/\/ecofab.pt\/wp-content\/uploads\/2024\/01\/Localizacao-Verona-1568x878.png 1568w\" sizes=\"(max-width: 4930px) 100vw, 4930px\" \/><\/a>\t\t\t\t\t\t\t\t\t\t\t\t\t<\/div>\n\t\t\t\t\t\t\t\t\t\t\t\t\t\t\t\t\t\t\t\t\t\t\t\t<div class=\"post-details\">\n\t\t\t\t\t\t\t\t\t\t\t\t\t\t\t\t\t\t\t\t\t\t\t\t\t\t\t<div class=\"post-meta\">\n\t\t\t\t\t\t\t\t\t\t\t\t\t\t\t<span class=\"post-date published\">17 januari 2024<\/span><time class=\"updated d-none\" datetime=\"2024-02-28T10:37:55+00:00\">28 februari 2024<\/time>\t\t\t\t\t\t\t\t\t\t\t\t\t\t<\/div>\n\t\t\t\t\t\t\t\t\t\t\t\t\t\t\t\t\t\t\t\t\t\t\t\t\t\t\t\t\t\t\t\t\t\t\t\t\t\t\t\t<h6><a class=\"entry-title\" href=\"https:\/\/ecofab.pt\/sv\/2024\/01\/progetto-fuoco-2024-besok-ecofab\/\">Progetto Fuoco 2024: Bes\u00f6k ECOFAB i Verona i hall 6 monter A52<\/a><\/h6>\n\t\t\t\t\t\t\t\t\t\t\t\t\t\t\t\t\t\t\t\t\t\t\t\t\t\t\t\t\t\t\t\t\t\t\t\t\t\t\t\t<div class=\"entry-content\">Vi \u00e4r mycket glada \u00f6ver att kunna meddela att ECOFAB kommer att delta i den v\u00e4lrenommerade internationella m\u00e4ssan Progetto Fuoco 2024, som kommer att h\u00e5llas i Verona, Italien, fr\u00e5n den 28 februari till den 2 mars. Detta evenemang...<\/div>\n\t\t\t\t\t\t\t\t\t\t\t\t\t\t\t\t\t\t\t\t\t\t\t\t\t\t\t\t\t\t\t\t\t\t\t\t\t\t\t\t\t<div class=\"elementor-button-wrapper\">\n\t\t\t\t\t\t\t\t\t\t\t\t\t\t\t<a href=\"https:\/\/ecofab.pt\/sv\/2024\/01\/progetto-fuoco-2024-besok-ecofab\/\" class=\"elementor-button-link elementor-button blog-post-button\" role=\"button\">\n\t\t\t\t\t\t\t\t\t\t\t\t\t\t\t\t<span class=\"elementor-button-content-wrapper\">\n\t\t\t\t\t\t\t\t\t\t\t\t\t\t\t\t\t<span class=\"elementor-button-text\">L\u00e4s mer p\u00e5 engelska<\/span>\n\t\t\t\t\t\t\t\t\t\t\t\t\t\t\t\t<\/span>\n\t\t\t\t\t\t\t\t\t\t\t\t\t\t\t<\/a>\n\t\t\t\t\t\t\t\t\t\t\t\t\t\t<\/div>\n\t\t\t\t\t\t\t\t\t\t\t\t\t\t\t\t\t\t\t\t\t\t\t\t\t<\/div>\n\t\t\t\t\t\t\t\t\t\t\t\t\t\t\t\t\t\t\t\t\t\t<\/div>\n\t\t\t\t\t\t\t\t\t<\/li>\n\t\t\t\t\t\t\t\t\t\t\t\t\t\t\t\t\t\t<li class=\"grid-item grid-gutter blog-filter-1 post-32825 post type-post status-publish format-standard has-post-thumbnail hentry category-aquecimento tag-aquecimento-eficiente tag-ecofab\">\n\t\t\t\t\t\t\t\t\t\t<div class=\"blog-post\">\n\t\t\t\t\t\t\t\t\t\t\t\t\t\t\t\t\t\t\t\t\t\t\t\t<div class=\"blog-post-images\">\n\t\t\t\t\t\t\t\t\t\t\t\t\t<a href=\"https:\/\/ecofab.pt\/sv\/2023\/12\/effektiv-uppvarmningslosning-for-portugisiska-hem\/\"><img loading=\"lazy\" decoding=\"async\" width=\"2000\" height=\"1333\" src=\"https:\/\/ecofab.pt\/wp-content\/uploads\/2023\/12\/ALBERT-ECOFAB.jpg\" class=\"attachment-full size-full wp-post-image\" alt=\"Effektiv uppv\u00e4rmningsl\u00f6sning, pelletskamin, ECOFAB\" srcset=\"https:\/\/ecofab.pt\/wp-content\/uploads\/2023\/12\/ALBERT-ECOFAB.jpg 2000w, https:\/\/ecofab.pt\/wp-content\/uploads\/2023\/12\/ALBERT-ECOFAB-600x400.jpg 600w, https:\/\/ecofab.pt\/wp-content\/uploads\/2023\/12\/ALBERT-ECOFAB-300x200.jpg 300w, https:\/\/ecofab.pt\/wp-content\/uploads\/2023\/12\/ALBERT-ECOFAB-1024x682.jpg 1024w, https:\/\/ecofab.pt\/wp-content\/uploads\/2023\/12\/ALBERT-ECOFAB-768x512.jpg 768w, https:\/\/ecofab.pt\/wp-content\/uploads\/2023\/12\/ALBERT-ECOFAB-1536x1024.jpg 1536w, https:\/\/ecofab.pt\/wp-content\/uploads\/2023\/12\/ALBERT-ECOFAB-200x133.jpg 200w, https:\/\/ecofab.pt\/wp-content\/uploads\/2023\/12\/ALBERT-ECOFAB-1568x1045.jpg 1568w\" sizes=\"(max-width: 2000px) 100vw, 2000px\" \/><\/a>\t\t\t\t\t\t\t\t\t\t\t\t\t<\/div>\n\t\t\t\t\t\t\t\t\t\t\t\t\t\t\t\t\t\t\t\t\t\t\t\t<div class=\"post-details\">\n\t\t\t\t\t\t\t\t\t\t\t\t\t\t\t\t\t\t\t\t\t\t\t\t\t\t\t<div class=\"post-meta\">\n\t\t\t\t\t\t\t\t\t\t\t\t\t\t\t<span class=\"post-date published\">5 december 2023<\/span><time class=\"updated d-none\" datetime=\"2024-02-28T10:37:56+00:00\">28 februari 2024<\/time>\t\t\t\t\t\t\t\t\t\t\t\t\t\t<\/div>\n\t\t\t\t\t\t\t\t\t\t\t\t\t\t\t\t\t\t\t\t\t\t\t\t\t\t\t\t\t\t\t\t\t\t\t\t\t\t\t\t<h6><a class=\"entry-title\" href=\"https:\/\/ecofab.pt\/sv\/2023\/12\/effektiv-uppvarmningslosning-for-portugisiska-hem\/\">ECOFAB: Effektiv uppv\u00e4rmningsl\u00f6sning f\u00f6r portugisiska hem<\/a><\/h6>\n\t\t\t\t\t\t\t\t\t\t\t\t\t\t\t\t\t\t\t\t\t\t\t\t\t\t\t\t\t\t\t\t\t\t\t\t\t\t\t\t<div class=\"entry-content\">Portugal, vars bostadsbest\u00e5nd ofta har problem med isolering och v\u00e4rmeeffektivitet, b\u00f6rjar f\u00e5 en s\u00e4rskilt h\u00e5rd h\u00f6st\/vinter. Denna verklighet, som betonas i en artikel i tidningen Expresso, belyser...<\/div>\n\t\t\t\t\t\t\t\t\t\t\t\t\t\t\t\t\t\t\t\t\t\t\t\t\t\t\t\t\t\t\t\t\t\t\t\t\t\t\t\t\t<div class=\"elementor-button-wrapper\">\n\t\t\t\t\t\t\t\t\t\t\t\t\t\t\t<a href=\"https:\/\/ecofab.pt\/sv\/2023\/12\/effektiv-uppvarmningslosning-for-portugisiska-hem\/\" class=\"elementor-button-link elementor-button blog-post-button\" role=\"button\">\n\t\t\t\t\t\t\t\t\t\t\t\t\t\t\t\t<span class=\"elementor-button-content-wrapper\">\n\t\t\t\t\t\t\t\t\t\t\t\t\t\t\t\t\t<span class=\"elementor-button-text\">L\u00e4s mer p\u00e5 engelska<\/span>\n\t\t\t\t\t\t\t\t\t\t\t\t\t\t\t\t<\/span>\n\t\t\t\t\t\t\t\t\t\t\t\t\t\t\t<\/a>\n\t\t\t\t\t\t\t\t\t\t\t\t\t\t<\/div>\n\t\t\t\t\t\t\t\t\t\t\t\t\t\t\t\t\t\t\t\t\t\t\t\t\t<\/div>\n\t\t\t\t\t\t\t\t\t\t\t\t\t\t\t\t\t\t\t\t\t\t<\/div>\n\t\t\t\t\t\t\t\t\t<\/li>\n\t\t\t\t\t\t\t\t\t\t\t\t\t\t\t\t\t\t<li class=\"grid-item grid-gutter blog-filter-1 blog-filter-86 post-77749 post type-post status-publish format-standard hentry category-aquecimento category-sustentabilidade\">\n\t\t\t\t\t\t\t\t\t\t<div class=\"blog-post\">\n\t\t\t\t\t\t\t\t\t\t\t\t\t\t\t\t\t\t\t\t\t\t\t\t<div class=\"blog-post-images\">\n\t\t\t\t\t\t\t\t\t\t\t\t\t\t\t\t\t\t\t\t\t\t\t\t\t\t<\/div>\n\t\t\t\t\t\t\t\t\t\t\t\t\t\t\t\t\t\t\t\t\t\t\t\t<div class=\"post-details\">\n\t\t\t\t\t\t\t\t\t\t\t\t\t\t\t\t\t\t\t\t\t\t\t\t\t\t\t<div class=\"post-meta\">\n\t\t\t\t\t\t\t\t\t\t\t\t\t\t\t<span class=\"post-date published\">4 december 2023<\/span><time class=\"updated d-none\" datetime=\"2024-03-25T10:48:07+00:00\">25 mars 2024<\/time>\t\t\t\t\t\t\t\t\t\t\t\t\t\t<\/div>\n\t\t\t\t\t\t\t\t\t\t\t\t\t\t\t\t\t\t\t\t\t\t\t\t\t\t\t\t\t\t\t\t\t\t\t\t\t\t\t\t<h6><a class=\"entry-title\" href=\"https:\/\/ecofab.pt\/sv\/2023\/12\/varfor-du-ska-valja-en-pelletskamin\/\">Varf\u00f6r du ska v\u00e4lja en pelletskamin<\/a><\/h6>\n\t\t\t\t\t\t\t\t\t\t\t\t\t\t\t\t\t\t\t\t\t\t\t\t\t\t\t\t\t\t\t\t\t\t\t\t\t\t\t\t<div class=\"entry-content\">N\u00e4r vi n\u00e4rmar oss vintersolst\u00e5ndet och \u00e5rets l\u00e4ngsta och ibland kallaste natt ser vi en \u00f6kning av s\u00f6kningar efter...<\/div>\n\t\t\t\t\t\t\t\t\t\t\t\t\t\t\t\t\t\t\t\t\t\t\t\t\t\t\t\t\t\t\t\t\t\t\t\t\t\t\t\t\t<div class=\"elementor-button-wrapper\">\n\t\t\t\t\t\t\t\t\t\t\t\t\t\t\t<a href=\"https:\/\/ecofab.pt\/sv\/2023\/12\/varfor-du-ska-valja-en-pelletskamin\/\" class=\"elementor-button-link elementor-button blog-post-button\" role=\"button\">\n\t\t\t\t\t\t\t\t\t\t\t\t\t\t\t\t<span class=\"elementor-button-content-wrapper\">\n\t\t\t\t\t\t\t\t\t\t\t\t\t\t\t\t\t<span class=\"elementor-button-text\">L\u00e4s mer p\u00e5 engelska<\/span>\n\t\t\t\t\t\t\t\t\t\t\t\t\t\t\t\t<\/span>\n\t\t\t\t\t\t\t\t\t\t\t\t\t\t\t<\/a>\n\t\t\t\t\t\t\t\t\t\t\t\t\t\t<\/div>\n\t\t\t\t\t\t\t\t\t\t\t\t\t\t\t\t\t\t\t\t\t\t\t\t\t<\/div>\n\t\t\t\t\t\t\t\t\t\t\t\t\t\t\t\t\t\t\t\t\t\t<\/div>\n\t\t\t\t\t\t\t\t\t<\/li>\n\t\t\t\t\t\t\t\t\t\t\t\t\t\t\t\t\t\t<li class=\"grid-item grid-gutter blog-filter-1 post-77743 post type-post status-publish format-standard has-post-thumbnail hentry category-aquecimento\">\n\t\t\t\t\t\t\t\t\t\t<div class=\"blog-post\">\n\t\t\t\t\t\t\t\t\t\t\t\t\t\t\t\t\t\t\t\t\t\t\t\t<div class=\"blog-post-images\">\n\t\t\t\t\t\t\t\t\t\t\t\t\t<a href=\"https:\/\/ecofab.pt\/sv\/2022\/11\/vilken-ar-den-basta-varmekallan-for-din-vinter\/\"><img loading=\"lazy\" decoding=\"async\" width=\"1600\" height=\"1066\" src=\"https:\/\/ecofab.pt\/wp-content\/uploads\/2024\/02\/Aquecimento-pellets-MARIE.jpeg\" class=\"attachment-full size-full wp-post-image\" alt=\"ECOFAB, v\u00e4rmel\u00f6sningar, pelletskaminer, pelletskaminer, pelletskaminer\" srcset=\"https:\/\/ecofab.pt\/wp-content\/uploads\/2024\/02\/Aquecimento-pellets-MARIE.jpeg 1600w, https:\/\/ecofab.pt\/wp-content\/uploads\/2024\/02\/Aquecimento-pellets-MARIE-300x200.jpeg 300w, https:\/\/ecofab.pt\/wp-content\/uploads\/2024\/02\/Aquecimento-pellets-MARIE-1024x682.jpeg 1024w, https:\/\/ecofab.pt\/wp-content\/uploads\/2024\/02\/Aquecimento-pellets-MARIE-768x512.jpeg 768w, https:\/\/ecofab.pt\/wp-content\/uploads\/2024\/02\/Aquecimento-pellets-MARIE-1536x1023.jpeg 1536w, https:\/\/ecofab.pt\/wp-content\/uploads\/2024\/02\/Aquecimento-pellets-MARIE-18x12.jpeg 18w, https:\/\/ecofab.pt\/wp-content\/uploads\/2024\/02\/Aquecimento-pellets-MARIE-200x133.jpeg 200w, https:\/\/ecofab.pt\/wp-content\/uploads\/2024\/02\/Aquecimento-pellets-MARIE-1568x1045.jpeg 1568w\" sizes=\"(max-width: 1600px) 100vw, 1600px\" \/><\/a>\t\t\t\t\t\t\t\t\t\t\t\t\t<\/div>\n\t\t\t\t\t\t\t\t\t\t\t\t\t\t\t\t\t\t\t\t\t\t\t\t<div class=\"post-details\">\n\t\t\t\t\t\t\t\t\t\t\t\t\t\t\t\t\t\t\t\t\t\t\t\t\t\t\t<div class=\"post-meta\">\n\t\t\t\t\t\t\t\t\t\t\t\t\t\t\t<span class=\"post-date published\">2, november 2022<\/span><time class=\"updated d-none\" datetime=\"2024-02-28T10:37:56+00:00\">28 februari 2024<\/time>\t\t\t\t\t\t\t\t\t\t\t\t\t\t<\/div>\n\t\t\t\t\t\t\t\t\t\t\t\t\t\t\t\t\t\t\t\t\t\t\t\t\t\t\t\t\t\t\t\t\t\t\t\t\t\t\t\t<h6><a class=\"entry-title\" href=\"https:\/\/ecofab.pt\/sv\/2022\/11\/vilken-ar-den-basta-varmekallan-for-din-vinter\/\">Vilken \u00e4r den b\u00e4sta v\u00e4rmek\u00e4llan f\u00f6r din vinter?<\/a><\/h6>\n\t\t\t\t\t\t\t\t\t\t\t\t\t\t\t\t\t\t\t\t\t\t\t\t\t\t\t\t\t\t\t\t\t\t\t\t\t\t\t\t<div class=\"entry-content\">De k\u00e4nsliga tider som Europa har upplevt under de senaste \u00e5ren kan knappast j\u00e4mf\u00f6ras med n\u00e5got annat i modern historia. Som ett resultat av detta ser vi en oh\u00e5llbar \u00f6kning av kostnaderna f\u00f6r alla energik\u00e4llor...<\/div>\n\t\t\t\t\t\t\t\t\t\t\t\t\t\t\t\t\t\t\t\t\t\t\t\t\t\t\t\t\t\t\t\t\t\t\t\t\t\t\t\t\t<div class=\"elementor-button-wrapper\">\n\t\t\t\t\t\t\t\t\t\t\t\t\t\t\t<a href=\"https:\/\/ecofab.pt\/sv\/2022\/11\/vilken-ar-den-basta-varmekallan-for-din-vinter\/\" class=\"elementor-button-link elementor-button blog-post-button\" role=\"button\">\n\t\t\t\t\t\t\t\t\t\t\t\t\t\t\t\t<span class=\"elementor-button-content-wrapper\">\n\t\t\t\t\t\t\t\t\t\t\t\t\t\t\t\t\t<span class=\"elementor-button-text\">L\u00e4s mer p\u00e5 engelska<\/span>\n\t\t\t\t\t\t\t\t\t\t\t\t\t\t\t\t<\/span>\n\t\t\t\t\t\t\t\t\t\t\t\t\t\t\t<\/a>\n\t\t\t\t\t\t\t\t\t\t\t\t\t\t<\/div>\n\t\t\t\t\t\t\t\t\t\t\t\t\t\t\t\t\t\t\t\t\t\t\t\t\t<\/div>\n\t\t\t\t\t\t\t\t\t\t\t\t\t\t\t\t\t\t\t\t\t\t<\/div>\n\t\t\t\t\t\t\t\t\t<\/li>\n\t\t\t\t\t\t\t\t\t\t\t\t\t\t\t\t\t\t<li class=\"grid-item grid-gutter blog-filter-3 post-77727 post type-post status-publish format-standard has-post-thumbnail hentry category-equipamentos\">\n\t\t\t\t\t\t\t\t\t\t<div class=\"blog-post\">\n\t\t\t\t\t\t\t\t\t\t\t\t\t\t\t\t\t\t\t\t\t\t\t\t<div class=\"blog-post-images\">\n\t\t\t\t\t\t\t\t\t\t\t\t\t<a href=\"https:\/\/ecofab.pt\/sv\/2022\/05\/ekodesign-2022\/\"><img loading=\"lazy\" decoding=\"async\" width=\"565\" height=\"708\" src=\"https:\/\/ecofab.pt\/wp-content\/uploads\/2024\/02\/ECODESIGN-2022.jpeg\" class=\"attachment-full size-full wp-post-image\" alt=\"ECOFAB, v\u00e4rmel\u00f6sningar, pelletskaminer, pelletskaminer, pelletskaminer\" srcset=\"https:\/\/ecofab.pt\/wp-content\/uploads\/2024\/02\/ECODESIGN-2022.jpeg 565w, https:\/\/ecofab.pt\/wp-content\/uploads\/2024\/02\/ECODESIGN-2022-239x300.jpeg 239w, https:\/\/ecofab.pt\/wp-content\/uploads\/2024\/02\/ECODESIGN-2022-10x12.jpeg 10w, https:\/\/ecofab.pt\/wp-content\/uploads\/2024\/02\/ECODESIGN-2022-200x251.jpeg 200w\" sizes=\"(max-width: 565px) 100vw, 565px\" \/><\/a>\t\t\t\t\t\t\t\t\t\t\t\t\t<\/div>\n\t\t\t\t\t\t\t\t\t\t\t\t\t\t\t\t\t\t\t\t\t\t\t\t<div class=\"post-details\">\n\t\t\t\t\t\t\t\t\t\t\t\t\t\t\t\t\t\t\t\t\t\t\t\t\t\t\t<div class=\"post-meta\">\n\t\t\t\t\t\t\t\t\t\t\t\t\t\t\t<span class=\"post-date published\">25, maj 2022<\/span><time class=\"updated d-none\" datetime=\"2024-02-28T10:38:05+00:00\">28 februari 2024<\/time>\t\t\t\t\t\t\t\t\t\t\t\t\t\t<\/div>\n\t\t\t\t\t\t\t\t\t\t\t\t\t\t\t\t\t\t\t\t\t\t\t\t\t\t\t\t\t\t\t\t\t\t\t\t\t\t\t\t<h6><a class=\"entry-title\" href=\"https:\/\/ecofab.pt\/sv\/2022\/05\/ekodesign-2022\/\">EKODESIGN 2022<\/a><\/h6>\n\t\t\t\t\t\t\t\t\t\t\t\t\t\t\t\t\t\t\t\t\t\t\t\t\t\t\t\t\t\t\t\t\t\t\t\t\t\t\t\t<div class=\"entry-content\">ECOFAB f\u00f6ddes inom Felino SA, ett f\u00f6retag som grundades 1936 med 80 \u00e5rs tradition inom j\u00e4rn- och aluminiumgjuterisektorn, med m\u00e5let att utforma och leverera...<\/div>\n\t\t\t\t\t\t\t\t\t\t\t\t\t\t\t\t\t\t\t\t\t\t\t\t\t\t\t\t\t\t\t\t\t\t\t\t\t\t\t\t\t<div class=\"elementor-button-wrapper\">\n\t\t\t\t\t\t\t\t\t\t\t\t\t\t\t<a href=\"https:\/\/ecofab.pt\/sv\/2022\/05\/ekodesign-2022\/\" class=\"elementor-button-link elementor-button blog-post-button\" role=\"button\">\n\t\t\t\t\t\t\t\t\t\t\t\t\t\t\t\t<span class=\"elementor-button-content-wrapper\">\n\t\t\t\t\t\t\t\t\t\t\t\t\t\t\t\t\t<span class=\"elementor-button-text\">L\u00e4s mer p\u00e5 engelska<\/span>\n\t\t\t\t\t\t\t\t\t\t\t\t\t\t\t\t<\/span>\n\t\t\t\t\t\t\t\t\t\t\t\t\t\t\t<\/a>\n\t\t\t\t\t\t\t\t\t\t\t\t\t\t<\/div>\n\t\t\t\t\t\t\t\t\t\t\t\t\t\t\t\t\t\t\t\t\t\t\t\t\t<\/div>\n\t\t\t\t\t\t\t\t\t\t\t\t\t\t\t\t\t\t\t\t\t\t<\/div>\n\t\t\t\t\t\t\t\t\t<\/li>\n\t\t\t\t\t\t\t\t\t\t\t\t\t\t\t\t\t\t<li class=\"grid-item grid-gutter blog-filter-16 post-77721 post type-post status-publish format-standard has-post-thumbnail hentry category-feiras\">\n\t\t\t\t\t\t\t\t\t\t<div class=\"blog-post\">\n\t\t\t\t\t\t\t\t\t\t\t\t\t\t\t\t\t\t\t\t\t\t\t\t<div class=\"blog-post-images\">\n\t\t\t\t\t\t\t\t\t\t\t\t\t<a href=\"https:\/\/ecofab.pt\/sv\/2021\/11\/ifema-madrid\/\"><img loading=\"lazy\" decoding=\"async\" width=\"565\" height=\"708\" src=\"https:\/\/ecofab.pt\/wp-content\/uploads\/2024\/02\/IFEMA-MADRID.jpeg\" class=\"attachment-full size-full wp-post-image\" alt=\"IFEMA MADRID\" srcset=\"https:\/\/ecofab.pt\/wp-content\/uploads\/2024\/02\/IFEMA-MADRID.jpeg 565w, https:\/\/ecofab.pt\/wp-content\/uploads\/2024\/02\/IFEMA-MADRID-239x300.jpeg 239w, https:\/\/ecofab.pt\/wp-content\/uploads\/2024\/02\/IFEMA-MADRID-10x12.jpeg 10w, https:\/\/ecofab.pt\/wp-content\/uploads\/2024\/02\/IFEMA-MADRID-200x251.jpeg 200w\" sizes=\"(max-width: 565px) 100vw, 565px\" \/><\/a>\t\t\t\t\t\t\t\t\t\t\t\t\t<\/div>\n\t\t\t\t\t\t\t\t\t\t\t\t\t\t\t\t\t\t\t\t\t\t\t\t<div class=\"post-details\">\n\t\t\t\t\t\t\t\t\t\t\t\t\t\t\t\t\t\t\t\t\t\t\t\t\t\t\t<div class=\"post-meta\">\n\t\t\t\t\t\t\t\t\t\t\t\t\t\t\t<span class=\"post-date published\">16, november 2021<\/span><time class=\"updated d-none\" datetime=\"2024-02-28T10:38:09+00:00\">28 februari 2024<\/time>\t\t\t\t\t\t\t\t\t\t\t\t\t\t<\/div>\n\t\t\t\t\t\t\t\t\t\t\t\t\t\t\t\t\t\t\t\t\t\t\t\t\t\t\t\t\t\t\t\t\t\t\t\t\t\t\t\t<h6><a class=\"entry-title\" href=\"https:\/\/ecofab.pt\/sv\/2021\/11\/ifema-madrid\/\">IFEMA MADRID<\/a><\/h6>\n\t\t\t\t\t\t\t\t\t\t\t\t\t\t\t\t\t\t\t\t\t\t\t\t\t\t\t\t\t\t\t\t\t\t\t\t\t\t\t\t<div class=\"entry-content\">Vi tror p\u00e5 vikten av h\u00e5llbarhet, design och industri f\u00f6r att bygga en b\u00e4ttre v\u00e4rld. En v\u00e4rld som \u00e4r gr\u00f6nare och som fokuserar p\u00e5 m\u00e4nniskors v\u00e4lbefinnande. S\u00e5 det var med gl\u00e4dje som...<\/div>\n\t\t\t\t\t\t\t\t\t\t\t\t\t\t\t\t\t\t\t\t\t\t\t\t\t\t\t\t\t\t\t\t\t\t\t\t\t\t\t\t\t<div class=\"elementor-button-wrapper\">\n\t\t\t\t\t\t\t\t\t\t\t\t\t\t\t<a href=\"https:\/\/ecofab.pt\/sv\/2021\/11\/ifema-madrid\/\" class=\"elementor-button-link elementor-button blog-post-button\" role=\"button\">\n\t\t\t\t\t\t\t\t\t\t\t\t\t\t\t\t<span class=\"elementor-button-content-wrapper\">\n\t\t\t\t\t\t\t\t\t\t\t\t\t\t\t\t\t<span class=\"elementor-button-text\">L\u00e4s mer p\u00e5 engelska<\/span>\n\t\t\t\t\t\t\t\t\t\t\t\t\t\t\t\t<\/span>\n\t\t\t\t\t\t\t\t\t\t\t\t\t\t\t<\/a>\n\t\t\t\t\t\t\t\t\t\t\t\t\t\t<\/div>\n\t\t\t\t\t\t\t\t\t\t\t\t\t\t\t\t\t\t\t\t\t\t\t\t\t<\/div>\n\t\t\t\t\t\t\t\t\t\t\t\t\t\t\t\t\t\t\t\t\t\t<\/div>\n\t\t\t\t\t\t\t\t\t<\/li>\n\t\t\t\t\t\t\t\t\t\t\t\t\t\t\t\t\t\t<li class=\"grid-item grid-gutter blog-filter-16 post-77715 post type-post status-publish format-standard has-post-thumbnail hentry category-feiras\">\n\t\t\t\t\t\t\t\t\t\t<div class=\"blog-post\">\n\t\t\t\t\t\t\t\t\t\t\t\t\t\t\t\t\t\t\t\t\t\t\t\t<div class=\"blog-post-images\">\n\t\t\t\t\t\t\t\t\t\t\t\t\t<a href=\"https:\/\/ecofab.pt\/sv\/2021\/10\/hotellinredning\/\"><img loading=\"lazy\" decoding=\"async\" width=\"565\" height=\"708\" src=\"https:\/\/ecofab.pt\/wp-content\/uploads\/2024\/02\/DECOR-HOTEL.jpeg\" class=\"attachment-full size-full wp-post-image\" alt=\"DECOR HOTELL\" srcset=\"https:\/\/ecofab.pt\/wp-content\/uploads\/2024\/02\/DECOR-HOTEL.jpeg 565w, https:\/\/ecofab.pt\/wp-content\/uploads\/2024\/02\/DECOR-HOTEL-239x300.jpeg 239w, https:\/\/ecofab.pt\/wp-content\/uploads\/2024\/02\/DECOR-HOTEL-10x12.jpeg 10w, https:\/\/ecofab.pt\/wp-content\/uploads\/2024\/02\/DECOR-HOTEL-200x251.jpeg 200w\" sizes=\"(max-width: 565px) 100vw, 565px\" \/><\/a>\t\t\t\t\t\t\t\t\t\t\t\t\t<\/div>\n\t\t\t\t\t\t\t\t\t\t\t\t\t\t\t\t\t\t\t\t\t\t\t\t<div class=\"post-details\">\n\t\t\t\t\t\t\t\t\t\t\t\t\t\t\t\t\t\t\t\t\t\t\t\t\t\t\t<div class=\"post-meta\">\n\t\t\t\t\t\t\t\t\t\t\t\t\t\t\t<span class=\"post-date published\">20 oktober 2021<\/span><time class=\"updated d-none\" datetime=\"2024-02-28T10:38:12+00:00\">28 februari 2024<\/time>\t\t\t\t\t\t\t\t\t\t\t\t\t\t<\/div>\n\t\t\t\t\t\t\t\t\t\t\t\t\t\t\t\t\t\t\t\t\t\t\t\t\t\t\t\t\t\t\t\t\t\t\t\t\t\t\t\t<h6><a class=\"entry-title\" href=\"https:\/\/ecofab.pt\/sv\/2021\/10\/hotellinredning\/\">DECOR HOTELL<\/a><\/h6>\n\t\t\t\t\t\t\t\t\t\t\t\t\t\t\t\t\t\t\t\t\t\t\t\t\t\t\t\t\t\t\t\t\t\t\t\t\t\t\t\t<div class=\"entry-content\">Efter den framg\u00e5ngsrika presentationen av v\u00e5ra produkter p\u00e5 Expobiomassa i Valladolid var fab p\u00e5 plats p\u00e5 \u00e4nnu ett evenemang - DECORHOTEL. En m\u00e4ssa f\u00f6r hotell- och restaurangbranschen som arrangeras av...<\/div>\n\t\t\t\t\t\t\t\t\t\t\t\t\t\t\t\t\t\t\t\t\t\t\t\t\t\t\t\t\t\t\t\t\t\t\t\t\t\t\t\t\t<div class=\"elementor-button-wrapper\">\n\t\t\t\t\t\t\t\t\t\t\t\t\t\t\t<a href=\"https:\/\/ecofab.pt\/sv\/2021\/10\/hotellinredning\/\" class=\"elementor-button-link elementor-button blog-post-button\" role=\"button\">\n\t\t\t\t\t\t\t\t\t\t\t\t\t\t\t\t<span class=\"elementor-button-content-wrapper\">\n\t\t\t\t\t\t\t\t\t\t\t\t\t\t\t\t\t<span class=\"elementor-button-text\">L\u00e4s mer p\u00e5 engelska<\/span>\n\t\t\t\t\t\t\t\t\t\t\t\t\t\t\t\t<\/span>\n\t\t\t\t\t\t\t\t\t\t\t\t\t\t\t<\/a>\n\t\t\t\t\t\t\t\t\t\t\t\t\t\t<\/div>\n\t\t\t\t\t\t\t\t\t\t\t\t\t\t\t\t\t\t\t\t\t\t\t\t\t<\/div>\n\t\t\t\t\t\t\t\t\t\t\t\t\t\t\t\t\t\t\t\t\t\t<\/div>\n\t\t\t\t\t\t\t\t\t<\/li>\n\t\t\t\t\t\t\t\t\t\t\t\t\t\t\t\t\t\t<li class=\"grid-item grid-gutter blog-filter-16 post-77708 post type-post status-publish format-standard has-post-thumbnail hentry category-feiras\">\n\t\t\t\t\t\t\t\t\t\t<div class=\"blog-post\">\n\t\t\t\t\t\t\t\t\t\t\t\t\t\t\t\t\t\t\t\t\t\t\t\t<div class=\"blog-post-images\">\n\t\t\t\t\t\t\t\t\t\t\t\t\t<a href=\"https:\/\/ecofab.pt\/sv\/2021\/09\/biomasa-expo-2021\/\"><img loading=\"lazy\" decoding=\"async\" width=\"565\" height=\"829\" src=\"https:\/\/ecofab.pt\/wp-content\/uploads\/2024\/02\/EXPO-BIOMASA-2021.jpeg\" class=\"attachment-full size-full wp-post-image\" alt=\"BIOMASA EXPO 2021\" srcset=\"https:\/\/ecofab.pt\/wp-content\/uploads\/2024\/02\/EXPO-BIOMASA-2021.jpeg 565w, https:\/\/ecofab.pt\/wp-content\/uploads\/2024\/02\/EXPO-BIOMASA-2021-204x300.jpeg 204w, https:\/\/ecofab.pt\/wp-content\/uploads\/2024\/02\/EXPO-BIOMASA-2021-8x12.jpeg 8w, https:\/\/ecofab.pt\/wp-content\/uploads\/2024\/02\/EXPO-BIOMASA-2021-200x293.jpeg 200w\" sizes=\"(max-width: 565px) 100vw, 565px\" \/><\/a>\t\t\t\t\t\t\t\t\t\t\t\t\t<\/div>\n\t\t\t\t\t\t\t\t\t\t\t\t\t\t\t\t\t\t\t\t\t\t\t\t<div class=\"post-details\">\n\t\t\t\t\t\t\t\t\t\t\t\t\t\t\t\t\t\t\t\t\t\t\t\t\t\t\t<div class=\"post-meta\">\n\t\t\t\t\t\t\t\t\t\t\t\t\t\t\t<span class=\"post-date published\">20 september 2021<\/span><time class=\"updated d-none\" datetime=\"2024-02-28T10:38:16+00:00\">28 februari 2024<\/time>\t\t\t\t\t\t\t\t\t\t\t\t\t\t<\/div>\n\t\t\t\t\t\t\t\t\t\t\t\t\t\t\t\t\t\t\t\t\t\t\t\t\t\t\t\t\t\t\t\t\t\t\t\t\t\t\t\t<h6><a class=\"entry-title\" href=\"https:\/\/ecofab.pt\/sv\/2021\/09\/biomasa-expo-2021\/\">BIOMASA EXPO 2021<\/a><\/h6>\n\t\t\t\t\t\t\t\t\t\t\t\t\t\t\t\t\t\t\t\t\t\t\t\t\t\t\t\t\t\t\t\t\t\t\t\t\t\t\t\t<div class=\"entry-content\">Det var med stor entusiasm som vi presenterade v\u00e5r nya kollektion av ekologiska produkter p\u00e5 Expobiomasa, en internationell bioenergim\u00e4ssa som \u00e4gde rum i Valladolid fr\u00e5n den 21:a till den 23:e september.<\/div>\n\t\t\t\t\t\t\t\t\t\t\t\t\t\t\t\t\t\t\t\t\t\t\t\t\t\t\t\t\t\t\t\t\t\t\t\t\t\t\t\t\t<div class=\"elementor-button-wrapper\">\n\t\t\t\t\t\t\t\t\t\t\t\t\t\t\t<a href=\"https:\/\/ecofab.pt\/sv\/2021\/09\/biomasa-expo-2021\/\" class=\"elementor-button-link elementor-button blog-post-button\" role=\"button\">\n\t\t\t\t\t\t\t\t\t\t\t\t\t\t\t\t<span class=\"elementor-button-content-wrapper\">\n\t\t\t\t\t\t\t\t\t\t\t\t\t\t\t\t\t<span class=\"elementor-button-text\">L\u00e4s mer p\u00e5 engelska<\/span>\n\t\t\t\t\t\t\t\t\t\t\t\t\t\t\t\t<\/span>\n\t\t\t\t\t\t\t\t\t\t\t\t\t\t\t<\/a>\n\t\t\t\t\t\t\t\t\t\t\t\t\t\t<\/div>\n\t\t\t\t\t\t\t\t\t\t\t\t\t\t\t\t\t\t\t\t\t\t\t\t\t<\/div>\n\t\t\t\t\t\t\t\t\t\t\t\t\t\t\t\t\t\t\t\t\t\t<\/div>\n\t\t\t\t\t\t\t\t\t<\/li>\n\t\t\t\t\t\t\t\t\t\t\t\t\t<\/ul>\n\t\t\t\t\t\t\t\t<\/div>\n\t\t\t\t<\/div>\n\t\t\t\t\t<\/div>\n\t\t<\/div>\n\t\t\t\t\t<\/div>\n\t\t<\/section>\n\t\t\t\t<\/div>","protected":false},"excerpt":{"rendered":"<p>Not\u00edcias Informa\u00e7\u00f5es do universo ECOFAB Descubra o universo ECOFAB, num espa\u00e7o dedicado \u00e0 inova\u00e7\u00e3o e efici\u00eancia em solu\u00e7\u00f5es de aquecimento, obtenha informa\u00e7\u00f5es sobre a presen\u00e7a da ECOFAB em feiras nacionais e internacionais, lan\u00e7amentos de novos produtos, e dicas pr\u00e1ticas para o aquecimento da sua casa.\u00a0 Todos Sustentabilidade Feiras e eventos Equipamentos Aquecimento 8, Outubro 20248, [&hellip;]<\/p>\n","protected":false},"author":1,"featured_media":75483,"parent":0,"menu_order":0,"comment_status":"closed","ping_status":"closed","template":"","meta":{"footnotes":""},"class_list":["post-76241","page","type-page","status-publish","has-post-thumbnail","hentry"],"_links":{"self":[{"href":"https:\/\/ecofab.pt\/sv\/wp-json\/wp\/v2\/pages\/76241","targetHints":{"allow":["GET"]}}],"collection":[{"href":"https:\/\/ecofab.pt\/sv\/wp-json\/wp\/v2\/pages"}],"about":[{"href":"https:\/\/ecofab.pt\/sv\/wp-json\/wp\/v2\/types\/page"}],"author":[{"embeddable":true,"href":"https:\/\/ecofab.pt\/sv\/wp-json\/wp\/v2\/users\/1"}],"replies":[{"embeddable":true,"href":"https:\/\/ecofab.pt\/sv\/wp-json\/wp\/v2\/comments?post=76241"}],"version-history":[{"count":74,"href":"https:\/\/ecofab.pt\/sv\/wp-json\/wp\/v2\/pages\/76241\/revisions"}],"predecessor-version":[{"id":78657,"href":"https:\/\/ecofab.pt\/sv\/wp-json\/wp\/v2\/pages\/76241\/revisions\/78657"}],"wp:featuredmedia":[{"embeddable":true,"href":"https:\/\/ecofab.pt\/sv\/wp-json\/wp\/v2\/media\/75483"}],"wp:attachment":[{"href":"https:\/\/ecofab.pt\/sv\/wp-json\/wp\/v2\/media?parent=76241"}],"curies":[{"name":"wp","href":"https:\/\/api.w.org\/{rel}","templated":true}]}}